{"nbFiches":1,"dataPrest":{"infoPrest":{"pave1":{"libelle":"Descriptif court","contenu":"Apartment, sleeps 6, 41 m\u00b2, Collet hamlet 1,600 m, mountain view, close to trails\/slopes, cozy & well located.","fichiers":[]},"pave2":{"libelle":"Descriptif d\u00e9taill\u00e9","contenu":"The traditional village of Saint Jean d'Arves is one of the six ski resorts of Les Sybelles ski area.\u003Cbr \/\u003E\r\nLes Sybelles is the biggest ski area of Maurienne valley, 310 km of ski runs.\u003Cbr \/\u003E\r\n\u003Cbr \/\u003E\r\nIn summer, hiking offers the most beautiful panoramas of the Alps, Les Aiguilles d'arves, the 3 lacs and the glacier of Saint-Sorlin (Le Pic de l'Etendard), summits with panoramic view (Le Mont Charvin, L'Ouillon)...\u003Cbr \/\u003E\r\n\u003Cbr \/\u003E\r\nShort stay possible.\u003Cbr \/\u003E\r\n1 bedroom: double bed and 1 bunk bed\u003Cbr \/\u003E\r\nLiving area: sleeps 2","fichiers":[]},"pave3":{"libelle":"Bons plans","contenu":"","fichiers":[]},"pave4":{"libelle":"Compl\u00e9ment localisation","contenu":"","fichiers":[]},"pave5":{"libelle":"Compl\u00e9ment accueil","contenu":"","fichiers":[]},"pave6":{"libelle":"P\u00e9riodes en clair","contenu":"","fichiers":[]},"pave7":{"libelle":"Tarifs en clair","contenu":"From 13\/12\/2025 to 10\/04\/2026\u003Cbr \/\u003E\nWeek: 400 to 880 \u20ac.\u003Cbr \/\u003E\n\u003Cbr \/\u003E\nFrom 04\/07 to 28\/08\/2026\u003Cbr \/\u003E\nWeek: 320 to 480 \u20ac.\u003Cbr \/\u003E\n\u003Cbr \/\u003E\n\u003Cbr \/\u003E\nTax not included.","fichiers":[]},"pave8":{"libelle":"Compl\u00e9ment Tarifs","contenu":"","fichiers":[]},"pave9":{"libelle":"Compl\u00e9ment R\u00e9servation","contenu":"","fichiers":[]},"pave10":{"libelle":"Descriptif court","contenu":"","fichiers":[]},"pave11":{"libelle":"Descriptif d\u00e9taill\u00e9","contenu":"Hiking offers the most beautiful panoramas of the alps, Les Aiguilles d'arves, the 3 lacs and the glacier of Saint-Sorlin (Le Pic de l'Etendard), summits with panoramic view (Le Mont Charvin, L'Ouillon)...\u003Cbr \/\u003E\r\nShort stay possible.","fichiers":[]},"pave12":{"libelle":"Compl\u00e9ment localisation","contenu":"","fichiers":[]},"pave13":{"libelle":"Compl\u00e9ment accueil","contenu":"","fichiers":[]},"pave14":{"libelle":"P\u00e9riodes en clair","contenu":"","fichiers":[]},"pave15":{"libelle":"Tarifs en clair","contenu":"Week: 320 to 480 \u20ac.\u003Cbr \/\u003E\n\u003Cbr \/\u003E\n\u003Cbr \/\u003E\nTax not included.","fichiers":[]},"pave16":{"libelle":"Compl\u00e9ment Tarifs","contenu":"","fichiers":[]},"pave17":{"libelle":"Compl\u00e9ment R\u00e9servation","contenu":"","fichiers":[]},"pave18":{"libelle":"Descriptif court","contenu":"","fichiers":[]},"pave19":{"libelle":"Descriptif d\u00e9taill\u00e9","contenu":"The traditional village of Saint Jean d'Arves is one of the six ski resorts of Les Sybelles ski area.\u003Cbr \/\u003E\r\nLes Sybelles is the biggest ski area of Maurienne valley, 310 km of ski runs.","fichiers":[]},"pave20":{"libelle":"Compl\u00e9ment localisation","contenu":"","fichiers":[]},"pave21":{"libelle":"Compl\u00e9ment accueil","contenu":"","fichiers":[]},"pave22":{"libelle":"P\u00e9riodes en clair","contenu":"","fichiers":[]},"pave23":{"libelle":"Tarifs en clair","contenu":"Week: 400 to 880 \u20ac.\u003Cbr \/\u003E\n\u003Cbr \/\u003E\n\u003Cbr \/\u003E\nTax not included.","fichiers":[]},"pave24":{"libelle":"Compl\u00e9ment Tarifs","contenu":"","fichiers":[]},"pave25":{"libelle":"Compl\u00e9ment R\u00e9servation","contenu":"","fichiers":[]},"Libelle":"Chalet l'Arcosse","Reference":"","Reftar":"","Type":"PRESTATION","TypePrestataire":"G","ContexteStat":"PRESTATION-G-5779884-391590","DateModificationIso":"2026-09-03T01:15:00+02:00","Adresse":{"LigneAdresse1":"Le Collet","LigneAdresse2":"","LigneAdresse3":"","CodePostal":"73530","Ville":"Saint-Jean-d'Arves","Cedex":"","Etat":"","Pays":"FRA"},"Id":"g-5779884-391590","Code":"G|5779884|391590","Cle":"G|5779884|391590","Url":"chalet-l-arcosse-1-1-1.html","Localisation":{"GoogleMap":{"Latitude":"45.210951","Longitude":"6.270807"}},"ZoneGeo":"","Criteres":{"AFFICHAGESITE[ADHERENTOUICOMPLET":"","DISPOORESAENLIGNE[RESERVABLE":"","GCAPACITMAX[6PERS":"","GNOMBRE[7PERS":"","GEQUIPSERV[TV":"","GEQUIPSERV[GPARKINGGARAGE":"","GEQUIPSERV[GJARDINBALCONTER":"","GEQUIPSERV[GLAVEVAISSELLE":"","GEQUIPSERV[GLOCALVELOS":"","PSEUDOALEATOIRE[ADHERENTRESA":"","25[604":"","25[1083":"","25[1085":"","127[606":"","22[672":"","22[807":"","126[972":"","126[1323":"","122[4054":"","122[4055":"","78[1029":"","prestations[surchargeTourismesAdaptes":"","prestations[surchargeDescriptifHandicapMoteur":"","prestations[surchargeDescriptifHandicapAuditif":"","prestations[surchargeDescriptifHandicapVisuel":"","prestations[surchargeDescriptifHandicapMental":"","prestations[surchargeNombreFauteuilsRoulants":"","72[797":"","72[963":"","69[847":"","69[880":"","69[983":"","69[1011":"","69[3694":"","70[895":"","70[907":"","70[922":"","70[943":"","70[997":"","70[999":"","68[898":"","68[971":"","68[1004":"","73[902":"","73[974":"","languesParlees[1197":"","6528[169":"","environnements[171":"","environnements[178":"","114[416":"","114[418":"","114[435":"","114[436":"","modesPaiement[1271":"","modesPaiement[1277":"","modesPaiement[1281":"","tourismeAffaires[tourismeAffairesEnabled":"","tourismeAffaires[devise":"EUR","hebergementLocatifType[2620":"","classementPrefectoral[2633":"","5403[1613":"","5401[1616":"","capacite[capaciteMaximumPossible":"6","capacite[nombreLitsDoubles":"1","capacite[nombreLitsSimples":"4","capacite[surface":"41","capacite[nombrePieces":"2","capacite[nombreChambres":"1","capacite[nombreEtages":"1","capacite[numeroEtage":"1","CINTSITRA[4038":"","CINTSITRA[11226":"","CINTSITRA[11435":"","CINTSITRA[11533":"","3220[25629":"","3233[60439":"","3233[908439":"","3218[60729":"","3219[72808":"","3219[126557":"","3227[82852":"","3230[323078":"","3230[5532377":"","3230[6328304":"","3221[344174":"","3221[549303":"","3221[596327":"","6241[595160":"","VilleSitra[30471":"","VillageDeDepart[30471":""},"ContactsParType":{"IWEB":{"62229":{"id_contact":"62229","type_contact":"IWEB","categorie_contact":"PRESTATION","societe_contact":"","fonction_contact":"","civilite_nom_prenom_contact":"MICHEL Dominique  ","adresse1_contact":"","adresse2_contact":"","adresse3_contact":"","cpostal_contact":"","ville_contact":"","teldom_contact":"","telbur_contact":"","fax_contact":"","portable_contact":"00 33 6 88 78 30 50","email_contact":"dominiquemichel24@live.fr","siteweb_contact":"","commentaire_contact":"","langue_contact":"","autre_moyen_com":[]}},"":{"62231":{"id_contact":"62231","type_contact":"","categorie_contact":"PRESTATION","societe_contact":"","fonction_contact":"","civilite_nom_prenom_contact":"MICHEL Dominique ","adresse1_contact":"","adresse2_contact":"","adresse3_contact":"","cpostal_contact":"","ville_contact":"","teldom_contact":"","telbur_contact":"","fax_contact":"","portable_contact":"","email_contact":"","siteweb_contact":"","commentaire_contact":"","langue_contact":"","autre_moyen_com":[]}},"RES":{"62232":{"id_contact":"62232","type_contact":"RES","categorie_contact":"PRESTATION","societe_contact":"","fonction_contact":"","civilite_nom_prenom_contact":"MICHEL Dominique ","adresse1_contact":"","adresse2_contact":"","adresse3_contact":"","cpostal_contact":"","ville_contact":"","teldom_contact":"","telbur_contact":"","fax_contact":"","portable_contact":"00 33 6 88 78 30 50","email_contact":"dominiquemichel24@live.fr","siteweb_contact":"","commentaire_contact":"","langue_contact":"","autre_moyen_com":[]}}},"ContactRemplaceCoordonnees":"62229","Prestataire":{"pave1":{"libelle":"","contenu":""},"pave2":{"libelle":"","contenu":""},"pave3":{"libelle":"","contenu":""},"pave4":{"libelle":"","contenu":""},"pave5":{"libelle":"","contenu":""},"pave6":{"libelle":"","contenu":""},"pave7":{"libelle":"","contenu":""},"pave8":{"libelle":"","contenu":""},"pave9":{"libelle":"","contenu":""},"pave10":{"libelle":"","contenu":""},"pave11":{"libelle":"","contenu":""},"pave12":{"libelle":"","contenu":""},"pave13":{"libelle":"","contenu":""},"pave14":{"libelle":"","contenu":""},"pave15":{"libelle":"","contenu":""},"pave16":{"libelle":"","contenu":""},"pave17":{"libelle":"","contenu":""},"pave18":{"libelle":"","contenu":""},"pave19":{"libelle":"","contenu":""},"pave20":{"libelle":"","contenu":""},"pave21":{"libelle":"","contenu":""},"pave22":{"libelle":"","contenu":""},"pave23":{"libelle":"","contenu":""},"pave24":{"libelle":"","contenu":""},"pave25":{"libelle":"","contenu":""},"ContactsParType":{"":{"62228":{"id_contact":"62228","type_contact":"","categorie_contact":"PRESTATAIRE","societe_contact":"","fonction_contact":"","civilite_nom_prenom_contact":"Mme Michel Dominique ","adresse1_contact":"","adresse2_contact":"","adresse3_contact":"","cpostal_contact":"","ville_contact":"","teldom_contact":"","telbur_contact":"","fax_contact":"","portable_contact":"","email_contact":"","siteweb_contact":"","commentaire_contact":"","langue_contact":"","autre_moyen_com":[]}},"GEST":{"62230":{"id_contact":"62230","type_contact":"GEST","categorie_contact":"PRESTATAIRE","societe_contact":"","fonction_contact":"","civilite_nom_prenom_contact":"MICHEL Dominique ","adresse1_contact":"Le Collet","adresse2_contact":"","adresse3_contact":"","cpostal_contact":"73530","ville_contact":"Saint-Jean-d'Arves","teldom_contact":"","telbur_contact":"","fax_contact":"","portable_contact":"00 33 6 88 78 30 50","email_contact":"dominiquemichel24@live.fr","siteweb_contact":"","commentaire_contact":"","langue_contact":"","autre_moyen_com":[]}}},"Libelle":"MICHEL Dominique","Nom":"MICHEL Dominique ","Prenom":"","NomPrenom":"MICHEL Dominique  ","CiviliteNomPrenom":"MICHEL Dominique  ","Cle":"G|5779884","PrestataireParent":"","ContexteStat":"PRESTATAIRE-G-5779884","DateModificationIso":"2026-09-03T01:14:00+02:00","Type":"PRESTATAIRE","TypePrestataire":"G","Adresse":{"LigneAdresse1":"","LigneAdresse2":"","LigneAdresse3":"","CodePostal":"","Ville":"","Cedex":"","Etat":"","Pays":""},"Email":"dominiquemichel24@live.fr","Telephone":"","TelephoneBureau":"","Portable":"00 33 6 88 78 30 50","SiteWeb":"","Fax":"","Id":"g-5779884","Code":"G|5779884","Fichier":[],"Url":"michel-dominique.html","Localisation":{"GoogleMap":{"Latitude":"45.2108","Longitude":"6.27055"}},"ZoneGeo":"","Criteres":{"P.3220[25629":"","P.3233[60439":"","P.3233[908439":"","P.3218[60729":"","P.3219[72808":"","P.3219[126557":"","P.3227[82852":"","P.3230[323078":"","P.3230[5532377":"","P.3230[6328304":"","P.3221[344174":"","P.3221[549303":"","P.3221[596327":"","P.6241[595160":"","P.VilleSitra[30471":"","P.VillageDeDepart[30471":""},"DateFinPublication":""},"Fichier":{"Image":[{"url":"https:\/\/www.sja73.com\/medias\/images\/prestations\/69431-img_8121.jpg","chemin":"..\/medias\/images\/prestations\/69431-img_8121.jpg","libelle":"Vue maison","extension":"jpg","categorie":"","largeur":4272,"theme":"","hauteur":2848,"type":"Image","origine":"","liaisonPave":"","langue":"","id":"69431","urlVignette":"https:\/\/www.sja73.com\/medias\/images\/prestations\/v-69431-img_8121.jpg","alt":"Vue maison","title":"Vue maison","MultiTaille":{"1920x1440":{"url":"https:\/\/www.sja73.com\/medias\/images\/prestations\/multitailles\/1920x1440_69431-img_8121.jpg"},"1200x900":{"url":"https:\/\/www.sja73.com\/medias\/images\/prestations\/multitailles\/1200x900_69431-img_8121.jpg"},"800x600":{"url":"https:\/\/www.sja73.com\/medias\/images\/prestations\/multitailles\/800x600_69431-img_8121.jpg"},"640x480":{"url":"https:\/\/www.sja73.com\/medias\/images\/prestations\/multitailles\/640x480_69431-img_8121.jpg"},"320x240":{"url":"https:\/\/www.sja73.com\/medias\/images\/prestations\/multitailles\/320x240_69431-img_8121.jpg"},"160x120":{"url":"https:\/\/www.sja73.com\/medias\/images\/prestations\/multitailles\/160x120_69431-img_8121.jpg"},"origine":{"url":"https:\/\/www.sja73.com\/medias\/images\/prestations\/69431-img_8121.jpg"}},"urlLien":"","typeLien":"","nofollow":"N","copyright":""},{"url":"https:\/\/www.sja73.com\/medias\/images\/prestations\/69432-img_8100.jpg","chemin":"..\/medias\/images\/prestations\/69432-img_8100.jpg","libelle":"Couchage","extension":"jpg","categorie":"","largeur":2848,"theme":"","hauteur":4272,"type":"Image","origine":"","liaisonPave":"","langue":"","id":"69432","urlVignette":"https:\/\/www.sja73.com\/medias\/images\/prestations\/v-69432-img_8100.jpg","alt":"Couchage","title":"Couchage","MultiTaille":{"1920x1440":{"url":"https:\/\/www.sja73.com\/medias\/images\/prestations\/multitailles\/1920x1440_69432-img_8100.jpg"},"1200x900":{"url":"https:\/\/www.sja73.com\/medias\/images\/prestations\/multitailles\/1200x900_69432-img_8100.jpg"},"800x600":{"url":"https:\/\/www.sja73.com\/medias\/images\/prestations\/multitailles\/800x600_69432-img_8100.jpg"},"640x480":{"url":"https:\/\/www.sja73.com\/medias\/images\/prestations\/multitailles\/640x480_69432-img_8100.jpg"},"320x240":{"url":"https:\/\/www.sja73.com\/medias\/images\/prestations\/multitailles\/320x240_69432-img_8100.jpg"},"160x120":{"url":"https:\/\/www.sja73.com\/medias\/images\/prestations\/multitailles\/160x120_69432-img_8100.jpg"},"origine":{"url":"https:\/\/www.sja73.com\/medias\/images\/prestations\/69432-img_8100.jpg"}},"urlLien":"","typeLien":"","nofollow":"N","copyright":""},{"url":"https:\/\/www.sja73.com\/medias\/images\/prestations\/69433-img_8119.jpg","chemin":"..\/medias\/images\/prestations\/69433-img_8119.jpg","libelle":"Couchage","extension":"jpg","categorie":"","largeur":4272,"theme":"","hauteur":2848,"type":"Image","origine":"","liaisonPave":"","langue":"","id":"69433","urlVignette":"https:\/\/www.sja73.com\/medias\/images\/prestations\/v-69433-img_8119.jpg","alt":"Couchage","title":"Couchage","MultiTaille":{"1920x1440":{"url":"https:\/\/www.sja73.com\/medias\/images\/prestations\/multitailles\/1920x1440_69433-img_8119.jpg"},"1200x900":{"url":"https:\/\/www.sja73.com\/medias\/images\/prestations\/multitailles\/1200x900_69433-img_8119.jpg"},"800x600":{"url":"https:\/\/www.sja73.com\/medias\/images\/prestations\/multitailles\/800x600_69433-img_8119.jpg"},"640x480":{"url":"https:\/\/www.sja73.com\/medias\/images\/prestations\/multitailles\/640x480_69433-img_8119.jpg"},"320x240":{"url":"https:\/\/www.sja73.com\/medias\/images\/prestations\/multitailles\/320x240_69433-img_8119.jpg"},"160x120":{"url":"https:\/\/www.sja73.com\/medias\/images\/prestations\/multitailles\/160x120_69433-img_8119.jpg"},"origine":{"url":"https:\/\/www.sja73.com\/medias\/images\/prestations\/69433-img_8119.jpg"}},"urlLien":"","typeLien":"","nofollow":"N","copyright":""},{"url":"https:\/\/www.sja73.com\/medias\/images\/prestations\/69434-dscn8143.jpg","chemin":"..\/medias\/images\/prestations\/69434-dscn8143.jpg","libelle":"Salle de bain","extension":"jpg","categorie":"","largeur":2736,"theme":"","hauteur":3648,"type":"Image","origine":"","liaisonPave":"","langue":"","id":"69434","urlVignette":"https:\/\/www.sja73.com\/medias\/images\/prestations\/v-69434-dscn8143.jpg","alt":"Salle de bain","title":"Salle de bain","MultiTaille":{"1920x1440":{"url":"https:\/\/www.sja73.com\/medias\/images\/prestations\/multitailles\/1920x1440_69434-dscn8143.jpg"},"1200x900":{"url":"https:\/\/www.sja73.com\/medias\/images\/prestations\/multitailles\/1200x900_69434-dscn8143.jpg"},"800x600":{"url":"https:\/\/www.sja73.com\/medias\/images\/prestations\/multitailles\/800x600_69434-dscn8143.jpg"},"640x480":{"url":"https:\/\/www.sja73.com\/medias\/images\/prestations\/multitailles\/640x480_69434-dscn8143.jpg"},"320x240":{"url":"https:\/\/www.sja73.com\/medias\/images\/prestations\/multitailles\/320x240_69434-dscn8143.jpg"},"160x120":{"url":"https:\/\/www.sja73.com\/medias\/images\/prestations\/multitailles\/160x120_69434-dscn8143.jpg"},"origine":{"url":"https:\/\/www.sja73.com\/medias\/images\/prestations\/69434-dscn8143.jpg"}},"urlLien":"","typeLien":"","nofollow":"N","copyright":""}],"ByCategorie":{"":[{"url":"https:\/\/www.sja73.com\/medias\/images\/prestations\/69431-img_8121.jpg","chemin":"..\/medias\/images\/prestations\/69431-img_8121.jpg","libelle":"Vue maison","extension":"jpg","categorie":"","largeur":4272,"theme":"","hauteur":2848,"type":"Image","origine":"","liaisonPave":"","langue":"","id":"69431","urlVignette":"https:\/\/www.sja73.com\/medias\/images\/prestations\/v-69431-img_8121.jpg","alt":"Vue maison","title":"Vue maison","MultiTaille":{"1920x1440":{"url":"https:\/\/www.sja73.com\/medias\/images\/prestations\/multitailles\/1920x1440_69431-img_8121.jpg"},"1200x900":{"url":"https:\/\/www.sja73.com\/medias\/images\/prestations\/multitailles\/1200x900_69431-img_8121.jpg"},"800x600":{"url":"https:\/\/www.sja73.com\/medias\/images\/prestations\/multitailles\/800x600_69431-img_8121.jpg"},"640x480":{"url":"https:\/\/www.sja73.com\/medias\/images\/prestations\/multitailles\/640x480_69431-img_8121.jpg"},"320x240":{"url":"https:\/\/www.sja73.com\/medias\/images\/prestations\/multitailles\/320x240_69431-img_8121.jpg"},"160x120":{"url":"https:\/\/www.sja73.com\/medias\/images\/prestations\/multitailles\/160x120_69431-img_8121.jpg"},"origine":{"url":"https:\/\/www.sja73.com\/medias\/images\/prestations\/69431-img_8121.jpg"}},"urlLien":"","typeLien":"","nofollow":"N","copyright":""},{"url":"https:\/\/www.sja73.com\/medias\/images\/prestations\/69432-img_8100.jpg","chemin":"..\/medias\/images\/prestations\/69432-img_8100.jpg","libelle":"Couchage","extension":"jpg","categorie":"","largeur":2848,"theme":"","hauteur":4272,"type":"Image","origine":"","liaisonPave":"","langue":"","id":"69432","urlVignette":"https:\/\/www.sja73.com\/medias\/images\/prestations\/v-69432-img_8100.jpg","alt":"Couchage","title":"Couchage","MultiTaille":{"1920x1440":{"url":"https:\/\/www.sja73.com\/medias\/images\/prestations\/multitailles\/1920x1440_69432-img_8100.jpg"},"1200x900":{"url":"https:\/\/www.sja73.com\/medias\/images\/prestations\/multitailles\/1200x900_69432-img_8100.jpg"},"800x600":{"url":"https:\/\/www.sja73.com\/medias\/images\/prestations\/multitailles\/800x600_69432-img_8100.jpg"},"640x480":{"url":"https:\/\/www.sja73.com\/medias\/images\/prestations\/multitailles\/640x480_69432-img_8100.jpg"},"320x240":{"url":"https:\/\/www.sja73.com\/medias\/images\/prestations\/multitailles\/320x240_69432-img_8100.jpg"},"160x120":{"url":"https:\/\/www.sja73.com\/medias\/images\/prestations\/multitailles\/160x120_69432-img_8100.jpg"},"origine":{"url":"https:\/\/www.sja73.com\/medias\/images\/prestations\/69432-img_8100.jpg"}},"urlLien":"","typeLien":"","nofollow":"N","copyright":""},{"url":"https:\/\/www.sja73.com\/medias\/images\/prestations\/69433-img_8119.jpg","chemin":"..\/medias\/images\/prestations\/69433-img_8119.jpg","libelle":"Couchage","extension":"jpg","categorie":"","largeur":4272,"theme":"","hauteur":2848,"type":"Image","origine":"","liaisonPave":"","langue":"","id":"69433","urlVignette":"https:\/\/www.sja73.com\/medias\/images\/prestations\/v-69433-img_8119.jpg","alt":"Couchage","title":"Couchage","MultiTaille":{"1920x1440":{"url":"https:\/\/www.sja73.com\/medias\/images\/prestations\/multitailles\/1920x1440_69433-img_8119.jpg"},"1200x900":{"url":"https:\/\/www.sja73.com\/medias\/images\/prestations\/multitailles\/1200x900_69433-img_8119.jpg"},"800x600":{"url":"https:\/\/www.sja73.com\/medias\/images\/prestations\/multitailles\/800x600_69433-img_8119.jpg"},"640x480":{"url":"https:\/\/www.sja73.com\/medias\/images\/prestations\/multitailles\/640x480_69433-img_8119.jpg"},"320x240":{"url":"https:\/\/www.sja73.com\/medias\/images\/prestations\/multitailles\/320x240_69433-img_8119.jpg"},"160x120":{"url":"https:\/\/www.sja73.com\/medias\/images\/prestations\/multitailles\/160x120_69433-img_8119.jpg"},"origine":{"url":"https:\/\/www.sja73.com\/medias\/images\/prestations\/69433-img_8119.jpg"}},"urlLien":"","typeLien":"","nofollow":"N","copyright":""},{"url":"https:\/\/www.sja73.com\/medias\/images\/prestations\/69434-dscn8143.jpg","chemin":"..\/medias\/images\/prestations\/69434-dscn8143.jpg","libelle":"Salle de bain","extension":"jpg","categorie":"","largeur":2736,"theme":"","hauteur":3648,"type":"Image","origine":"","liaisonPave":"","langue":"","id":"69434","urlVignette":"https:\/\/www.sja73.com\/medias\/images\/prestations\/v-69434-dscn8143.jpg","alt":"Salle de bain","title":"Salle de bain","MultiTaille":{"1920x1440":{"url":"https:\/\/www.sja73.com\/medias\/images\/prestations\/multitailles\/1920x1440_69434-dscn8143.jpg"},"1200x900":{"url":"https:\/\/www.sja73.com\/medias\/images\/prestations\/multitailles\/1200x900_69434-dscn8143.jpg"},"800x600":{"url":"https:\/\/www.sja73.com\/medias\/images\/prestations\/multitailles\/800x600_69434-dscn8143.jpg"},"640x480":{"url":"https:\/\/www.sja73.com\/medias\/images\/prestations\/multitailles\/640x480_69434-dscn8143.jpg"},"320x240":{"url":"https:\/\/www.sja73.com\/medias\/images\/prestations\/multitailles\/320x240_69434-dscn8143.jpg"},"160x120":{"url":"https:\/\/www.sja73.com\/medias\/images\/prestations\/multitailles\/160x120_69434-dscn8143.jpg"},"origine":{"url":"https:\/\/www.sja73.com\/medias\/images\/prestations\/69434-dscn8143.jpg"}},"urlLien":"","typeLien":"","nofollow":"N","copyright":""}]}},"DateDebPublication":"","DateFinPublication":"","PrixAPartirDe":"","PrixPour":"","FicheListeEnCours":"fiche_liste_locations_meublees_prestation_v2","ParametresModele":{"AfficherPhotos":"1","NbPhotosMax":6,"AfficherReserver":"1","AfficherContact":"1","AfficherSalle":1,"AfficherZoneGeo":0,"AfficherEnSavoirPlus":"1","AfficherUneSeuleOuverture":0,"AfficherContactCarte":"0","AfficherTarifsChaudAPartirDe":0,"AfficherTarifChaudSansRecherche":0,"AffichageCoordonnees":"Adresse-\u003ELigneAdresse1|Adresse-\u003ELigneAdresse2|Adresse-\u003ELigneAdresse3","AffichageLienPrestation":"R","AfficherDispoResa":"1","AfficherLiensCarnetVoyage":"1","BlocCritereInfo":{"critere1":{"libelle":"","liste_critere":["classementPrefectoral|G","labels|3585|G","labels|3614|G","labels|3586|G"]},"critere2":{"libelle":"","liste_critere":["25|G"]},"critere3":{"libelle":""},"critere4":{"libelle":""},"critere5":{"libelle":"","liste_critere":["GEQUIPSERV|G"]},"critere6":{"libelle":"","liste_critere":["typesHabitation|G"]},"critere7":{"libelle":"","liste_critere":["capacite|nombreChambres|G","capacite|surface|G","capacite|capaciteHebergement|G"]},"critere8":{"libelle":""},"afficherpictoetpaslibelle":"1"},"BlocPaveInfo":{"texte1":{"pave":["1","10","18"],"longeurmax":"255","afficherLibelle":"0","garderHtml":"0"}},"Criteres":"AFFICHAGESITE[ADHERENTOUICOMPLET","CriteresComportementResa":"CINTSITRA[11533","PositionBloc":"GALLERIE|NOM|ADRESSE|ZONEPRINCIPALFICHEPRESTA|DESCRIPTIF|URL|PICTOSOUSPHOTOS|CARNET_VOYAGE","TypePrestataire":"G","ComportementResa":true,"ComportementDispo":false},"AffichageCoordonnees":{"Adresse-LigneAdresse1":"Le Collet"},"Coordonnees":{"Ville":"Saint-Jean-d'Arves"},"ContexteId":"PRESTATION|G|5779884|391590","ContexteIdHtml":"PRESTATION-G-5779884-391590","cleContexte":"G|5779884|391590","Bloc":{"texte1":"Apartment, sleeps 6, 41 m\u00b2, Collet hamlet 1,600 m, mountain view, close to trails\/slopes, cozy & well located.","texte3":"","critere1":{"libelle":"","contenu":{"classementPrefectoral":{"libelle":"Official local classification","contenu":{"6":"Unclassified"},"codesValeurs":{"6":"classementPrefectoral|2633|G"},"criteres_datas":{"valeurs":{"6":{"2633":{"descriptif":""}}}}}}},"critere2":{"libelle":"","contenu":{"25":{"libelle":"Location","contenu":{"1":"semi-detached with owner's house","2":"Close to owner","5":"semi-detached rental"},"codesValeurs":{"2":"25|604|G","5":"25|1083|G","1":"25|1085|G"},"criteres_datas":{"valeurs":{"2":{"604":{"descriptif":""}},"5":{"1083":{"descriptif":""}},"1":{"1085":{"descriptif":""}}}}}}},"critere3":{"libelle":"","contenu":[]},"critere4":{"libelle":"","contenu":[]},"critere5":{"libelle":"","contenu":{"GEQUIPSERV":{"libelle":"","contenu":{"3":"\u003Cimg src=\"https:\/\/www.sja73.com\/medias\/images\/picto\/GEQUIPSERV-TV-G.png\"  alt=\"T\u00e9l\u00e9vision\" title=\"T\u00e9l\u00e9vision\" \/\u003E","5":"\u003Cimg src=\"https:\/\/www.sja73.com\/medias\/images\/picto\/GEQUIPSERV-GPARKINGGARAGE-G.png\"  alt=\"Parking, garage\" title=\"Parking, garage\" \/\u003E","6":"\u003Cimg src=\"https:\/\/www.sja73.com\/medias\/images\/picto\/GEQUIPSERV-GJARDINBALCONTER-G.png\"  alt=\"Jardin, balcon, terrasse\" title=\"Jardin, balcon, terrasse\" \/\u003E","12":"\u003Cimg src=\"https:\/\/www.sja73.com\/medias\/images\/picto\/GEQUIPSERV-GLAVEVAISSELLE-G.png\"  alt=\"Lave Vaisselle\" title=\"Lave Vaisselle\" \/\u003E","14":"\u003Cimg src=\"https:\/\/www.sja73.com\/medias\/images\/picto\/GEQUIPSERV-GLOCALVELOS-G.png\"  alt=\"Local \u00e0 v\u00e9los\" title=\"Local \u00e0 v\u00e9los\" \/\u003E"},"codesValeurs":{"3":"GEQUIPSERV|TV|G","5":"GEQUIPSERV|GPARKINGGARAGE|G","6":"GEQUIPSERV|GJARDINBALCONTER|G","12":"GEQUIPSERV|GLAVEVAISSELLE|G","14":"GEQUIPSERV|GLOCALVELOS|G"},"criteres_datas":{"valeurs":{"3":{"TV":{"descriptif":""}},"5":{"GPARKINGGARAGE":{"descriptif":""}},"6":{"GJARDINBALCONTER":{"descriptif":""}},"12":{"GLAVEVAISSELLE":{"descriptif":""}},"14":{"GLOCALVELOS":{"descriptif":""}}}}}}},"critere6":{"libelle":"","contenu":[]},"critere7":{"libelle":"","contenu":{"capacite":{"libelle":"capacity","contenu":{"2":"\u003Cspan class=\"quantite\"\u003E41\u003C\/span\u003E \u003Cspan class=\"libelle\"\u003Em\u00b2\u003C\/span\u003E","3":"\u003Cspan class=\"quantite\"\u003E1\u003C\/span\u003E \u003Cspan class=\"libelle\"\u003Eroom(s)\u003C\/span\u003E"},"codesValeurs":{"3":"capacite|nombreChambres|G","2":"capacite|surface|G"},"criteres_datas":{"valeurs":{"3":{"nombreChambres":{"descriptif":""}},"2":{"surface":{"descriptif":""}}}}}}},"critere8":{"libelle":"","contenu":[]},"critere9":{"libelle":"","contenu":[]}},"LocalisationGps":{"Latitude":"45.210951","Longitude":"6.270807"},"libelleDuPrestataire":"","vuePrestataire":{"pave1":{"libelle":"","contenu":""},"pave2":{"libelle":"","contenu":""},"pave3":{"libelle":"","contenu":""},"pave4":{"libelle":"","contenu":""},"pave5":{"libelle":"","contenu":""},"pave6":{"libelle":"","contenu":""},"pave7":{"libelle":"","contenu":""},"pave8":{"libelle":"","contenu":""},"pave9":{"libelle":"","contenu":""},"pave10":{"libelle":"","contenu":""},"pave11":{"libelle":"","contenu":""},"pave12":{"libelle":"","contenu":""},"pave13":{"libelle":"","contenu":""},"pave14":{"libelle":"","contenu":""},"pave15":{"libelle":"","contenu":""},"pave16":{"libelle":"","contenu":""},"pave17":{"libelle":"","contenu":""},"pave18":{"libelle":"","contenu":""},"pave19":{"libelle":"","contenu":""},"pave20":{"libelle":"","contenu":""},"pave21":{"libelle":"","contenu":""},"pave22":{"libelle":"","contenu":""},"pave23":{"libelle":"","contenu":""},"pave24":{"libelle":"","contenu":""},"pave25":{"libelle":"","contenu":""},"ContactsParType":{"":{"62228":{"id_contact":"62228","type_contact":"","categorie_contact":"PRESTATAIRE","societe_contact":"","fonction_contact":"","civilite_nom_prenom_contact":"Mme Michel Dominique ","adresse1_contact":"","adresse2_contact":"","adresse3_contact":"","cpostal_contact":"","ville_contact":"","teldom_contact":"","telbur_contact":"","fax_contact":"","portable_contact":"","email_contact":"","siteweb_contact":"","commentaire_contact":"","langue_contact":"","autre_moyen_com":[]}},"GEST":{"62230":{"id_contact":"62230","type_contact":"GEST","categorie_contact":"PRESTATAIRE","societe_contact":"","fonction_contact":"","civilite_nom_prenom_contact":"MICHEL Dominique ","adresse1_contact":"Le Collet","adresse2_contact":"","adresse3_contact":"","cpostal_contact":"73530","ville_contact":"Saint-Jean-d'Arves","teldom_contact":"","telbur_contact":"","fax_contact":"","portable_contact":"00 33 6 88 78 30 50","email_contact":"dominiquemichel24@live.fr","siteweb_contact":"","commentaire_contact":"","langue_contact":"","autre_moyen_com":[]}}},"Libelle":"MICHEL Dominique","Nom":"MICHEL Dominique ","Prenom":"","NomPrenom":"MICHEL Dominique  ","CiviliteNomPrenom":"MICHEL Dominique  ","Cle":"G|5779884","PrestataireParent":"","ContexteStat":"PRESTATAIRE-G-5779884","DateModificationIso":"2026-09-03T01:14:00+02:00","Type":"PRESTATAIRE","TypePrestataire":"G","Adresse":{"LigneAdresse1":"","LigneAdresse2":"","LigneAdresse3":"","CodePostal":"","Ville":"","Cedex":"","Etat":"","Pays":""},"Email":"dominiquemichel24@live.fr","Telephone":"","TelephoneBureau":"","Portable":"00 33 6 88 78 30 50","SiteWeb":"","Fax":"","Id":"g-5779884","Code":"G|5779884","Fichier":[],"Url":"michel-dominique.html","Localisation":{"GoogleMap":{"Latitude":"45.2108","Longitude":"6.27055"}},"ZoneGeo":"","Criteres":{"P.3220[25629":"","P.3233[60439":"","P.3233[908439":"","P.3218[60729":"","P.3219[72808":"","P.3219[126557":"","P.3227[82852":"","P.3230[323078":"","P.3230[5532377":"","P.3230[6328304":"","P.3221[344174":"","P.3221[549303":"","P.3221[596327":"","P.6241[595160":"","P.VilleSitra[30471":"","P.VillageDeDepart[30471":""},"DateFinPublication":"","AffichageCoordonnees":[]},"listeCriteres":{"AFFICHAGESITE":{"ADHERENTOUICOMPLET":""},"DISPOORESAENLIGNE":{"RESERVABLE":""},"GCAPACITMAX":{"6PERS":""},"GNOMBRE":{"7PERS":""},"GEQUIPSERV":{"TV":"","GPARKINGGARAGE":"","GJARDINBALCONTER":"","GLAVEVAISSELLE":"","GLOCALVELOS":""},"PSEUDOALEATOIRE":{"ADHERENTRESA":""},"25":{"604":"","1083":"","1085":""},"127":{"606":""},"22":{"672":"","807":""},"126":{"972":"","1323":""},"122":{"4054":"","4055":""},"78":{"1029":""},"prestations":{"surchargeTourismesAdaptes":"","surchargeDescriptifHandicapMoteur":"","surchargeDescriptifHandicapAuditif":"","surchargeDescriptifHandicapVisuel":"","surchargeDescriptifHandicapMental":"","surchargeNombreFauteuilsRoulants":""},"72":{"797":"","963":""},"69":{"847":"","880":"","983":"","1011":"","3694":""},"70":{"895":"","907":"","922":"","943":"","997":"","999":""},"68":{"898":"","971":"","1004":""},"73":{"902":"","974":""},"languesParlees":{"1197":""},"6528":{"169":""},"environnements":{"171":"","178":""},"114":{"416":"","418":"","435":"","436":""},"modesPaiement":{"1271":"","1277":"","1281":""},"tourismeAffaires":{"tourismeAffairesEnabled":"","devise":"EUR"},"hebergementLocatifType":{"2620":""},"classementPrefectoral":{"2633":""},"5403":{"1613":""},"5401":{"1616":""},"capacite":{"capaciteMaximumPossible":"6","nombreLitsDoubles":"1","nombreLitsSimples":"4","surface":"41","nombrePieces":"2","nombreChambres":"1","nombreEtages":"1","numeroEtage":"1"},"CINTSITRA":{"4038":"","11226":"","11435":"","11533":""},"3220":{"25629":""},"3233":{"60439":"","908439":""},"3218":{"60729":""},"3219":{"72808":"","126557":""},"3227":{"82852":""},"3230":{"323078":"","5532377":"","6328304":""},"3221":{"344174":"","549303":"","596327":""},"6241":{"595160":""},"VilleSitra":{"30471":""},"VillageDeDepart":{"30471":""},"P.3220":{"25629":""},"P.3233":{"60439":"","908439":""},"P.3218":{"60729":""},"P.3219":{"72808":"","126557":""},"P.3227":{"82852":""},"P.3230":{"323078":"","5532377":"","6328304":""},"P.3221":{"344174":"","549303":"","596327":""},"P.6241":{"595160":""},"P.VilleSitra":{"30471":""},"P.VillageDeDepart":{"30471":""}},"dansCarnetVoyage":true,"Ouverture":"","WidgetDispoRechercheDate":false,"WidgetDispoVoirLienVoirToutesDispos":true,"ChargerWidgetDispoAuClic":false},"html":" \n \u003Cdiv id=\"CV-PRESTATION-G-5779884-391590\" data-contexte-id=\"PRESTATION|G|5779884|391590\" data-cle=\"G|5779884|391590\" class=\"fiche-liste\"\u003E\n    \n\n    \u003C!-- partie photo --\u003E\n    \u003Cdiv class=\"photo\"\u003E\t\t\t\t\t\t\t\t\t\t\t\t\t\t\t\t\t\t\t\t\t\n        \u003Cdiv class=\"cadre_photo_principale\"\u003E\t\t\n        \n            \t\t\t\t\t\n                    \u003Ca href=\"chalet-l-arcosse-1-1-1.html?origine=carnet#media\"\u003E\n                        \u003Cimg class=\"photo_principale\" alt=\"Vue maison\" src=\"https:\/\/www.sja73.com\/medias\/images\/prestations\/multitailles\/320x240_69431-img_8121.jpg\" itemprop=\"image\"\u003E\n                    \u003C\/a\u003E\t\t\t\t\t\t\n                \n                    \u003C\/div\u003E\t\t\t\t\t\t\t\t\t\t\t\t\t\t\t\t\t\t\t \t\t\n    \u003C\/div\u003E\n    \n    \u003C!-- partie nom prest --\u003E\n    \u003Cdiv class=\"nom\"\u003E\n        \u003Ch2\u003EChalet l'Arcosse\u003C\/h2\u003E\n        \n            \u003C\/div\u003E\n\n         \n    \u003C!-- partie adresse --\u003E\n    \u003Cdiv class=\"adresse\"\u003E\n    \n          \n    \u003C\/div\u003E\n    \n    \u003C!-- partie liens --\u003E\n    \u003Cdiv class=\"liens\"\u003E\n            \u003Ca class=\"btn-icon btn-view \" title=\"See details\" href=\"chalet-l-arcosse-1-1-1.html?origine=carnet\"\u003E\u003C\/a\u003E\u003C!--\u003Ca class=\"btn-icon btn-view \" title=\"\" href=\"?origine=carnet#thaut\"\u003E\u003C\/a\u003E--\u003E\n      \u003Ca class=\"btn-icon btn-trash carnet_voyage_supprimer\" title=\"Remove this entry from my travel plan\" href=\"carnet-voyage?action=remove&fiche=G|5779884|391590\"\u003E\u003C\/a\u003E\n    \u003C\/div\u003E\n\n\u003C\/div\u003E\n\n","icon":"https:\/\/static.ingenie.fr\/images\/carnetVoyageV3\/G.png"},"fiche":"G|5779884|391590","popup":"\u003Cdiv id=\"bloc_popup_ajout_fiche_carnet\"\u003E\n    \u003Cdiv class=\"info_popup_ajout_fiche_carnet\"\u003E\n        You have added this item to your travel plan:    \u003C\/div\u003E\n    \u003Cdiv class=\"prest_popup_ajout_fiche_carnet\"\u003E\n        Chalet l&#039;Arcosse    \u003C\/div\u003E\n    \u003Cdiv class=\"bloc_btn_ajout_fiche_carnet form_submit_div\"\u003E\n        \u003Cinput type=\"button\" value=\"Continue my selection\" title=\"Continue my selection\" name=\"btn_close\" class=\"btn_close_popup_carnet form_submit\" onclick=\"$.colorbox.close()\" \/\u003E\n        \u003Cinput type=\"button\" value=\"View my travel plan\" title=\"View my travel plan\" name=\"btn_panier\" class=\"btn_panier_popup_carnet form_submit\" onclick=\"if(typeof CarnetVoyage != 'undefined') {CarnetVoyage.voirCarnet();}\" \/\u003E\n    \u003C\/div\u003E\n    \u003Cdiv class=\"bloc_btn_ajout_fiche_carnet\"\u003E\n        \u003Cinput type=\"checkbox\" value=\"1\" name=\"desactiver_popup\" id=\"desactiver_popup\" \/\u003E\n        \u003Clabel for=\"desactiver_popup\"\u003EDo not show this message again\u003C\/label\u003E\n    \u003C\/div\u003E\n\u003C\/div\u003E","success":1}