{"nbFiches":1,"dataPrest":{"infoPrest":{"pave1":{"libelle":"Descriptif court","contenu":"Unclassified studio, sleeps 4, 24 m\u00b2, ground floor in the hamlet of La Chal (1,600 m), south-facing, balcony with mountain views, ski-in\/ski-out, in the heart of the resort.","fichiers":[]},"pave2":{"libelle":"Descriptif d\u00e9taill\u00e9","contenu":"With balcony and magnificent mountain view, right in the resort center: return by ski to possible accommodation, located a stone's throw from the lifts, daycare, shops and hiking trails.","fichiers":[]},"pave3":{"libelle":"Bons plans","contenu":"","fichiers":[]},"pave4":{"libelle":"Compl\u00e9ment localisation","contenu":"","fichiers":[]},"pave5":{"libelle":"Compl\u00e9ment accueil","contenu":"","fichiers":[]},"pave6":{"libelle":"P\u00e9riodes en clair","contenu":"From 04\/07 to 28\/08\/2026 daily.","fichiers":[]},"pave7":{"libelle":"Tarifs en clair","contenu":"From 13\/12\/2025 to 10\/04\/2026\u003Cbr \/\u003E\nWeek: 270 to 630 \u20ac.\u003Cbr \/\u003E\n\u003Cbr \/\u003E\nFrom 04\/07 to 28\/08\/2026\u003Cbr \/\u003E\nWeek: 190 to 300 \u20ac.","fichiers":[]},"pave8":{"libelle":"Compl\u00e9ment Tarifs","contenu":"","fichiers":[]},"pave9":{"libelle":"Compl\u00e9ment R\u00e9servation","contenu":"","fichiers":[]},"pave10":{"libelle":"Descriptif court","contenu":"Unclassified studio, sleeps 4, 24 m\u00b2, ground floor in the hamlet of La Chal (1,600 m), south-facing, balcony with mountain views, in the heart of the resort.","fichiers":[]},"pave11":{"libelle":"Descriptif d\u00e9taill\u00e9","contenu":"With balcony and magnificent mountain view, right in the resort center: located a stone's throw from the lifts, daycare, shops and hiking trails.","fichiers":[]},"pave12":{"libelle":"Compl\u00e9ment localisation","contenu":"","fichiers":[]},"pave13":{"libelle":"Compl\u00e9ment accueil","contenu":"","fichiers":[]},"pave14":{"libelle":"P\u00e9riodes en clair","contenu":"From 04\/07 to 28\/08\/2026 daily.","fichiers":[]},"pave15":{"libelle":"Tarifs en clair","contenu":"","fichiers":[]},"pave16":{"libelle":"Compl\u00e9ment Tarifs","contenu":"","fichiers":[]},"pave17":{"libelle":"Compl\u00e9ment R\u00e9servation","contenu":"","fichiers":[]},"pave18":{"libelle":"Descriptif court","contenu":"Unclassified studio, sleeps 4, 24 m\u00b2, ground floor in the hamlet of La Chal (1,600 m), south-facing, balcony with mountain views, ski-in\/ski-out, in the heart of the resort.","fichiers":[]},"pave19":{"libelle":"Descriptif d\u00e9taill\u00e9","contenu":"With balcony and magnificent mountain view, right in the resort center: return by ski to possible accommodation, located a stone's throw from the lifts, daycare and shops.","fichiers":[]},"pave20":{"libelle":"Compl\u00e9ment localisation","contenu":"","fichiers":[]},"pave21":{"libelle":"Compl\u00e9ment accueil","contenu":"","fichiers":[]},"pave22":{"libelle":"P\u00e9riodes en clair","contenu":"","fichiers":[]},"pave23":{"libelle":"Tarifs en clair","contenu":"","fichiers":[]},"pave24":{"libelle":"Compl\u00e9ment Tarifs","contenu":"","fichiers":[]},"pave25":{"libelle":"Compl\u00e9ment R\u00e9servation","contenu":"","fichiers":[]},"Libelle":"Balcon de l'Alpe B n\u00b02","Reference":"","Reftar":"","Type":"PRESTATION","TypePrestataire":"G","ContexteStat":"PRESTATION-G-6938838-6914593","DateModificationIso":"2026-04-22T01:11:00+02:00","Adresse":{"LigneAdresse1":"Appatement n\u00b02 - Batiment B - Le Balcon de l'Alpe","LigneAdresse2":"La Chal","LigneAdresse3":"","CodePostal":"73530","Ville":"Saint-Jean-d'Arves","Cedex":"","Etat":"","Pays":"FRA"},"Id":"g-6938838-6914593","Code":"G|6938838|6914593","Cle":"G|6938838|6914593","Url":"balcon-de-l-alpe-b-n2.html","Localisation":{"GoogleMap":{"Latitude":"45.214293","Longitude":"6.264955"}},"ZoneGeo":"","Criteres":{"AFFICHAGESITE[ADHERENTOUICOMPLET":"","DISPOORESAENLIGNE[RESERVABLE":"","GEQUIPSERV[GJARDINBALCONTER":"","GEQUIPSERV[GLAVEVAISSELLE":"","GEQUIPSERV[GLOCALSKI":"","GEQUIPSERV[GPARKINGGARAGE":"","GEQUIPSERV[TV":"","PSEUDOALEATOIRE[ADHERENTRESA":"","127[811":"","126[972":"","126[1323":"","25[1103":"","122[4054":"","122[4055":"","80[781":"","80[1163":"","82[1124":"","prestations[surchargeTourismesAdaptes":"","prestations[surchargeDescriptifHandicapMoteur":"","prestations[surchargeDescriptifHandicapAuditif":"","prestations[surchargeDescriptifHandicapVisuel":"","prestations[surchargeDescriptifHandicapMental":"","prestations[surchargeNombreFauteuilsRoulants":"","70[774":"","70[907":"","70[922":"","70[943":"","70[946":"","70[951":"","70[999":"","70[1010":"","70[5914":"","70[5915":"","70[6801":"","69[880":"","69[983":"","69[6216":"","69[6953":"","68[898":"","68[971":"","73[902":"","73[6597":"","72[963":"","languesParlees[1197":"","114[416":"","114[418":"","114[435":"","114[436":"","modesPaiement[1271":"","modesPaiement[1277":"","modesPaiement[1281":"","tourismeAffaires[tourismeAffairesEnabled":"","tourismeAffaires[devise":"EUR","hebergementLocatifType[2620":"","classementPrefectoral[2627":"","5401[1632":"","5402[1619":"","capacite[capaciteMaximumPossible":"4","capacite[nombreSallesDEau":"1","capacite[nombreWC":"1","capacite[nombreLitsDoubles":"1","capacite[nombreLitsSimples":"4","capacite[surface":"24","capacite[nombrePieces":"2","capacite[numeroEtage":"0","CINTSITRA[11226":"","CINTSITRA[11435":"","CINTSITRA[11533":"","CINTSITRA[4038":"","3220[25629":"","3233[60439":"","3233[908439":"","3218[60729":"","3219[72808":"","3219[126557":"","3227[82852":"","3230[323078":"","3230[5532377":"","3230[6328304":"","3221[344174":"","3221[549303":"","3221[596327":"","6241[595160":"","VilleSitra[30471":"","VillageDeDepart[30471":""},"ContactsParType":{"IWEB":{"59969":{"id_contact":"59969","type_contact":"IWEB","categorie_contact":"PRESTATION","societe_contact":"","fonction_contact":"","civilite_nom_prenom_contact":"Aur\u00e9lie Chasseriaud  ","adresse1_contact":"","adresse2_contact":"","adresse3_contact":"","cpostal_contact":"","ville_contact":"","teldom_contact":"","telbur_contact":"","fax_contact":"","portable_contact":"+33(0)6 10 64 10 10","email_contact":"aurelie.chasseriaud@yahoo.fr","siteweb_contact":"","commentaire_contact":"","langue_contact":"","autre_moyen_com":[]}},"":{"59970":{"id_contact":"59970","type_contact":"","categorie_contact":"PRESTATION","societe_contact":"","fonction_contact":"","civilite_nom_prenom_contact":"","adresse1_contact":"","adresse2_contact":"","adresse3_contact":"","cpostal_contact":"","ville_contact":"","teldom_contact":"","telbur_contact":"","fax_contact":"","portable_contact":"","email_contact":"","siteweb_contact":"","commentaire_contact":"","langue_contact":"","autre_moyen_com":[]}}},"ContactRemplaceCoordonnees":"59969","Prestataire":{"pave1":{"libelle":"","contenu":""},"pave2":{"libelle":"","contenu":""},"pave3":{"libelle":"","contenu":""},"pave4":{"libelle":"","contenu":""},"pave5":{"libelle":"","contenu":""},"pave6":{"libelle":"","contenu":""},"pave7":{"libelle":"","contenu":""},"pave8":{"libelle":"","contenu":""},"pave9":{"libelle":"","contenu":""},"pave10":{"libelle":"","contenu":""},"pave11":{"libelle":"","contenu":""},"pave12":{"libelle":"","contenu":""},"pave13":{"libelle":"","contenu":""},"pave14":{"libelle":"","contenu":""},"pave15":{"libelle":"","contenu":""},"pave16":{"libelle":"","contenu":""},"pave17":{"libelle":"","contenu":""},"pave18":{"libelle":"","contenu":""},"pave19":{"libelle":"","contenu":""},"pave20":{"libelle":"","contenu":""},"pave21":{"libelle":"","contenu":""},"pave22":{"libelle":"","contenu":""},"pave23":{"libelle":"","contenu":""},"pave24":{"libelle":"","contenu":""},"pave25":{"libelle":"","contenu":""},"ContactsParType":{"GEST":{"51239":{"id_contact":"51239","type_contact":"GEST","categorie_contact":"PRESTATAIRE","societe_contact":"","fonction_contact":"","civilite_nom_prenom_contact":"Aur\u00e9lie Chasseriaud ","adresse1_contact":"","adresse2_contact":"","adresse3_contact":"","cpostal_contact":"73530","ville_contact":"Saint-Jean-d'Arves","teldom_contact":"+33(0)6 10 64 10 10","telbur_contact":"","fax_contact":"","portable_contact":"","email_contact":"aurelie.chasseriaud@yahoo.fr","siteweb_contact":"","commentaire_contact":"","langue_contact":"","autre_moyen_com":[]}}},"Libelle":"Aur\u00e9lie Chasseriaud","Nom":"Aur\u00e9lie Chasseriaud ","Prenom":"","NomPrenom":"Aur\u00e9lie Chasseriaud  ","CiviliteNomPrenom":"Aur\u00e9lie Chasseriaud  ","Cle":"G|6938838","PrestataireParent":"","ContexteStat":"PRESTATAIRE-G-6938838","DateModificationIso":"2024-05-28T01:01:00+02:00","Type":"PRESTATAIRE","TypePrestataire":"G","Adresse":{"LigneAdresse1":"","LigneAdresse2":"","LigneAdresse3":"","CodePostal":"","Ville":"","Cedex":"","Etat":"","Pays":""},"Email":"aurelie.chasseriaud@yahoo.fr","Telephone":"","TelephoneBureau":"","Portable":"+33(0)6 10 64 10 10","SiteWeb":"","Fax":"","Id":"g-6938838","Code":"G|6938838","Fichier":[],"Url":"aurelie-chasseriaud.html","Localisation":{"GoogleMap":{"Latitude":"","Longitude":""}},"ZoneGeo":"","Criteres":{"P.3220[25629":"","P.3233[60439":"","P.3233[908439":"","P.3218[60729":"","P.3219[72808":"","P.3219[126557":"","P.3227[82852":"","P.3230[323078":"","P.3230[5532377":"","P.3230[6328304":"","P.3221[344174":"","P.3221[549303":"","P.3221[596327":"","P.6241[595160":"","P.VilleSitra[30471":"","P.VillageDeDepart[30471":""},"DateFinPublication":""},"Fichier":{"Image":[{"url":"https:\/\/www.sja73.com\/medias\/images\/prestations\/66226-cuisine.jpg","chemin":"..\/medias\/images\/prestations\/66226-cuisine.jpg","libelle":"cuisine.jpg","extension":"jpg","categorie":"","largeur":1200,"theme":"","hauteur":1600,"type":"Image","origine":"","liaisonPave":"","langue":"","id":"66226","urlVignette":"https:\/\/www.sja73.com\/medias\/images\/prestations\/v-66226-cuisine.jpg","alt":"cuisine.jpg","title":"cuisine.jpg","MultiTaille":{"1920x1440":{"url":"https:\/\/www.sja73.com\/medias\/images\/prestations\/multitailles\/1920x1440_66226-cuisine.jpg"},"1200x900":{"url":"https:\/\/www.sja73.com\/medias\/images\/prestations\/multitailles\/1200x900_66226-cuisine.jpg"},"800x600":{"url":"https:\/\/www.sja73.com\/medias\/images\/prestations\/multitailles\/800x600_66226-cuisine.jpg"},"640x480":{"url":"https:\/\/www.sja73.com\/medias\/images\/prestations\/multitailles\/640x480_66226-cuisine.jpg"},"320x240":{"url":"https:\/\/www.sja73.com\/medias\/images\/prestations\/multitailles\/320x240_66226-cuisine.jpg"},"160x120":{"url":"https:\/\/www.sja73.com\/medias\/images\/prestations\/multitailles\/160x120_66226-cuisine.jpg"},"origine":{"url":"https:\/\/www.sja73.com\/medias\/images\/prestations\/66226-cuisine.jpg"}},"urlLien":"","typeLien":"","nofollow":"N","copyright":""},{"url":"https:\/\/www.sja73.com\/medias\/images\/prestations\/66228-salon_salle_a_manger_2.jpg","chemin":"..\/medias\/images\/prestations\/66228-salon_salle_a_manger_2.jpg","libelle":"salon_salle_a_manger_2.jpg","extension":"jpg","categorie":"","largeur":1200,"theme":"","hauteur":1600,"type":"Image","origine":"","liaisonPave":"","langue":"","id":"66228","urlVignette":"https:\/\/www.sja73.com\/medias\/images\/prestations\/v-66228-salon_salle_a_manger_2.jpg","alt":"salon_salle_a_manger_2.jpg","title":"salon_salle_a_manger_2.jpg","MultiTaille":{"1920x1440":{"url":"https:\/\/www.sja73.com\/medias\/images\/prestations\/multitailles\/1920x1440_66228-salon_salle_a_manger_2.jpg"},"1200x900":{"url":"https:\/\/www.sja73.com\/medias\/images\/prestations\/multitailles\/1200x900_66228-salon_salle_a_manger_2.jpg"},"800x600":{"url":"https:\/\/www.sja73.com\/medias\/images\/prestations\/multitailles\/800x600_66228-salon_salle_a_manger_2.jpg"},"640x480":{"url":"https:\/\/www.sja73.com\/medias\/images\/prestations\/multitailles\/640x480_66228-salon_salle_a_manger_2.jpg"},"320x240":{"url":"https:\/\/www.sja73.com\/medias\/images\/prestations\/multitailles\/320x240_66228-salon_salle_a_manger_2.jpg"},"160x120":{"url":"https:\/\/www.sja73.com\/medias\/images\/prestations\/multitailles\/160x120_66228-salon_salle_a_manger_2.jpg"},"origine":{"url":"https:\/\/www.sja73.com\/medias\/images\/prestations\/66228-salon_salle_a_manger_2.jpg"}},"urlLien":"","typeLien":"","nofollow":"N","copyright":""},{"url":"https:\/\/www.sja73.com\/medias\/images\/prestations\/66229-salon_salle_a_manger.jpg","chemin":"..\/medias\/images\/prestations\/66229-salon_salle_a_manger.jpg","libelle":"salon_salle_a_manger.jpg","extension":"jpg","categorie":"","largeur":1200,"theme":"","hauteur":1600,"type":"Image","origine":"","liaisonPave":"","langue":"","id":"66229","urlVignette":"https:\/\/www.sja73.com\/medias\/images\/prestations\/v-66229-salon_salle_a_manger.jpg","alt":"salon_salle_a_manger.jpg","title":"salon_salle_a_manger.jpg","MultiTaille":{"1920x1440":{"url":"https:\/\/www.sja73.com\/medias\/images\/prestations\/multitailles\/1920x1440_66229-salon_salle_a_manger.jpg"},"1200x900":{"url":"https:\/\/www.sja73.com\/medias\/images\/prestations\/multitailles\/1200x900_66229-salon_salle_a_manger.jpg"},"800x600":{"url":"https:\/\/www.sja73.com\/medias\/images\/prestations\/multitailles\/800x600_66229-salon_salle_a_manger.jpg"},"640x480":{"url":"https:\/\/www.sja73.com\/medias\/images\/prestations\/multitailles\/640x480_66229-salon_salle_a_manger.jpg"},"320x240":{"url":"https:\/\/www.sja73.com\/medias\/images\/prestations\/multitailles\/320x240_66229-salon_salle_a_manger.jpg"},"160x120":{"url":"https:\/\/www.sja73.com\/medias\/images\/prestations\/multitailles\/160x120_66229-salon_salle_a_manger.jpg"},"origine":{"url":"https:\/\/www.sja73.com\/medias\/images\/prestations\/66229-salon_salle_a_manger.jpg"}},"urlLien":"","typeLien":"","nofollow":"N","copyright":""},{"url":"https:\/\/www.sja73.com\/medias\/images\/prestations\/66230-chambre.jpg","chemin":"..\/medias\/images\/prestations\/66230-chambre.jpg","libelle":"chambre.jpg","extension":"jpg","categorie":"","largeur":1200,"theme":"","hauteur":1600,"type":"Image","origine":"","liaisonPave":"","langue":"","id":"66230","urlVignette":"https:\/\/www.sja73.com\/medias\/images\/prestations\/v-66230-chambre.jpg","alt":"chambre.jpg","title":"chambre.jpg","MultiTaille":{"1920x1440":{"url":"https:\/\/www.sja73.com\/medias\/images\/prestations\/multitailles\/1920x1440_66230-chambre.jpg"},"1200x900":{"url":"https:\/\/www.sja73.com\/medias\/images\/prestations\/multitailles\/1200x900_66230-chambre.jpg"},"800x600":{"url":"https:\/\/www.sja73.com\/medias\/images\/prestations\/multitailles\/800x600_66230-chambre.jpg"},"640x480":{"url":"https:\/\/www.sja73.com\/medias\/images\/prestations\/multitailles\/640x480_66230-chambre.jpg"},"320x240":{"url":"https:\/\/www.sja73.com\/medias\/images\/prestations\/multitailles\/320x240_66230-chambre.jpg"},"160x120":{"url":"https:\/\/www.sja73.com\/medias\/images\/prestations\/multitailles\/160x120_66230-chambre.jpg"},"origine":{"url":"https:\/\/www.sja73.com\/medias\/images\/prestations\/66230-chambre.jpg"}},"urlLien":"","typeLien":"","nofollow":"N","copyright":""},{"url":"https:\/\/www.sja73.com\/medias\/images\/prestations\/66231-couloir.jpg","chemin":"..\/medias\/images\/prestations\/66231-couloir.jpg","libelle":"couloir.jpg","extension":"jpg","categorie":"","largeur":1200,"theme":"","hauteur":1600,"type":"Image","origine":"","liaisonPave":"","langue":"","id":"66231","urlVignette":"https:\/\/www.sja73.com\/medias\/images\/prestations\/v-66231-couloir.jpg","alt":"couloir.jpg","title":"couloir.jpg","MultiTaille":{"1920x1440":{"url":"https:\/\/www.sja73.com\/medias\/images\/prestations\/multitailles\/1920x1440_66231-couloir.jpg"},"1200x900":{"url":"https:\/\/www.sja73.com\/medias\/images\/prestations\/multitailles\/1200x900_66231-couloir.jpg"},"800x600":{"url":"https:\/\/www.sja73.com\/medias\/images\/prestations\/multitailles\/800x600_66231-couloir.jpg"},"640x480":{"url":"https:\/\/www.sja73.com\/medias\/images\/prestations\/multitailles\/640x480_66231-couloir.jpg"},"320x240":{"url":"https:\/\/www.sja73.com\/medias\/images\/prestations\/multitailles\/320x240_66231-couloir.jpg"},"160x120":{"url":"https:\/\/www.sja73.com\/medias\/images\/prestations\/multitailles\/160x120_66231-couloir.jpg"},"origine":{"url":"https:\/\/www.sja73.com\/medias\/images\/prestations\/66231-couloir.jpg"}},"urlLien":"","typeLien":"","nofollow":"N","copyright":""},{"url":"https:\/\/www.sja73.com\/medias\/images\/prestations\/66232-salle_de_bain_2.jpg","chemin":"..\/medias\/images\/prestations\/66232-salle_de_bain_2.jpg","libelle":"salle_de_bain_2.jpg","extension":"jpg","categorie":"","largeur":1200,"theme":"","hauteur":1600,"type":"Image","origine":"","liaisonPave":"","langue":"","id":"66232","urlVignette":"https:\/\/www.sja73.com\/medias\/images\/prestations\/v-66232-salle_de_bain_2.jpg","alt":"salle_de_bain_2.jpg","title":"salle_de_bain_2.jpg","MultiTaille":{"1920x1440":{"url":"https:\/\/www.sja73.com\/medias\/images\/prestations\/multitailles\/1920x1440_66232-salle_de_bain_2.jpg"},"1200x900":{"url":"https:\/\/www.sja73.com\/medias\/images\/prestations\/multitailles\/1200x900_66232-salle_de_bain_2.jpg"},"800x600":{"url":"https:\/\/www.sja73.com\/medias\/images\/prestations\/multitailles\/800x600_66232-salle_de_bain_2.jpg"},"640x480":{"url":"https:\/\/www.sja73.com\/medias\/images\/prestations\/multitailles\/640x480_66232-salle_de_bain_2.jpg"},"320x240":{"url":"https:\/\/www.sja73.com\/medias\/images\/prestations\/multitailles\/320x240_66232-salle_de_bain_2.jpg"},"160x120":{"url":"https:\/\/www.sja73.com\/medias\/images\/prestations\/multitailles\/160x120_66232-salle_de_bain_2.jpg"},"origine":{"url":"https:\/\/www.sja73.com\/medias\/images\/prestations\/66232-salle_de_bain_2.jpg"}},"urlLien":"","typeLien":"","nofollow":"N","copyright":""},{"url":"https:\/\/www.sja73.com\/medias\/images\/prestations\/66233-salle_de_bain.jpg","chemin":"..\/medias\/images\/prestations\/66233-salle_de_bain.jpg","libelle":"salle_de_bain.jpg","extension":"jpg","categorie":"","largeur":1200,"theme":"","hauteur":1600,"type":"Image","origine":"","liaisonPave":"","langue":"","id":"66233","urlVignette":"https:\/\/www.sja73.com\/medias\/images\/prestations\/v-66233-salle_de_bain.jpg","alt":"salle_de_bain.jpg","title":"salle_de_bain.jpg","MultiTaille":{"1920x1440":{"url":"https:\/\/www.sja73.com\/medias\/images\/prestations\/multitailles\/1920x1440_66233-salle_de_bain.jpg"},"1200x900":{"url":"https:\/\/www.sja73.com\/medias\/images\/prestations\/multitailles\/1200x900_66233-salle_de_bain.jpg"},"800x600":{"url":"https:\/\/www.sja73.com\/medias\/images\/prestations\/multitailles\/800x600_66233-salle_de_bain.jpg"},"640x480":{"url":"https:\/\/www.sja73.com\/medias\/images\/prestations\/multitailles\/640x480_66233-salle_de_bain.jpg"},"320x240":{"url":"https:\/\/www.sja73.com\/medias\/images\/prestations\/multitailles\/320x240_66233-salle_de_bain.jpg"},"160x120":{"url":"https:\/\/www.sja73.com\/medias\/images\/prestations\/multitailles\/160x120_66233-salle_de_bain.jpg"},"origine":{"url":"https:\/\/www.sja73.com\/medias\/images\/prestations\/66233-salle_de_bain.jpg"}},"urlLien":"","typeLien":"","nofollow":"N","copyright":""},{"url":"https:\/\/www.sja73.com\/medias\/images\/prestations\/66234-balcon.jpg","chemin":"..\/medias\/images\/prestations\/66234-balcon.jpg","libelle":"balcon.jpg","extension":"jpg","categorie":"","largeur":1200,"theme":"","hauteur":1600,"type":"Image","origine":"","liaisonPave":"","langue":"","id":"66234","urlVignette":"https:\/\/www.sja73.com\/medias\/images\/prestations\/v-66234-balcon.jpg","alt":"balcon.jpg","title":"balcon.jpg","MultiTaille":{"1920x1440":{"url":"https:\/\/www.sja73.com\/medias\/images\/prestations\/multitailles\/1920x1440_66234-balcon.jpg"},"1200x900":{"url":"https:\/\/www.sja73.com\/medias\/images\/prestations\/multitailles\/1200x900_66234-balcon.jpg"},"800x600":{"url":"https:\/\/www.sja73.com\/medias\/images\/prestations\/multitailles\/800x600_66234-balcon.jpg"},"640x480":{"url":"https:\/\/www.sja73.com\/medias\/images\/prestations\/multitailles\/640x480_66234-balcon.jpg"},"320x240":{"url":"https:\/\/www.sja73.com\/medias\/images\/prestations\/multitailles\/320x240_66234-balcon.jpg"},"160x120":{"url":"https:\/\/www.sja73.com\/medias\/images\/prestations\/multitailles\/160x120_66234-balcon.jpg"},"origine":{"url":"https:\/\/www.sja73.com\/medias\/images\/prestations\/66234-balcon.jpg"}},"urlLien":"","typeLien":"","nofollow":"N","copyright":""},{"url":"https:\/\/www.sja73.com\/medias\/images\/prestations\/66235-exterieur_balcon.jpg","chemin":"..\/medias\/images\/prestations\/66235-exterieur_balcon.jpg","libelle":"exterieur_balcon.jpg","extension":"jpg","categorie":"","largeur":1200,"theme":"","hauteur":1600,"type":"Image","origine":"","liaisonPave":"","langue":"","id":"66235","urlVignette":"https:\/\/www.sja73.com\/medias\/images\/prestations\/v-66235-exterieur_balcon.jpg","alt":"exterieur_balcon.jpg","title":"exterieur_balcon.jpg","MultiTaille":{"1920x1440":{"url":"https:\/\/www.sja73.com\/medias\/images\/prestations\/multitailles\/1920x1440_66235-exterieur_balcon.jpg"},"1200x900":{"url":"https:\/\/www.sja73.com\/medias\/images\/prestations\/multitailles\/1200x900_66235-exterieur_balcon.jpg"},"800x600":{"url":"https:\/\/www.sja73.com\/medias\/images\/prestations\/multitailles\/800x600_66235-exterieur_balcon.jpg"},"640x480":{"url":"https:\/\/www.sja73.com\/medias\/images\/prestations\/multitailles\/640x480_66235-exterieur_balcon.jpg"},"320x240":{"url":"https:\/\/www.sja73.com\/medias\/images\/prestations\/multitailles\/320x240_66235-exterieur_balcon.jpg"},"160x120":{"url":"https:\/\/www.sja73.com\/medias\/images\/prestations\/multitailles\/160x120_66235-exterieur_balcon.jpg"},"origine":{"url":"https:\/\/www.sja73.com\/medias\/images\/prestations\/66235-exterieur_balcon.jpg"}},"urlLien":"","typeLien":"","nofollow":"N","copyright":""},{"url":"https:\/\/www.sja73.com\/medias\/images\/prestations\/66227-exterieur.jpg","chemin":"..\/medias\/images\/prestations\/66227-exterieur.jpg","libelle":"exterieur.jpg","extension":"jpg","categorie":"","largeur":1200,"theme":"HIVER","hauteur":1600,"type":"Image","origine":"","liaisonPave":"","langue":"","id":"66227","urlVignette":"https:\/\/www.sja73.com\/medias\/images\/prestations\/v-66227-exterieur.jpg","alt":"exterieur.jpg","title":"exterieur.jpg","MultiTaille":{"1920x1440":{"url":"https:\/\/www.sja73.com\/medias\/images\/prestations\/multitailles\/1920x1440_66227-exterieur.jpg"},"1200x900":{"url":"https:\/\/www.sja73.com\/medias\/images\/prestations\/multitailles\/1200x900_66227-exterieur.jpg"},"800x600":{"url":"https:\/\/www.sja73.com\/medias\/images\/prestations\/multitailles\/800x600_66227-exterieur.jpg"},"640x480":{"url":"https:\/\/www.sja73.com\/medias\/images\/prestations\/multitailles\/640x480_66227-exterieur.jpg"},"320x240":{"url":"https:\/\/www.sja73.com\/medias\/images\/prestations\/multitailles\/320x240_66227-exterieur.jpg"},"160x120":{"url":"https:\/\/www.sja73.com\/medias\/images\/prestations\/multitailles\/160x120_66227-exterieur.jpg"},"origine":{"url":"https:\/\/www.sja73.com\/medias\/images\/prestations\/66227-exterieur.jpg"}},"urlLien":"","typeLien":"","nofollow":"N","copyright":""},{"url":"https:\/\/www.sja73.com\/medias\/images\/prestations\/66236-les_aiguilles.jpg","chemin":"..\/medias\/images\/prestations\/66236-les_aiguilles.jpg","libelle":"les_aiguilles.jpg","extension":"jpg","categorie":"","largeur":4000,"theme":"HIVER","hauteur":3000,"type":"Image","origine":"","liaisonPave":"","langue":"","id":"66236","urlVignette":"https:\/\/www.sja73.com\/medias\/images\/prestations\/v-66236-les_aiguilles.jpg","alt":"les_aiguilles.jpg","title":"les_aiguilles.jpg","MultiTaille":{"1920x1440":{"url":"https:\/\/www.sja73.com\/medias\/images\/prestations\/multitailles\/1920x1440_66236-les_aiguilles.jpg"},"1200x900":{"url":"https:\/\/www.sja73.com\/medias\/images\/prestations\/multitailles\/1200x900_66236-les_aiguilles.jpg"},"800x600":{"url":"https:\/\/www.sja73.com\/medias\/images\/prestations\/multitailles\/800x600_66236-les_aiguilles.jpg"},"640x480":{"url":"https:\/\/www.sja73.com\/medias\/images\/prestations\/multitailles\/640x480_66236-les_aiguilles.jpg"},"320x240":{"url":"https:\/\/www.sja73.com\/medias\/images\/prestations\/multitailles\/320x240_66236-les_aiguilles.jpg"},"160x120":{"url":"https:\/\/www.sja73.com\/medias\/images\/prestations\/multitailles\/160x120_66236-les_aiguilles.jpg"},"origine":{"url":"https:\/\/www.sja73.com\/medias\/images\/prestations\/66236-les_aiguilles.jpg"}},"urlLien":"","typeLien":"","nofollow":"N","copyright":""}],"ByCategorie":{"":[{"url":"https:\/\/www.sja73.com\/medias\/images\/prestations\/66226-cuisine.jpg","chemin":"..\/medias\/images\/prestations\/66226-cuisine.jpg","libelle":"cuisine.jpg","extension":"jpg","categorie":"","largeur":1200,"theme":"","hauteur":1600,"type":"Image","origine":"","liaisonPave":"","langue":"","id":"66226","urlVignette":"https:\/\/www.sja73.com\/medias\/images\/prestations\/v-66226-cuisine.jpg","alt":"cuisine.jpg","title":"cuisine.jpg","MultiTaille":{"1920x1440":{"url":"https:\/\/www.sja73.com\/medias\/images\/prestations\/multitailles\/1920x1440_66226-cuisine.jpg"},"1200x900":{"url":"https:\/\/www.sja73.com\/medias\/images\/prestations\/multitailles\/1200x900_66226-cuisine.jpg"},"800x600":{"url":"https:\/\/www.sja73.com\/medias\/images\/prestations\/multitailles\/800x600_66226-cuisine.jpg"},"640x480":{"url":"https:\/\/www.sja73.com\/medias\/images\/prestations\/multitailles\/640x480_66226-cuisine.jpg"},"320x240":{"url":"https:\/\/www.sja73.com\/medias\/images\/prestations\/multitailles\/320x240_66226-cuisine.jpg"},"160x120":{"url":"https:\/\/www.sja73.com\/medias\/images\/prestations\/multitailles\/160x120_66226-cuisine.jpg"},"origine":{"url":"https:\/\/www.sja73.com\/medias\/images\/prestations\/66226-cuisine.jpg"}},"urlLien":"","typeLien":"","nofollow":"N","copyright":""},{"url":"https:\/\/www.sja73.com\/medias\/images\/prestations\/66228-salon_salle_a_manger_2.jpg","chemin":"..\/medias\/images\/prestations\/66228-salon_salle_a_manger_2.jpg","libelle":"salon_salle_a_manger_2.jpg","extension":"jpg","categorie":"","largeur":1200,"theme":"","hauteur":1600,"type":"Image","origine":"","liaisonPave":"","langue":"","id":"66228","urlVignette":"https:\/\/www.sja73.com\/medias\/images\/prestations\/v-66228-salon_salle_a_manger_2.jpg","alt":"salon_salle_a_manger_2.jpg","title":"salon_salle_a_manger_2.jpg","MultiTaille":{"1920x1440":{"url":"https:\/\/www.sja73.com\/medias\/images\/prestations\/multitailles\/1920x1440_66228-salon_salle_a_manger_2.jpg"},"1200x900":{"url":"https:\/\/www.sja73.com\/medias\/images\/prestations\/multitailles\/1200x900_66228-salon_salle_a_manger_2.jpg"},"800x600":{"url":"https:\/\/www.sja73.com\/medias\/images\/prestations\/multitailles\/800x600_66228-salon_salle_a_manger_2.jpg"},"640x480":{"url":"https:\/\/www.sja73.com\/medias\/images\/prestations\/multitailles\/640x480_66228-salon_salle_a_manger_2.jpg"},"320x240":{"url":"https:\/\/www.sja73.com\/medias\/images\/prestations\/multitailles\/320x240_66228-salon_salle_a_manger_2.jpg"},"160x120":{"url":"https:\/\/www.sja73.com\/medias\/images\/prestations\/multitailles\/160x120_66228-salon_salle_a_manger_2.jpg"},"origine":{"url":"https:\/\/www.sja73.com\/medias\/images\/prestations\/66228-salon_salle_a_manger_2.jpg"}},"urlLien":"","typeLien":"","nofollow":"N","copyright":""},{"url":"https:\/\/www.sja73.com\/medias\/images\/prestations\/66229-salon_salle_a_manger.jpg","chemin":"..\/medias\/images\/prestations\/66229-salon_salle_a_manger.jpg","libelle":"salon_salle_a_manger.jpg","extension":"jpg","categorie":"","largeur":1200,"theme":"","hauteur":1600,"type":"Image","origine":"","liaisonPave":"","langue":"","id":"66229","urlVignette":"https:\/\/www.sja73.com\/medias\/images\/prestations\/v-66229-salon_salle_a_manger.jpg","alt":"salon_salle_a_manger.jpg","title":"salon_salle_a_manger.jpg","MultiTaille":{"1920x1440":{"url":"https:\/\/www.sja73.com\/medias\/images\/prestations\/multitailles\/1920x1440_66229-salon_salle_a_manger.jpg"},"1200x900":{"url":"https:\/\/www.sja73.com\/medias\/images\/prestations\/multitailles\/1200x900_66229-salon_salle_a_manger.jpg"},"800x600":{"url":"https:\/\/www.sja73.com\/medias\/images\/prestations\/multitailles\/800x600_66229-salon_salle_a_manger.jpg"},"640x480":{"url":"https:\/\/www.sja73.com\/medias\/images\/prestations\/multitailles\/640x480_66229-salon_salle_a_manger.jpg"},"320x240":{"url":"https:\/\/www.sja73.com\/medias\/images\/prestations\/multitailles\/320x240_66229-salon_salle_a_manger.jpg"},"160x120":{"url":"https:\/\/www.sja73.com\/medias\/images\/prestations\/multitailles\/160x120_66229-salon_salle_a_manger.jpg"},"origine":{"url":"https:\/\/www.sja73.com\/medias\/images\/prestations\/66229-salon_salle_a_manger.jpg"}},"urlLien":"","typeLien":"","nofollow":"N","copyright":""},{"url":"https:\/\/www.sja73.com\/medias\/images\/prestations\/66230-chambre.jpg","chemin":"..\/medias\/images\/prestations\/66230-chambre.jpg","libelle":"chambre.jpg","extension":"jpg","categorie":"","largeur":1200,"theme":"","hauteur":1600,"type":"Image","origine":"","liaisonPave":"","langue":"","id":"66230","urlVignette":"https:\/\/www.sja73.com\/medias\/images\/prestations\/v-66230-chambre.jpg","alt":"chambre.jpg","title":"chambre.jpg","MultiTaille":{"1920x1440":{"url":"https:\/\/www.sja73.com\/medias\/images\/prestations\/multitailles\/1920x1440_66230-chambre.jpg"},"1200x900":{"url":"https:\/\/www.sja73.com\/medias\/images\/prestations\/multitailles\/1200x900_66230-chambre.jpg"},"800x600":{"url":"https:\/\/www.sja73.com\/medias\/images\/prestations\/multitailles\/800x600_66230-chambre.jpg"},"640x480":{"url":"https:\/\/www.sja73.com\/medias\/images\/prestations\/multitailles\/640x480_66230-chambre.jpg"},"320x240":{"url":"https:\/\/www.sja73.com\/medias\/images\/prestations\/multitailles\/320x240_66230-chambre.jpg"},"160x120":{"url":"https:\/\/www.sja73.com\/medias\/images\/prestations\/multitailles\/160x120_66230-chambre.jpg"},"origine":{"url":"https:\/\/www.sja73.com\/medias\/images\/prestations\/66230-chambre.jpg"}},"urlLien":"","typeLien":"","nofollow":"N","copyright":""},{"url":"https:\/\/www.sja73.com\/medias\/images\/prestations\/66231-couloir.jpg","chemin":"..\/medias\/images\/prestations\/66231-couloir.jpg","libelle":"couloir.jpg","extension":"jpg","categorie":"","largeur":1200,"theme":"","hauteur":1600,"type":"Image","origine":"","liaisonPave":"","langue":"","id":"66231","urlVignette":"https:\/\/www.sja73.com\/medias\/images\/prestations\/v-66231-couloir.jpg","alt":"couloir.jpg","title":"couloir.jpg","MultiTaille":{"1920x1440":{"url":"https:\/\/www.sja73.com\/medias\/images\/prestations\/multitailles\/1920x1440_66231-couloir.jpg"},"1200x900":{"url":"https:\/\/www.sja73.com\/medias\/images\/prestations\/multitailles\/1200x900_66231-couloir.jpg"},"800x600":{"url":"https:\/\/www.sja73.com\/medias\/images\/prestations\/multitailles\/800x600_66231-couloir.jpg"},"640x480":{"url":"https:\/\/www.sja73.com\/medias\/images\/prestations\/multitailles\/640x480_66231-couloir.jpg"},"320x240":{"url":"https:\/\/www.sja73.com\/medias\/images\/prestations\/multitailles\/320x240_66231-couloir.jpg"},"160x120":{"url":"https:\/\/www.sja73.com\/medias\/images\/prestations\/multitailles\/160x120_66231-couloir.jpg"},"origine":{"url":"https:\/\/www.sja73.com\/medias\/images\/prestations\/66231-couloir.jpg"}},"urlLien":"","typeLien":"","nofollow":"N","copyright":""},{"url":"https:\/\/www.sja73.com\/medias\/images\/prestations\/66232-salle_de_bain_2.jpg","chemin":"..\/medias\/images\/prestations\/66232-salle_de_bain_2.jpg","libelle":"salle_de_bain_2.jpg","extension":"jpg","categorie":"","largeur":1200,"theme":"","hauteur":1600,"type":"Image","origine":"","liaisonPave":"","langue":"","id":"66232","urlVignette":"https:\/\/www.sja73.com\/medias\/images\/prestations\/v-66232-salle_de_bain_2.jpg","alt":"salle_de_bain_2.jpg","title":"salle_de_bain_2.jpg","MultiTaille":{"1920x1440":{"url":"https:\/\/www.sja73.com\/medias\/images\/prestations\/multitailles\/1920x1440_66232-salle_de_bain_2.jpg"},"1200x900":{"url":"https:\/\/www.sja73.com\/medias\/images\/prestations\/multitailles\/1200x900_66232-salle_de_bain_2.jpg"},"800x600":{"url":"https:\/\/www.sja73.com\/medias\/images\/prestations\/multitailles\/800x600_66232-salle_de_bain_2.jpg"},"640x480":{"url":"https:\/\/www.sja73.com\/medias\/images\/prestations\/multitailles\/640x480_66232-salle_de_bain_2.jpg"},"320x240":{"url":"https:\/\/www.sja73.com\/medias\/images\/prestations\/multitailles\/320x240_66232-salle_de_bain_2.jpg"},"160x120":{"url":"https:\/\/www.sja73.com\/medias\/images\/prestations\/multitailles\/160x120_66232-salle_de_bain_2.jpg"},"origine":{"url":"https:\/\/www.sja73.com\/medias\/images\/prestations\/66232-salle_de_bain_2.jpg"}},"urlLien":"","typeLien":"","nofollow":"N","copyright":""},{"url":"https:\/\/www.sja73.com\/medias\/images\/prestations\/66233-salle_de_bain.jpg","chemin":"..\/medias\/images\/prestations\/66233-salle_de_bain.jpg","libelle":"salle_de_bain.jpg","extension":"jpg","categorie":"","largeur":1200,"theme":"","hauteur":1600,"type":"Image","origine":"","liaisonPave":"","langue":"","id":"66233","urlVignette":"https:\/\/www.sja73.com\/medias\/images\/prestations\/v-66233-salle_de_bain.jpg","alt":"salle_de_bain.jpg","title":"salle_de_bain.jpg","MultiTaille":{"1920x1440":{"url":"https:\/\/www.sja73.com\/medias\/images\/prestations\/multitailles\/1920x1440_66233-salle_de_bain.jpg"},"1200x900":{"url":"https:\/\/www.sja73.com\/medias\/images\/prestations\/multitailles\/1200x900_66233-salle_de_bain.jpg"},"800x600":{"url":"https:\/\/www.sja73.com\/medias\/images\/prestations\/multitailles\/800x600_66233-salle_de_bain.jpg"},"640x480":{"url":"https:\/\/www.sja73.com\/medias\/images\/prestations\/multitailles\/640x480_66233-salle_de_bain.jpg"},"320x240":{"url":"https:\/\/www.sja73.com\/medias\/images\/prestations\/multitailles\/320x240_66233-salle_de_bain.jpg"},"160x120":{"url":"https:\/\/www.sja73.com\/medias\/images\/prestations\/multitailles\/160x120_66233-salle_de_bain.jpg"},"origine":{"url":"https:\/\/www.sja73.com\/medias\/images\/prestations\/66233-salle_de_bain.jpg"}},"urlLien":"","typeLien":"","nofollow":"N","copyright":""},{"url":"https:\/\/www.sja73.com\/medias\/images\/prestations\/66234-balcon.jpg","chemin":"..\/medias\/images\/prestations\/66234-balcon.jpg","libelle":"balcon.jpg","extension":"jpg","categorie":"","largeur":1200,"theme":"","hauteur":1600,"type":"Image","origine":"","liaisonPave":"","langue":"","id":"66234","urlVignette":"https:\/\/www.sja73.com\/medias\/images\/prestations\/v-66234-balcon.jpg","alt":"balcon.jpg","title":"balcon.jpg","MultiTaille":{"1920x1440":{"url":"https:\/\/www.sja73.com\/medias\/images\/prestations\/multitailles\/1920x1440_66234-balcon.jpg"},"1200x900":{"url":"https:\/\/www.sja73.com\/medias\/images\/prestations\/multitailles\/1200x900_66234-balcon.jpg"},"800x600":{"url":"https:\/\/www.sja73.com\/medias\/images\/prestations\/multitailles\/800x600_66234-balcon.jpg"},"640x480":{"url":"https:\/\/www.sja73.com\/medias\/images\/prestations\/multitailles\/640x480_66234-balcon.jpg"},"320x240":{"url":"https:\/\/www.sja73.com\/medias\/images\/prestations\/multitailles\/320x240_66234-balcon.jpg"},"160x120":{"url":"https:\/\/www.sja73.com\/medias\/images\/prestations\/multitailles\/160x120_66234-balcon.jpg"},"origine":{"url":"https:\/\/www.sja73.com\/medias\/images\/prestations\/66234-balcon.jpg"}},"urlLien":"","typeLien":"","nofollow":"N","copyright":""},{"url":"https:\/\/www.sja73.com\/medias\/images\/prestations\/66235-exterieur_balcon.jpg","chemin":"..\/medias\/images\/prestations\/66235-exterieur_balcon.jpg","libelle":"exterieur_balcon.jpg","extension":"jpg","categorie":"","largeur":1200,"theme":"","hauteur":1600,"type":"Image","origine":"","liaisonPave":"","langue":"","id":"66235","urlVignette":"https:\/\/www.sja73.com\/medias\/images\/prestations\/v-66235-exterieur_balcon.jpg","alt":"exterieur_balcon.jpg","title":"exterieur_balcon.jpg","MultiTaille":{"1920x1440":{"url":"https:\/\/www.sja73.com\/medias\/images\/prestations\/multitailles\/1920x1440_66235-exterieur_balcon.jpg"},"1200x900":{"url":"https:\/\/www.sja73.com\/medias\/images\/prestations\/multitailles\/1200x900_66235-exterieur_balcon.jpg"},"800x600":{"url":"https:\/\/www.sja73.com\/medias\/images\/prestations\/multitailles\/800x600_66235-exterieur_balcon.jpg"},"640x480":{"url":"https:\/\/www.sja73.com\/medias\/images\/prestations\/multitailles\/640x480_66235-exterieur_balcon.jpg"},"320x240":{"url":"https:\/\/www.sja73.com\/medias\/images\/prestations\/multitailles\/320x240_66235-exterieur_balcon.jpg"},"160x120":{"url":"https:\/\/www.sja73.com\/medias\/images\/prestations\/multitailles\/160x120_66235-exterieur_balcon.jpg"},"origine":{"url":"https:\/\/www.sja73.com\/medias\/images\/prestations\/66235-exterieur_balcon.jpg"}},"urlLien":"","typeLien":"","nofollow":"N","copyright":""},{"url":"https:\/\/www.sja73.com\/medias\/images\/prestations\/66227-exterieur.jpg","chemin":"..\/medias\/images\/prestations\/66227-exterieur.jpg","libelle":"exterieur.jpg","extension":"jpg","categorie":"","largeur":1200,"theme":"HIVER","hauteur":1600,"type":"Image","origine":"","liaisonPave":"","langue":"","id":"66227","urlVignette":"https:\/\/www.sja73.com\/medias\/images\/prestations\/v-66227-exterieur.jpg","alt":"exterieur.jpg","title":"exterieur.jpg","MultiTaille":{"1920x1440":{"url":"https:\/\/www.sja73.com\/medias\/images\/prestations\/multitailles\/1920x1440_66227-exterieur.jpg"},"1200x900":{"url":"https:\/\/www.sja73.com\/medias\/images\/prestations\/multitailles\/1200x900_66227-exterieur.jpg"},"800x600":{"url":"https:\/\/www.sja73.com\/medias\/images\/prestations\/multitailles\/800x600_66227-exterieur.jpg"},"640x480":{"url":"https:\/\/www.sja73.com\/medias\/images\/prestations\/multitailles\/640x480_66227-exterieur.jpg"},"320x240":{"url":"https:\/\/www.sja73.com\/medias\/images\/prestations\/multitailles\/320x240_66227-exterieur.jpg"},"160x120":{"url":"https:\/\/www.sja73.com\/medias\/images\/prestations\/multitailles\/160x120_66227-exterieur.jpg"},"origine":{"url":"https:\/\/www.sja73.com\/medias\/images\/prestations\/66227-exterieur.jpg"}},"urlLien":"","typeLien":"","nofollow":"N","copyright":""},{"url":"https:\/\/www.sja73.com\/medias\/images\/prestations\/66236-les_aiguilles.jpg","chemin":"..\/medias\/images\/prestations\/66236-les_aiguilles.jpg","libelle":"les_aiguilles.jpg","extension":"jpg","categorie":"","largeur":4000,"theme":"HIVER","hauteur":3000,"type":"Image","origine":"","liaisonPave":"","langue":"","id":"66236","urlVignette":"https:\/\/www.sja73.com\/medias\/images\/prestations\/v-66236-les_aiguilles.jpg","alt":"les_aiguilles.jpg","title":"les_aiguilles.jpg","MultiTaille":{"1920x1440":{"url":"https:\/\/www.sja73.com\/medias\/images\/prestations\/multitailles\/1920x1440_66236-les_aiguilles.jpg"},"1200x900":{"url":"https:\/\/www.sja73.com\/medias\/images\/prestations\/multitailles\/1200x900_66236-les_aiguilles.jpg"},"800x600":{"url":"https:\/\/www.sja73.com\/medias\/images\/prestations\/multitailles\/800x600_66236-les_aiguilles.jpg"},"640x480":{"url":"https:\/\/www.sja73.com\/medias\/images\/prestations\/multitailles\/640x480_66236-les_aiguilles.jpg"},"320x240":{"url":"https:\/\/www.sja73.com\/medias\/images\/prestations\/multitailles\/320x240_66236-les_aiguilles.jpg"},"160x120":{"url":"https:\/\/www.sja73.com\/medias\/images\/prestations\/multitailles\/160x120_66236-les_aiguilles.jpg"},"origine":{"url":"https:\/\/www.sja73.com\/medias\/images\/prestations\/66236-les_aiguilles.jpg"}},"urlLien":"","typeLien":"","nofollow":"N","copyright":""}]}},"DateDebPublication":"","DateFinPublication":"","PrixAPartirDe":"","PrixPour":"","FicheListeEnCours":"fiche_liste_locations_meublees_prestation_v2","ParametresModele":{"AfficherPhotos":"1","NbPhotosMax":6,"AfficherReserver":"1","AfficherContact":"1","AfficherSalle":1,"AfficherZoneGeo":0,"AfficherEnSavoirPlus":"1","AfficherUneSeuleOuverture":0,"AfficherContactCarte":"0","AfficherTarifsChaudAPartirDe":0,"AfficherTarifChaudSansRecherche":0,"AffichageCoordonnees":"Adresse-\u003ELigneAdresse1|Adresse-\u003ELigneAdresse2|Adresse-\u003ELigneAdresse3","AffichageLienPrestation":"R","AfficherDispoResa":"1","AfficherLiensCarnetVoyage":"1","BlocCritereInfo":{"critere1":{"libelle":"","liste_critere":["classementPrefectoral|G","labels|3585|G","labels|3614|G","labels|3586|G"]},"critere2":{"libelle":"","liste_critere":["25|G"]},"critere3":{"libelle":""},"critere4":{"libelle":""},"critere5":{"libelle":"","liste_critere":["GEQUIPSERV|G"]},"critere6":{"libelle":"","liste_critere":["typesHabitation|G"]},"critere7":{"libelle":"","liste_critere":["capacite|nombreChambres|G","capacite|surface|G","capacite|capaciteHebergement|G"]},"critere8":{"libelle":""},"afficherpictoetpaslibelle":"1"},"BlocPaveInfo":{"texte1":{"pave":["1","10","18"],"longeurmax":"255","afficherLibelle":"0","garderHtml":"0"}},"Criteres":"AFFICHAGESITE[ADHERENTOUICOMPLET","CriteresComportementResa":"CINTSITRA[11533","PositionBloc":"GALLERIE|NOM|ADRESSE|ZONEPRINCIPALFICHEPRESTA|DESCRIPTIF|URL|PICTOSOUSPHOTOS|CARNET_VOYAGE","TypePrestataire":"G","ComportementResa":true,"ComportementDispo":false},"AffichageCoordonnees":{"Adresse-LigneAdresse1":"Appatement n\u00b02 - Batiment B - Le Balcon de l'Alpe","Adresse-LigneAdresse2":"La Chal"},"Coordonnees":{"Ville":"Saint-Jean-d'Arves"},"ContexteId":"PRESTATION|G|6938838|6914593","ContexteIdHtml":"PRESTATION-G-6938838-6914593","cleContexte":"G|6938838|6914593","Bloc":{"texte1":"Unclassified studio, sleeps 4, 24 m\u00b2, ground floor in the hamlet of La Chal (1,600 m), south-facing, balcony with mountain views, in the heart of the resort.","texte3":"","critere1":{"libelle":"","contenu":{"classementPrefectoral":{"libelle":"Official local classification","contenu":{"4":"\u003Cimg src=\"https:\/\/www.sja73.com\/medias\/images\/picto\/classementPrefectoral-2627-G.png\"  alt=\"1 star\" title=\"1 star\" \/\u003E"},"codesValeurs":{"4":"classementPrefectoral|2627|G"},"criteres_datas":{"valeurs":{"4":{"2627":{"descriptif":""}}}}}}},"critere2":{"libelle":"","contenu":{"25":{"libelle":"Location","contenu":{"4":"On the same level"},"codesValeurs":{"4":"25|1103|G"},"criteres_datas":{"valeurs":{"4":{"1103":{"descriptif":""}}}}}}},"critere3":{"libelle":"","contenu":[]},"critere4":{"libelle":"","contenu":[]},"critere5":{"libelle":"","contenu":{"GEQUIPSERV":{"libelle":"","contenu":{"3":"\u003Cimg src=\"https:\/\/www.sja73.com\/medias\/images\/picto\/GEQUIPSERV-TV-G.png\"  alt=\"T\u00e9l\u00e9vision\" title=\"T\u00e9l\u00e9vision\" \/\u003E","5":"\u003Cimg src=\"https:\/\/www.sja73.com\/medias\/images\/picto\/GEQUIPSERV-GPARKINGGARAGE-G.png\"  alt=\"Parking, garage\" title=\"Parking, garage\" \/\u003E","6":"\u003Cimg src=\"https:\/\/www.sja73.com\/medias\/images\/picto\/GEQUIPSERV-GJARDINBALCONTER-G.png\"  alt=\"Jardin, balcon, terrasse\" title=\"Jardin, balcon, terrasse\" \/\u003E","12":"\u003Cimg src=\"https:\/\/www.sja73.com\/medias\/images\/picto\/GEQUIPSERV-GLAVEVAISSELLE-G.png\"  alt=\"Lave Vaisselle\" title=\"Lave Vaisselle\" \/\u003E","13":"\u003Cimg src=\"https:\/\/www.sja73.com\/medias\/images\/picto\/GEQUIPSERV-GLOCALSKI-G.png\"  alt=\"Local \u00e0 ski\" title=\"Local \u00e0 ski\" \/\u003E"},"codesValeurs":{"6":"GEQUIPSERV|GJARDINBALCONTER|G","12":"GEQUIPSERV|GLAVEVAISSELLE|G","13":"GEQUIPSERV|GLOCALSKI|G","5":"GEQUIPSERV|GPARKINGGARAGE|G","3":"GEQUIPSERV|TV|G"},"criteres_datas":{"valeurs":{"6":{"GJARDINBALCONTER":{"descriptif":""}},"12":{"GLAVEVAISSELLE":{"descriptif":""}},"13":{"GLOCALSKI":{"descriptif":""}},"5":{"GPARKINGGARAGE":{"descriptif":""}},"3":{"TV":{"descriptif":""}}}}}}},"critere6":{"libelle":"","contenu":[]},"critere7":{"libelle":"","contenu":{"capacite":{"libelle":"capacity","contenu":{"2":"\u003Cspan class=\"quantite\"\u003E24\u003C\/span\u003E \u003Cspan class=\"libelle\"\u003Em\u00b2\u003C\/span\u003E"},"codesValeurs":{"2":"capacite|surface|G"},"criteres_datas":{"valeurs":{"2":{"surface":{"descriptif":""}}}}}}},"critere8":{"libelle":"","contenu":[]},"critere9":{"libelle":"","contenu":[]}},"LocalisationGps":{"Latitude":"45.214293","Longitude":"6.264955"},"libelleDuPrestataire":"","vuePrestataire":{"pave1":{"libelle":"","contenu":""},"pave2":{"libelle":"","contenu":""},"pave3":{"libelle":"","contenu":""},"pave4":{"libelle":"","contenu":""},"pave5":{"libelle":"","contenu":""},"pave6":{"libelle":"","contenu":""},"pave7":{"libelle":"","contenu":""},"pave8":{"libelle":"","contenu":""},"pave9":{"libelle":"","contenu":""},"pave10":{"libelle":"","contenu":""},"pave11":{"libelle":"","contenu":""},"pave12":{"libelle":"","contenu":""},"pave13":{"libelle":"","contenu":""},"pave14":{"libelle":"","contenu":""},"pave15":{"libelle":"","contenu":""},"pave16":{"libelle":"","contenu":""},"pave17":{"libelle":"","contenu":""},"pave18":{"libelle":"","contenu":""},"pave19":{"libelle":"","contenu":""},"pave20":{"libelle":"","contenu":""},"pave21":{"libelle":"","contenu":""},"pave22":{"libelle":"","contenu":""},"pave23":{"libelle":"","contenu":""},"pave24":{"libelle":"","contenu":""},"pave25":{"libelle":"","contenu":""},"ContactsParType":{"GEST":{"51239":{"id_contact":"51239","type_contact":"GEST","categorie_contact":"PRESTATAIRE","societe_contact":"","fonction_contact":"","civilite_nom_prenom_contact":"Aur\u00e9lie Chasseriaud ","adresse1_contact":"","adresse2_contact":"","adresse3_contact":"","cpostal_contact":"73530","ville_contact":"Saint-Jean-d'Arves","teldom_contact":"+33(0)6 10 64 10 10","telbur_contact":"","fax_contact":"","portable_contact":"","email_contact":"aurelie.chasseriaud@yahoo.fr","siteweb_contact":"","commentaire_contact":"","langue_contact":"","autre_moyen_com":[]}}},"Libelle":"Aur\u00e9lie Chasseriaud","Nom":"Aur\u00e9lie Chasseriaud ","Prenom":"","NomPrenom":"Aur\u00e9lie Chasseriaud  ","CiviliteNomPrenom":"Aur\u00e9lie Chasseriaud  ","Cle":"G|6938838","PrestataireParent":"","ContexteStat":"PRESTATAIRE-G-6938838","DateModificationIso":"2024-05-28T01:01:00+02:00","Type":"PRESTATAIRE","TypePrestataire":"G","Adresse":{"LigneAdresse1":"","LigneAdresse2":"","LigneAdresse3":"","CodePostal":"","Ville":"","Cedex":"","Etat":"","Pays":""},"Email":"aurelie.chasseriaud@yahoo.fr","Telephone":"","TelephoneBureau":"","Portable":"+33(0)6 10 64 10 10","SiteWeb":"","Fax":"","Id":"g-6938838","Code":"G|6938838","Fichier":[],"Url":"aurelie-chasseriaud.html","Localisation":{"GoogleMap":{"Latitude":"","Longitude":""}},"ZoneGeo":"","Criteres":{"P.3220[25629":"","P.3233[60439":"","P.3233[908439":"","P.3218[60729":"","P.3219[72808":"","P.3219[126557":"","P.3227[82852":"","P.3230[323078":"","P.3230[5532377":"","P.3230[6328304":"","P.3221[344174":"","P.3221[549303":"","P.3221[596327":"","P.6241[595160":"","P.VilleSitra[30471":"","P.VillageDeDepart[30471":""},"DateFinPublication":"","AffichageCoordonnees":[]},"listeCriteres":{"AFFICHAGESITE":{"ADHERENTOUICOMPLET":""},"DISPOORESAENLIGNE":{"RESERVABLE":""},"GEQUIPSERV":{"GJARDINBALCONTER":"","GLAVEVAISSELLE":"","GLOCALSKI":"","GPARKINGGARAGE":"","TV":""},"PSEUDOALEATOIRE":{"ADHERENTRESA":""},"127":{"811":""},"126":{"972":"","1323":""},"25":{"1103":""},"122":{"4054":"","4055":""},"80":{"781":"","1163":""},"82":{"1124":""},"prestations":{"surchargeTourismesAdaptes":"","surchargeDescriptifHandicapMoteur":"","surchargeDescriptifHandicapAuditif":"","surchargeDescriptifHandicapVisuel":"","surchargeDescriptifHandicapMental":"","surchargeNombreFauteuilsRoulants":""},"70":{"774":"","907":"","922":"","943":"","946":"","951":"","999":"","1010":"","5914":"","5915":"","6801":""},"69":{"880":"","983":"","6216":"","6953":""},"68":{"898":"","971":""},"73":{"902":"","6597":""},"72":{"963":""},"languesParlees":{"1197":""},"114":{"416":"","418":"","435":"","436":""},"modesPaiement":{"1271":"","1277":"","1281":""},"tourismeAffaires":{"tourismeAffairesEnabled":"","devise":"EUR"},"hebergementLocatifType":{"2620":""},"classementPrefectoral":{"2627":""},"5401":{"1632":""},"5402":{"1619":""},"capacite":{"capaciteMaximumPossible":"4","nombreSallesDEau":"1","nombreWC":"1","nombreLitsDoubles":"1","nombreLitsSimples":"4","surface":"24","nombrePieces":"2","numeroEtage":"0"},"CINTSITRA":{"11226":"","11435":"","11533":"","4038":""},"3220":{"25629":""},"3233":{"60439":"","908439":""},"3218":{"60729":""},"3219":{"72808":"","126557":""},"3227":{"82852":""},"3230":{"323078":"","5532377":"","6328304":""},"3221":{"344174":"","549303":"","596327":""},"6241":{"595160":""},"VilleSitra":{"30471":""},"VillageDeDepart":{"30471":""},"P.3220":{"25629":""},"P.3233":{"60439":"","908439":""},"P.3218":{"60729":""},"P.3219":{"72808":"","126557":""},"P.3227":{"82852":""},"P.3230":{"323078":"","5532377":"","6328304":""},"P.3221":{"344174":"","549303":"","596327":""},"P.6241":{"595160":""},"P.VilleSitra":{"30471":""},"P.VillageDeDepart":{"30471":""}},"dansCarnetVoyage":true,"Ouverture":"","WidgetDispoRechercheDate":false,"WidgetDispoVoirLienVoirToutesDispos":true,"ChargerWidgetDispoAuClic":false},"html":" \n \u003Cdiv id=\"CV-PRESTATION-G-6938838-6914593\" data-contexte-id=\"PRESTATION|G|6938838|6914593\" data-cle=\"G|6938838|6914593\" class=\"fiche-liste\"\u003E\n    \n\n    \u003C!-- partie photo --\u003E\n    \u003Cdiv class=\"photo\"\u003E\t\t\t\t\t\t\t\t\t\t\t\t\t\t\t\t\t\t\t\t\t\n        \u003Cdiv class=\"cadre_photo_principale\"\u003E\t\t\n        \n            \t\t\t\t\t\n                    \u003Ca href=\"balcon-de-l-alpe-b-n2.html?origine=carnet#media\"\u003E\n                        \u003Cimg class=\"photo_principale\" alt=\"cuisine.jpg\" src=\"https:\/\/www.sja73.com\/medias\/images\/prestations\/multitailles\/320x240_66226-cuisine.jpg\" itemprop=\"image\"\u003E\n                    \u003C\/a\u003E\t\t\t\t\t\t\n                \n                    \u003C\/div\u003E\t\t\t\t\t\t\t\t\t\t\t\t\t\t\t\t\t\t\t \t\t\n    \u003C\/div\u003E\n    \n    \u003C!-- partie nom prest --\u003E\n    \u003Cdiv class=\"nom\"\u003E\n        \u003Ch2\u003EBalcon de l'Alpe B n\u00b02\u003C\/h2\u003E\n        \n            \u003C\/div\u003E\n\n         \n    \u003C!-- partie adresse --\u003E\n    \u003Cdiv class=\"adresse\"\u003E\n    \n          \n    \u003C\/div\u003E\n    \n    \u003C!-- partie liens --\u003E\n    \u003Cdiv class=\"liens\"\u003E\n            \u003Ca class=\"btn-icon btn-view \" title=\"Read more \" href=\"balcon-de-l-alpe-b-n2.html?origine=carnet\"\u003E\u003C\/a\u003E\u003C!--\u003Ca class=\"btn-icon btn-view \" title=\"\" href=\"?origine=carnet#thaut\"\u003E\u003C\/a\u003E--\u003E\n      \u003Ca class=\"btn-icon btn-trash carnet_voyage_supprimer\" title=\"Remove to travel notes \" href=\"carnet-voyage?action=remove&fiche=G|6938838|6914593\"\u003E\u003C\/a\u003E\n    \u003C\/div\u003E\n\n\u003C\/div\u003E\n\n","icon":"https:\/\/static.ingenie.fr\/images\/carnetVoyageV3\/G.png"},"fiche":"G|6938838|6914593","popup":"\u003Cdiv id=\"bloc_popup_ajout_fiche_carnet\"\u003E\n    \u003Cdiv class=\"info_popup_ajout_fiche_carnet\"\u003E\n        You have added this item to your travel notes :    \u003C\/div\u003E\n    \u003Cdiv class=\"prest_popup_ajout_fiche_carnet\"\u003E\n        Balcon de l&#039;Alpe B n&deg;2    \u003C\/div\u003E\n    \u003Cdiv class=\"bloc_btn_ajout_fiche_carnet form_submit_div\"\u003E\n        \u003Cinput type=\"button\" value=\"Continue \" title=\"Continue \" name=\"btn_close\" class=\"btn_close_popup_carnet form_submit\" onclick=\"$.colorbox.close()\" \/\u003E\n        \u003Cinput type=\"button\" value=\"View my travel notes \" title=\"View my travel notes \" name=\"btn_panier\" class=\"btn_panier_popup_carnet form_submit\" onclick=\"if(typeof CarnetVoyage != 'undefined') {CarnetVoyage.voirCarnet();}\" \/\u003E\n    \u003C\/div\u003E\n    \u003Cdiv class=\"bloc_btn_ajout_fiche_carnet\"\u003E\n        \u003Cinput type=\"checkbox\" value=\"1\" name=\"desactiver_popup\" id=\"desactiver_popup\" \/\u003E\n        \u003Clabel for=\"desactiver_popup\"\u003EDo not show this message again \u003C\/label\u003E\n    \u003C\/div\u003E\n\u003C\/div\u003E","success":1}