{"nbFiches":1,"dataPrest":{"infoPrest":{"pave1":{"libelle":"Descriptif court","contenu":"3-star apartment (Go\u00e9lia residence), sleeps 6, 44 m\u00b2, La Chal resort centre, swimming pool, sauna & fitness centre, south-west facing.","fichiers":[]},"pave2":{"libelle":"Descriptif d\u00e9taill\u00e9","contenu":"The balcony faces south with a magnificent panorama (Pic de l'Etendard, Aiguilles d'Arves & Col de la Croix de Fer). \u003Cbr \/\u003E\r\nVery well equipped, you will feel at home: washing machine, dishwasher, bath, microwave, oven, hob, hood, fridge\/freezer, toaster, kettle, vacuum cleaner + irobot, Nespresso , Special tea, connected TV, DVD player with DVD for the whole family, plancha, raclette machine, fondue \/ wok machine, food processor, outdoor table + chairs, baby bed, baby high chair,... Possibility to have bed and bathroom linen. \u003Cbr \/\u003E\r\n\u003Cbr \/\u003E\r\nYou can stay there for 6 people:\u003Cbr \/\u003E\r\n- 1 bedroom with 2 twin beds, \u003Cbr \/\u003E\r\n- 1 bedroom with double bed + 1 single mezzanine bed, \u003Cbr \/\u003E\r\n- 1 \u201creal\u201d comfortable sofa bed. \u003Cbr \/\u003E\r\n\u003Cbr \/\u003E\r\nYou will be near to all while staying in a calm & cozy environment: supermarket, bakery, restaurants, shops, daycare... As downhill skiing, many activities are possible: mountain biking on snow, paragliding, snowshoeing, walking with sled dogs, bowling, cinema, disco... Free municipal shuttle in front of the residence with fixed timetable at the stop and the possibility of geolocating the shuttle. There is also a night shuttle: accessible to everyone, it allows you to go to the cinema, bowling or eat in the hamlet of La Chal. \u003Cbr \/\u003E\r\n\u003Cbr \/\u003E\r\nAnimals are accepted. Individual covered parking. The apartment is ranked 3 stars (tourist office\/municipality of Saint Jean d'Arves).","fichiers":[]},"pave3":{"libelle":"Bons plans","contenu":"","fichiers":[]},"pave4":{"libelle":"Compl\u00e9ment localisation","contenu":"","fichiers":[]},"pave5":{"libelle":"Compl\u00e9ment accueil","contenu":"","fichiers":[]},"pave6":{"libelle":"P\u00e9riodes en clair","contenu":"From 04\/07 to 28\/08\/2026 daily.","fichiers":[]},"pave7":{"libelle":"Tarifs en clair","contenu":"From 13\/12\/2025 to 10\/04\/2026\u003Cbr \/\u003E\nWeek: 450 to 1,200 \u20ac.\u003Cbr \/\u003E\n\u003Cbr \/\u003E\nFrom 04\/07 to 28\/08\/2026.","fichiers":[]},"pave8":{"libelle":"Compl\u00e9ment Tarifs","contenu":"","fichiers":[]},"pave9":{"libelle":"Compl\u00e9ment R\u00e9servation","contenu":"","fichiers":[]},"pave10":{"libelle":"Descriptif court","contenu":"","fichiers":[]},"pave11":{"libelle":"Descriptif d\u00e9taill\u00e9","contenu":"The balcony faces due south, with a magnificent panorama (Pic de l'Etendard, Aiguilles d'Arves & Col de la Croix de Fer). \u003Cbr \/\u003E\r\nFully equipped, you'll feel right at home: washing machine, dishwasher, bath, microwave, oven, hob, extractor fan, fridge\/freezer, toaster, kettle, canister vacuum + irobot, Nespresso, tea special, connected TV, DVD player with DVDs for all the family, plancha, raclette machine, fondue\/wok machine, food processor, outdoor table + chairs, cot, baby high chair, etc. Bed linen and towels available.\u003Cbr \/\u003E\r\n\u003Cbr \/\u003E\r\nSleeps up to 6 people:\u003Cbr \/\u003E\r\n- 1 bedroom with 2 twin beds,\u003Cbr \/\u003E\r\n- 1 bedroom with double bed + 1 single mezzanine bed,\u003Cbr \/\u003E\r\n- 1 comfortable \u2018real\u2019 sofa bed.\u003Cbr \/\u003E\r\n\u003Cbr \/\u003E\r\nYou'll be close to all amenities in a quiet, cosy environment: mini-market, bakery, restaurants, shops, nursery, etc. Numerous activities are available: bowling, cinema, disco.\u003Cbr \/\u003E\r\n\u003Cbr \/\u003E\r\nPets welcome. Individual covered car park. The flat is rated 3 stars (tourist office\/commune of Saint Jean d'Arves).","fichiers":[]},"pave12":{"libelle":"Compl\u00e9ment localisation","contenu":"","fichiers":[]},"pave13":{"libelle":"Compl\u00e9ment accueil","contenu":"","fichiers":[]},"pave14":{"libelle":"P\u00e9riodes en clair","contenu":"","fichiers":[]},"pave15":{"libelle":"Tarifs en clair","contenu":"","fichiers":[]},"pave16":{"libelle":"Compl\u00e9ment Tarifs","contenu":"","fichiers":[]},"pave17":{"libelle":"Compl\u00e9ment R\u00e9servation","contenu":"","fichiers":[]},"pave18":{"libelle":"Descriptif court","contenu":"","fichiers":[]},"pave19":{"libelle":"Descriptif d\u00e9taill\u00e9","contenu":"","fichiers":[]},"pave20":{"libelle":"Compl\u00e9ment localisation","contenu":"","fichiers":[]},"pave21":{"libelle":"Compl\u00e9ment accueil","contenu":"","fichiers":[]},"pave22":{"libelle":"P\u00e9riodes en clair","contenu":"","fichiers":[]},"pave23":{"libelle":"Tarifs en clair","contenu":"","fichiers":[]},"pave24":{"libelle":"Compl\u00e9ment Tarifs","contenu":"","fichiers":[]},"pave25":{"libelle":"Compl\u00e9ment R\u00e9servation","contenu":"","fichiers":[]},"Libelle":"Le Balcon des Arves","Reference":"","Reftar":"","Type":"PRESTATION","TypePrestataire":"G","ContexteStat":"PRESTATION-G-7074919-7074918","DateModificationIso":"2026-04-22T01:11:00+02:00","Adresse":{"LigneAdresse1":"205 all\u00e9e des Vo\u00fbtes","LigneAdresse2":"Chalet Les Bouquetins","LigneAdresse3":"R\u00e9sidence Go\u00e9lia","CodePostal":"73530","Ville":"Saint-Jean-d'Arves","Cedex":"","Etat":"","Pays":"FRA"},"Id":"g-7074919-7074918","Code":"G|7074919|7074918","Cle":"G|7074919|7074918","Url":"le-balcon-des-arves.html","Localisation":{"GoogleMap":{"Latitude":"45.204299","Longitude":"6.269325"}},"ZoneGeo":"","Criteres":{"AFFICHAGESITE[ADHERENTOUICOMPLET":"","GCAPACITMAX[6PERS":"","GNOMBRE[7PERS":"","GEQUIPSERV[GANIMAUX":"","GEQUIPSERV[TV":"","GEQUIPSERV[GEQUIPBEBE":"","GEQUIPSERV[GPARKINGGARAGE":"","GEQUIPSERV[GJARDINBALCONTER":"","GEQUIPSERV[GPISCINE":"","GEQUIPSERV[GSPA":"","GEQUIPSERV[GLAVELINGE":"","GEQUIPSERV[GLAVEVAISSELLE":"","GEQUIPSERV[GLOCALSKI":"","GEQUIPSERV[GWIFIINTERNET":"","PSEUDOALEATOIRE[ADHERENTSSRESA":"","123[1504":"","123[1505":"","123[1093":"","123[1508":"","122[4054":"","122[6116":"","122[4063":"","122[4055":"","122[803":"","22[5068":"","22[1045":"","22[672":"","22[723":"","126[972":"","126[1318":"","23[1038":"","23[698":"","127[914":"","127[811":"","125[661":"","125[673":"","services[687":"","78[791":"","78[1130":"","119[1177":"","119[1217":"","prestations[animauxAcceptes":"","prestations[surchargeTourismesAdaptes":"","prestations[surchargeDescriptifHandicapMoteur":"","prestations[surchargeDescriptifHandicapAuditif":"","prestations[surchargeDescriptifHandicapVisuel":"","prestations[surchargeDescriptifHandicapMental":"","prestations[surchargeNombreFauteuilsRoulants":"","69[847":"","69[1015":"","69[983":"","69[1011":"","69[1013":"","69[6216":"","69[880":"","69[838":"","70[943":"","70[919":"","70[922":"","70[999":"","70[946":"","70[949":"","70[1012":"","70[1010":"","70[5914":"","70[997":"","70[5940":"","70[895":"","70[5915":"","70[774":"","70[907":"","72[882":"","72[5418":"","72[797":"","72[963":"","72[998":"","72[842":"","68[971":"","68[988":"","68[1004":"","71[900":"","73[973":"","73[796":"","languesParlees[1189":"","languesParlees[1192":"","languesParlees[1197":"","114[416":"","114[418":"","114[435":"","114[436":"","modesPaiement[1271":"","modesPaiement[1281":"","tourismeAffaires[tourismeAffairesEnabled":"","tourismeAffaires[devise":"EUR","hebergementLocatifType[2620":"","informationsHebergementLocatif[dateClassement":"2023-12-07","informationsHebergementLocatif[numeroClassement":"07321 073 242 23 0131","classementPrefectoral[2629":"","5402[1625":"","5401[1614":"","5403[1633":"","5403[1613":"","capacite[capaciteHebergement":"6","capacite[capaciteMaximumPossible":"7","capacite[nombreSallesDeBain":"1","capacite[nombreWC":"1","capacite[nombreLitsDoubles":"2","capacite[nombreLitsSimples":"3","capacite[surface":"44","capacite[nombrePieces":"3","capacite[nombreChambres":"2","capacite[nombreEtages":"2","capacite[numeroEtage":"1","CINTSITRA[4038":"","CINTSITRA[11226":"","CINTSITRA[11435":"","3220[25629":"","3233[60439":"","3233[908439":"","3218[60729":"","3219[72808":"","3219[126557":"","3227[82852":"","3230[323078":"","3230[5532377":"","3230[6328304":"","3221[344174":"","3221[549303":"","3221[596327":"","6241[595160":"","VilleSitra[30471":"","VillageDeDepart[30471":""},"ContactsParType":{"IWEB":{"59971":{"id_contact":"59971","type_contact":"IWEB","categorie_contact":"PRESTATION","societe_contact":"","fonction_contact":"","civilite_nom_prenom_contact":"M & MME BOEGLIN  ","adresse1_contact":"","adresse2_contact":"","adresse3_contact":"","cpostal_contact":"","ville_contact":"","teldom_contact":"0033(0)6 87 28 08 38","telbur_contact":"","fax_contact":"","portable_contact":"","email_contact":"sja.ecourts@gmail.com","siteweb_contact":"","commentaire_contact":"","langue_contact":"","autre_moyen_com":[]}},"":{"59972":{"id_contact":"59972","type_contact":"","categorie_contact":"PRESTATION","societe_contact":"","fonction_contact":"","civilite_nom_prenom_contact":"BOEGLIN Laure ","adresse1_contact":"","adresse2_contact":"","adresse3_contact":"","cpostal_contact":"","ville_contact":"","teldom_contact":"","telbur_contact":"","fax_contact":"","portable_contact":"","email_contact":"","siteweb_contact":"","commentaire_contact":"","langue_contact":"","autre_moyen_com":[]}}},"ContactRemplaceCoordonnees":"59971","Prestataire":{"pave1":{"libelle":"","contenu":""},"pave2":{"libelle":"","contenu":""},"pave3":{"libelle":"","contenu":""},"pave4":{"libelle":"","contenu":""},"pave5":{"libelle":"","contenu":""},"pave6":{"libelle":"","contenu":""},"pave7":{"libelle":"","contenu":""},"pave8":{"libelle":"","contenu":""},"pave9":{"libelle":"","contenu":""},"pave10":{"libelle":"","contenu":""},"pave11":{"libelle":"","contenu":""},"pave12":{"libelle":"","contenu":""},"pave13":{"libelle":"","contenu":""},"pave14":{"libelle":"","contenu":""},"pave15":{"libelle":"","contenu":""},"pave16":{"libelle":"","contenu":""},"pave17":{"libelle":"","contenu":""},"pave18":{"libelle":"","contenu":""},"pave19":{"libelle":"","contenu":""},"pave20":{"libelle":"","contenu":""},"pave21":{"libelle":"","contenu":""},"pave22":{"libelle":"","contenu":""},"pave23":{"libelle":"","contenu":""},"pave24":{"libelle":"","contenu":""},"pave25":{"libelle":"","contenu":""},"ContactsParType":{"GEST":{"52265":{"id_contact":"52265","type_contact":"GEST","categorie_contact":"PRESTATAIRE","societe_contact":"","fonction_contact":"","civilite_nom_prenom_contact":"M & MME BOEGLIN ","adresse1_contact":"205 all\u00e9e des Vo\u00fbtes","adresse2_contact":"Chalet Les Bouquetins","adresse3_contact":"R\u00e9sidence Go\u00e9lia","cpostal_contact":"73530","ville_contact":"Saint-Jean-d'Arves","teldom_contact":"0033(0)6 87 28 08 38","telbur_contact":"","fax_contact":"","portable_contact":"","email_contact":"sja.ecourts@gmail.com","siteweb_contact":"","commentaire_contact":"","langue_contact":"","autre_moyen_com":[]}}},"Libelle":"M & MME BOEGLIN","Nom":"M & MME BOEGLIN ","Prenom":"","NomPrenom":"M & MME BOEGLIN  ","CiviliteNomPrenom":"M & MME BOEGLIN  ","Cle":"G|7074919","PrestataireParent":"","ContexteStat":"PRESTATAIRE-G-7074919","DateModificationIso":"2024-09-25T01:04:00+02:00","Type":"PRESTATAIRE","TypePrestataire":"G","Adresse":{"LigneAdresse1":"","LigneAdresse2":"","LigneAdresse3":"","CodePostal":"","Ville":"","Cedex":"","Etat":"","Pays":""},"Email":"sja.ecourts@gmail.com","Telephone":"0033(0)6 87 28 08 38","TelephoneBureau":"","Portable":"","SiteWeb":"","Fax":"","Id":"g-7074919","Code":"G|7074919","Fichier":[],"Url":"m-mme-boeglin.html","Localisation":{"GoogleMap":{"Latitude":"","Longitude":""}},"ZoneGeo":"","Criteres":{"P.3220[25629":"","P.3233[60439":"","P.3233[908439":"","P.3218[60729":"","P.3219[72808":"","P.3219[126557":"","P.3227[82852":"","P.3230[323078":"","P.3230[5532377":"","P.3230[6328304":"","P.3221[344174":"","P.3221[549303":"","P.3221[596327":"","P.6241[595160":"","P.VilleSitra[30471":"","P.VillageDeDepart[30471":""},"DateFinPublication":""},"Fichier":{"Image":[{"url":"https:\/\/www.sja73.com\/medias\/images\/prestations\/66237-piste.jpg","chemin":"..\/medias\/images\/prestations\/66237-piste.jpg","libelle":"Le Balcon des Arves_Saint-Jean-d'Arves","extension":"jpg","categorie":"","largeur":3241,"theme":"","hauteur":2346,"type":"Image","origine":"","liaisonPave":"","langue":"","id":"66237","urlVignette":"https:\/\/www.sja73.com\/medias\/images\/prestations\/v-66237-piste.jpg","alt":"Le Balcon des Arves_Saint-Jean-d'Arves","title":"Le Balcon des Arves_Saint-Jean-d'Arves","MultiTaille":{"1920x1440":{"url":"https:\/\/www.sja73.com\/medias\/images\/prestations\/multitailles\/1920x1440_66237-piste.jpg"},"1200x900":{"url":"https:\/\/www.sja73.com\/medias\/images\/prestations\/multitailles\/1200x900_66237-piste.jpg"},"800x600":{"url":"https:\/\/www.sja73.com\/medias\/images\/prestations\/multitailles\/800x600_66237-piste.jpg"},"640x480":{"url":"https:\/\/www.sja73.com\/medias\/images\/prestations\/multitailles\/640x480_66237-piste.jpg"},"320x240":{"url":"https:\/\/www.sja73.com\/medias\/images\/prestations\/multitailles\/320x240_66237-piste.jpg"},"160x120":{"url":"https:\/\/www.sja73.com\/medias\/images\/prestations\/multitailles\/160x120_66237-piste.jpg"},"origine":{"url":"https:\/\/www.sja73.com\/medias\/images\/prestations\/66237-piste.jpg"}},"urlLien":"","typeLien":"","nofollow":"N","copyright":""},{"url":"https:\/\/www.sja73.com\/medias\/images\/prestations\/66238-balcon_fromage.jpg","chemin":"..\/medias\/images\/prestations\/66238-balcon_fromage.jpg","libelle":"balcon_fromage.jpg","extension":"jpg","categorie":"","largeur":4032,"theme":"","hauteur":3024,"type":"Image","origine":"","liaisonPave":"","langue":"","id":"66238","urlVignette":"https:\/\/www.sja73.com\/medias\/images\/prestations\/v-66238-balcon_fromage.jpg","alt":"balcon_fromage.jpg","title":"balcon_fromage.jpg","MultiTaille":{"1920x1440":{"url":"https:\/\/www.sja73.com\/medias\/images\/prestations\/multitailles\/1920x1440_66238-balcon_fromage.jpg"},"1200x900":{"url":"https:\/\/www.sja73.com\/medias\/images\/prestations\/multitailles\/1200x900_66238-balcon_fromage.jpg"},"800x600":{"url":"https:\/\/www.sja73.com\/medias\/images\/prestations\/multitailles\/800x600_66238-balcon_fromage.jpg"},"640x480":{"url":"https:\/\/www.sja73.com\/medias\/images\/prestations\/multitailles\/640x480_66238-balcon_fromage.jpg"},"320x240":{"url":"https:\/\/www.sja73.com\/medias\/images\/prestations\/multitailles\/320x240_66238-balcon_fromage.jpg"},"160x120":{"url":"https:\/\/www.sja73.com\/medias\/images\/prestations\/multitailles\/160x120_66238-balcon_fromage.jpg"},"origine":{"url":"https:\/\/www.sja73.com\/medias\/images\/prestations\/66238-balcon_fromage.jpg"}},"urlLien":"","typeLien":"","nofollow":"N","copyright":""},{"url":"https:\/\/www.sja73.com\/medias\/images\/prestations\/66239-fromage_region.jpg","chemin":"..\/medias\/images\/prestations\/66239-fromage_region.jpg","libelle":"fromage_region.jpg","extension":"jpg","categorie":"","largeur":605,"theme":"","hauteur":806,"type":"Image","origine":"","liaisonPave":"","langue":"","id":"66239","urlVignette":"https:\/\/www.sja73.com\/medias\/images\/prestations\/v-66239-fromage_region.jpg","alt":"fromage_region.jpg","title":"fromage_region.jpg","MultiTaille":{"1920x1440":{"url":"https:\/\/www.sja73.com\/medias\/images\/prestations\/multitailles\/1920x1440_66239-fromage_region.jpg"},"1200x900":{"url":"https:\/\/www.sja73.com\/medias\/images\/prestations\/multitailles\/1200x900_66239-fromage_region.jpg"},"800x600":{"url":"https:\/\/www.sja73.com\/medias\/images\/prestations\/multitailles\/800x600_66239-fromage_region.jpg"},"640x480":{"url":"https:\/\/www.sja73.com\/medias\/images\/prestations\/multitailles\/640x480_66239-fromage_region.jpg"},"320x240":{"url":"https:\/\/www.sja73.com\/medias\/images\/prestations\/multitailles\/320x240_66239-fromage_region.jpg"},"160x120":{"url":"https:\/\/www.sja73.com\/medias\/images\/prestations\/multitailles\/160x120_66239-fromage_region.jpg"},"origine":{"url":"https:\/\/www.sja73.com\/medias\/images\/prestations\/66239-fromage_region.jpg"}},"urlLien":"","typeLien":"","nofollow":"N","copyright":""},{"url":"https:\/\/www.sja73.com\/medias\/images\/prestations\/66240-balcon_des_arves.jpg","chemin":"..\/medias\/images\/prestations\/66240-balcon_des_arves.jpg","libelle":"Le Balcon des Arves_Saint-Jean-d'Arves","extension":"jpg","categorie":"","largeur":1600,"theme":"","hauteur":1200,"type":"Image","origine":"","liaisonPave":"","langue":"","id":"66240","urlVignette":"https:\/\/www.sja73.com\/medias\/images\/prestations\/v-66240-balcon_des_arves.jpg","alt":"Le Balcon des Arves_Saint-Jean-d'Arves","title":"Le Balcon des Arves_Saint-Jean-d'Arves","MultiTaille":{"1920x1440":{"url":"https:\/\/www.sja73.com\/medias\/images\/prestations\/multitailles\/1920x1440_66240-balcon_des_arves.jpg"},"1200x900":{"url":"https:\/\/www.sja73.com\/medias\/images\/prestations\/multitailles\/1200x900_66240-balcon_des_arves.jpg"},"800x600":{"url":"https:\/\/www.sja73.com\/medias\/images\/prestations\/multitailles\/800x600_66240-balcon_des_arves.jpg"},"640x480":{"url":"https:\/\/www.sja73.com\/medias\/images\/prestations\/multitailles\/640x480_66240-balcon_des_arves.jpg"},"320x240":{"url":"https:\/\/www.sja73.com\/medias\/images\/prestations\/multitailles\/320x240_66240-balcon_des_arves.jpg"},"160x120":{"url":"https:\/\/www.sja73.com\/medias\/images\/prestations\/multitailles\/160x120_66240-balcon_des_arves.jpg"},"origine":{"url":"https:\/\/www.sja73.com\/medias\/images\/prestations\/66240-balcon_des_arves.jpg"}},"urlLien":"","typeLien":"","nofollow":"N","copyright":""},{"url":"https:\/\/www.sja73.com\/medias\/images\/prestations\/66241-chambre_lits_jumeaux.png","chemin":"..\/medias\/images\/prestations\/66241-chambre_lits_jumeaux.png","libelle":"Le Balcon des Arves_Saint-Jean-d'Arves","extension":"png","categorie":"","largeur":881,"theme":"","hauteur":870,"type":"Image","origine":"","liaisonPave":"","langue":"","id":"66241","urlVignette":"https:\/\/www.sja73.com\/medias\/images\/prestations\/v-66241-chambre_lits_jumeaux.png","alt":"Le Balcon des Arves_Saint-Jean-d'Arves","title":"Le Balcon des Arves_Saint-Jean-d'Arves","MultiTaille":{"1920x1440":{"url":"https:\/\/www.sja73.com\/medias\/images\/prestations\/multitailles\/1920x1440_66241-chambre_lits_jumeaux.png"},"1200x900":{"url":"https:\/\/www.sja73.com\/medias\/images\/prestations\/multitailles\/1200x900_66241-chambre_lits_jumeaux.png"},"800x600":{"url":"https:\/\/www.sja73.com\/medias\/images\/prestations\/multitailles\/800x600_66241-chambre_lits_jumeaux.png"},"640x480":{"url":"https:\/\/www.sja73.com\/medias\/images\/prestations\/multitailles\/640x480_66241-chambre_lits_jumeaux.png"},"320x240":{"url":"https:\/\/www.sja73.com\/medias\/images\/prestations\/multitailles\/320x240_66241-chambre_lits_jumeaux.png"},"160x120":{"url":"https:\/\/www.sja73.com\/medias\/images\/prestations\/multitailles\/160x120_66241-chambre_lits_jumeaux.png"},"origine":{"url":"https:\/\/www.sja73.com\/medias\/images\/prestations\/66241-chambre_lits_jumeaux.png"}},"urlLien":"","typeLien":"","nofollow":"N","copyright":""},{"url":"https:\/\/www.sja73.com\/medias\/images\/prestations\/66242-cuisine.jpg","chemin":"..\/medias\/images\/prestations\/66242-cuisine.jpg","libelle":"Le Balcon des Arves_Saint-Jean-d'Arves","extension":"jpg","categorie":"","largeur":605,"theme":"","hauteur":454,"type":"Image","origine":"","liaisonPave":"","langue":"","id":"66242","urlVignette":"https:\/\/www.sja73.com\/medias\/images\/prestations\/v-66242-cuisine.jpg","alt":"Le Balcon des Arves_Saint-Jean-d'Arves","title":"Le Balcon des Arves_Saint-Jean-d'Arves","MultiTaille":{"1920x1440":{"url":"https:\/\/www.sja73.com\/medias\/images\/prestations\/multitailles\/1920x1440_66242-cuisine.jpg"},"1200x900":{"url":"https:\/\/www.sja73.com\/medias\/images\/prestations\/multitailles\/1200x900_66242-cuisine.jpg"},"800x600":{"url":"https:\/\/www.sja73.com\/medias\/images\/prestations\/multitailles\/800x600_66242-cuisine.jpg"},"640x480":{"url":"https:\/\/www.sja73.com\/medias\/images\/prestations\/multitailles\/640x480_66242-cuisine.jpg"},"320x240":{"url":"https:\/\/www.sja73.com\/medias\/images\/prestations\/multitailles\/320x240_66242-cuisine.jpg"},"160x120":{"url":"https:\/\/www.sja73.com\/medias\/images\/prestations\/multitailles\/160x120_66242-cuisine.jpg"},"origine":{"url":"https:\/\/www.sja73.com\/medias\/images\/prestations\/66242-cuisine.jpg"}},"urlLien":"","typeLien":"","nofollow":"N","copyright":""},{"url":"https:\/\/www.sja73.com\/medias\/images\/prestations\/66243-exterieur.jpg","chemin":"..\/medias\/images\/prestations\/66243-exterieur.jpg","libelle":"Le Balcon des Arves_Saint-Jean-d'Arves","extension":"jpg","categorie":"","largeur":605,"theme":"","hauteur":340,"type":"Image","origine":"","liaisonPave":"","langue":"","id":"66243","urlVignette":"https:\/\/www.sja73.com\/medias\/images\/prestations\/v-66243-exterieur.jpg","alt":"Le Balcon des Arves_Saint-Jean-d'Arves","title":"Le Balcon des Arves_Saint-Jean-d'Arves","MultiTaille":{"1920x1440":{"url":"https:\/\/www.sja73.com\/medias\/images\/prestations\/multitailles\/1920x1440_66243-exterieur.jpg"},"1200x900":{"url":"https:\/\/www.sja73.com\/medias\/images\/prestations\/multitailles\/1200x900_66243-exterieur.jpg"},"800x600":{"url":"https:\/\/www.sja73.com\/medias\/images\/prestations\/multitailles\/800x600_66243-exterieur.jpg"},"640x480":{"url":"https:\/\/www.sja73.com\/medias\/images\/prestations\/multitailles\/640x480_66243-exterieur.jpg"},"320x240":{"url":"https:\/\/www.sja73.com\/medias\/images\/prestations\/multitailles\/320x240_66243-exterieur.jpg"},"160x120":{"url":"https:\/\/www.sja73.com\/medias\/images\/prestations\/multitailles\/160x120_66243-exterieur.jpg"},"origine":{"url":"https:\/\/www.sja73.com\/medias\/images\/prestations\/66243-exterieur.jpg"}},"urlLien":"","typeLien":"","nofollow":"N","copyright":""},{"url":"https:\/\/www.sja73.com\/medias\/images\/prestations\/66244-lit_double.png","chemin":"..\/medias\/images\/prestations\/66244-lit_double.png","libelle":"Le Balcon des Arves_Saint-Jean-d'Arves","extension":"png","categorie":"","largeur":876,"theme":"","hauteur":863,"type":"Image","origine":"","liaisonPave":"","langue":"","id":"66244","urlVignette":"https:\/\/www.sja73.com\/medias\/images\/prestations\/v-66244-lit_double.png","alt":"Le Balcon des Arves_Saint-Jean-d'Arves","title":"Le Balcon des Arves_Saint-Jean-d'Arves","MultiTaille":{"1920x1440":{"url":"https:\/\/www.sja73.com\/medias\/images\/prestations\/multitailles\/1920x1440_66244-lit_double.png"},"1200x900":{"url":"https:\/\/www.sja73.com\/medias\/images\/prestations\/multitailles\/1200x900_66244-lit_double.png"},"800x600":{"url":"https:\/\/www.sja73.com\/medias\/images\/prestations\/multitailles\/800x600_66244-lit_double.png"},"640x480":{"url":"https:\/\/www.sja73.com\/medias\/images\/prestations\/multitailles\/640x480_66244-lit_double.png"},"320x240":{"url":"https:\/\/www.sja73.com\/medias\/images\/prestations\/multitailles\/320x240_66244-lit_double.png"},"160x120":{"url":"https:\/\/www.sja73.com\/medias\/images\/prestations\/multitailles\/160x120_66244-lit_double.png"},"origine":{"url":"https:\/\/www.sja73.com\/medias\/images\/prestations\/66244-lit_double.png"}},"urlLien":"","typeLien":"","nofollow":"N","copyright":""},{"url":"https:\/\/www.sja73.com\/medias\/images\/prestations\/66245-piscine.jpg","chemin":"..\/medias\/images\/prestations\/66245-piscine.jpg","libelle":"Le Balcon des Arves_Saint-Jean-d'Arves","extension":"jpg","categorie":"","largeur":1920,"theme":"","hauteur":1275,"type":"Image","origine":"","liaisonPave":"","langue":"","id":"66245","urlVignette":"https:\/\/www.sja73.com\/medias\/images\/prestations\/v-66245-piscine.jpg","alt":"Le Balcon des Arves_Saint-Jean-d'Arves","title":"Le Balcon des Arves_Saint-Jean-d'Arves","MultiTaille":{"1920x1440":{"url":"https:\/\/www.sja73.com\/medias\/images\/prestations\/multitailles\/1920x1440_66245-piscine.jpg"},"1200x900":{"url":"https:\/\/www.sja73.com\/medias\/images\/prestations\/multitailles\/1200x900_66245-piscine.jpg"},"800x600":{"url":"https:\/\/www.sja73.com\/medias\/images\/prestations\/multitailles\/800x600_66245-piscine.jpg"},"640x480":{"url":"https:\/\/www.sja73.com\/medias\/images\/prestations\/multitailles\/640x480_66245-piscine.jpg"},"320x240":{"url":"https:\/\/www.sja73.com\/medias\/images\/prestations\/multitailles\/320x240_66245-piscine.jpg"},"160x120":{"url":"https:\/\/www.sja73.com\/medias\/images\/prestations\/multitailles\/160x120_66245-piscine.jpg"},"origine":{"url":"https:\/\/www.sja73.com\/medias\/images\/prestations\/66245-piscine.jpg"}},"urlLien":"","typeLien":"","nofollow":"N","copyright":""},{"url":"https:\/\/www.sja73.com\/medias\/images\/prestations\/66246-salle_de_bain_2.jpg","chemin":"..\/medias\/images\/prestations\/66246-salle_de_bain_2.jpg","libelle":"Le Balcon des Arves_Saint-Jean-d'Arves","extension":"jpg","categorie":"","largeur":720,"theme":"","hauteur":1600,"type":"Image","origine":"","liaisonPave":"","langue":"","id":"66246","urlVignette":"https:\/\/www.sja73.com\/medias\/images\/prestations\/v-66246-salle_de_bain_2.jpg","alt":"Le Balcon des Arves_Saint-Jean-d'Arves","title":"Le Balcon des Arves_Saint-Jean-d'Arves","MultiTaille":{"1920x1440":{"url":"https:\/\/www.sja73.com\/medias\/images\/prestations\/multitailles\/1920x1440_66246-salle_de_bain_2.jpg"},"1200x900":{"url":"https:\/\/www.sja73.com\/medias\/images\/prestations\/multitailles\/1200x900_66246-salle_de_bain_2.jpg"},"800x600":{"url":"https:\/\/www.sja73.com\/medias\/images\/prestations\/multitailles\/800x600_66246-salle_de_bain_2.jpg"},"640x480":{"url":"https:\/\/www.sja73.com\/medias\/images\/prestations\/multitailles\/640x480_66246-salle_de_bain_2.jpg"},"320x240":{"url":"https:\/\/www.sja73.com\/medias\/images\/prestations\/multitailles\/320x240_66246-salle_de_bain_2.jpg"},"160x120":{"url":"https:\/\/www.sja73.com\/medias\/images\/prestations\/multitailles\/160x120_66246-salle_de_bain_2.jpg"},"origine":{"url":"https:\/\/www.sja73.com\/medias\/images\/prestations\/66246-salle_de_bain_2.jpg"}},"urlLien":"","typeLien":"","nofollow":"N","copyright":""},{"url":"https:\/\/www.sja73.com\/medias\/images\/prestations\/66247-vue_aerienne_chalets_ecourts.jpg","chemin":"..\/medias\/images\/prestations\/66247-vue_aerienne_chalets_ecourts.jpg","libelle":"Le Balcon des Arves_Saint-Jean-d'Arves","extension":"jpg","categorie":"","largeur":900,"theme":"","hauteur":1600,"type":"Image","origine":"","liaisonPave":"","langue":"","id":"66247","urlVignette":"https:\/\/www.sja73.com\/medias\/images\/prestations\/v-66247-vue_aerienne_chalets_ecourts.jpg","alt":"Le Balcon des Arves_Saint-Jean-d'Arves","title":"Le Balcon des Arves_Saint-Jean-d'Arves","MultiTaille":{"1920x1440":{"url":"https:\/\/www.sja73.com\/medias\/images\/prestations\/multitailles\/1920x1440_66247-vue_aerienne_chalets_ecourts.jpg"},"1200x900":{"url":"https:\/\/www.sja73.com\/medias\/images\/prestations\/multitailles\/1200x900_66247-vue_aerienne_chalets_ecourts.jpg"},"800x600":{"url":"https:\/\/www.sja73.com\/medias\/images\/prestations\/multitailles\/800x600_66247-vue_aerienne_chalets_ecourts.jpg"},"640x480":{"url":"https:\/\/www.sja73.com\/medias\/images\/prestations\/multitailles\/640x480_66247-vue_aerienne_chalets_ecourts.jpg"},"320x240":{"url":"https:\/\/www.sja73.com\/medias\/images\/prestations\/multitailles\/320x240_66247-vue_aerienne_chalets_ecourts.jpg"},"160x120":{"url":"https:\/\/www.sja73.com\/medias\/images\/prestations\/multitailles\/160x120_66247-vue_aerienne_chalets_ecourts.jpg"},"origine":{"url":"https:\/\/www.sja73.com\/medias\/images\/prestations\/66247-vue_aerienne_chalets_ecourts.jpg"}},"urlLien":"","typeLien":"","nofollow":"N","copyright":""},{"url":"https:\/\/www.sja73.com\/medias\/images\/prestations\/66248-vue_sejour_cuisine_table.jpg","chemin":"..\/medias\/images\/prestations\/66248-vue_sejour_cuisine_table.jpg","libelle":"Le Balcon des Arves_Saint-Jean-d'Arves","extension":"jpg","categorie":"","largeur":768,"theme":"","hauteur":1024,"type":"Image","origine":"","liaisonPave":"","langue":"","id":"66248","urlVignette":"https:\/\/www.sja73.com\/medias\/images\/prestations\/v-66248-vue_sejour_cuisine_table.jpg","alt":"Le Balcon des Arves_Saint-Jean-d'Arves","title":"Le Balcon des Arves_Saint-Jean-d'Arves","MultiTaille":{"1920x1440":{"url":"https:\/\/www.sja73.com\/medias\/images\/prestations\/multitailles\/1920x1440_66248-vue_sejour_cuisine_table.jpg"},"1200x900":{"url":"https:\/\/www.sja73.com\/medias\/images\/prestations\/multitailles\/1200x900_66248-vue_sejour_cuisine_table.jpg"},"800x600":{"url":"https:\/\/www.sja73.com\/medias\/images\/prestations\/multitailles\/800x600_66248-vue_sejour_cuisine_table.jpg"},"640x480":{"url":"https:\/\/www.sja73.com\/medias\/images\/prestations\/multitailles\/640x480_66248-vue_sejour_cuisine_table.jpg"},"320x240":{"url":"https:\/\/www.sja73.com\/medias\/images\/prestations\/multitailles\/320x240_66248-vue_sejour_cuisine_table.jpg"},"160x120":{"url":"https:\/\/www.sja73.com\/medias\/images\/prestations\/multitailles\/160x120_66248-vue_sejour_cuisine_table.jpg"},"origine":{"url":"https:\/\/www.sja73.com\/medias\/images\/prestations\/66248-vue_sejour_cuisine_table.jpg"}},"urlLien":"","typeLien":"","nofollow":"N","copyright":""},{"url":"https:\/\/www.sja73.com\/medias\/images\/prestations\/66249-lit_mezzanine.png","chemin":"..\/medias\/images\/prestations\/66249-lit_mezzanine.png","libelle":"Le Balcon des Arves_Saint-Jean-d'Arves","extension":"png","categorie":"","largeur":830,"theme":"","hauteur":814,"type":"Image","origine":"","liaisonPave":"","langue":"","id":"66249","urlVignette":"https:\/\/www.sja73.com\/medias\/images\/prestations\/v-66249-lit_mezzanine.png","alt":"Le Balcon des Arves_Saint-Jean-d'Arves","title":"Le Balcon des Arves_Saint-Jean-d'Arves","MultiTaille":{"1920x1440":{"url":"https:\/\/www.sja73.com\/medias\/images\/prestations\/multitailles\/1920x1440_66249-lit_mezzanine.png"},"1200x900":{"url":"https:\/\/www.sja73.com\/medias\/images\/prestations\/multitailles\/1200x900_66249-lit_mezzanine.png"},"800x600":{"url":"https:\/\/www.sja73.com\/medias\/images\/prestations\/multitailles\/800x600_66249-lit_mezzanine.png"},"640x480":{"url":"https:\/\/www.sja73.com\/medias\/images\/prestations\/multitailles\/640x480_66249-lit_mezzanine.png"},"320x240":{"url":"https:\/\/www.sja73.com\/medias\/images\/prestations\/multitailles\/320x240_66249-lit_mezzanine.png"},"160x120":{"url":"https:\/\/www.sja73.com\/medias\/images\/prestations\/multitailles\/160x120_66249-lit_mezzanine.png"},"origine":{"url":"https:\/\/www.sja73.com\/medias\/images\/prestations\/66249-lit_mezzanine.png"}},"urlLien":"","typeLien":"","nofollow":"N","copyright":""},{"url":"https:\/\/www.sja73.com\/medias\/images\/prestations\/66250-vrai_canape.png","chemin":"..\/medias\/images\/prestations\/66250-vrai_canape.png","libelle":"Le Balcon des Arves_Saint-Jean-d'Arves","extension":"png","categorie":"","largeur":458,"theme":"","hauteur":605,"type":"Image","origine":"","liaisonPave":"","langue":"","id":"66250","urlVignette":"https:\/\/www.sja73.com\/medias\/images\/prestations\/v-66250-vrai_canape.png","alt":"Le Balcon des Arves_Saint-Jean-d'Arves","title":"Le Balcon des Arves_Saint-Jean-d'Arves","MultiTaille":{"1920x1440":{"url":"https:\/\/www.sja73.com\/medias\/images\/prestations\/multitailles\/1920x1440_66250-vrai_canape.png"},"1200x900":{"url":"https:\/\/www.sja73.com\/medias\/images\/prestations\/multitailles\/1200x900_66250-vrai_canape.png"},"800x600":{"url":"https:\/\/www.sja73.com\/medias\/images\/prestations\/multitailles\/800x600_66250-vrai_canape.png"},"640x480":{"url":"https:\/\/www.sja73.com\/medias\/images\/prestations\/multitailles\/640x480_66250-vrai_canape.png"},"320x240":{"url":"https:\/\/www.sja73.com\/medias\/images\/prestations\/multitailles\/320x240_66250-vrai_canape.png"},"160x120":{"url":"https:\/\/www.sja73.com\/medias\/images\/prestations\/multitailles\/160x120_66250-vrai_canape.png"},"origine":{"url":"https:\/\/www.sja73.com\/medias\/images\/prestations\/66250-vrai_canape.png"}},"urlLien":"","typeLien":"","nofollow":"N","copyright":""}],"ByCategorie":{"":[{"url":"https:\/\/www.sja73.com\/medias\/images\/prestations\/66237-piste.jpg","chemin":"..\/medias\/images\/prestations\/66237-piste.jpg","libelle":"Le Balcon des Arves_Saint-Jean-d'Arves","extension":"jpg","categorie":"","largeur":3241,"theme":"","hauteur":2346,"type":"Image","origine":"","liaisonPave":"","langue":"","id":"66237","urlVignette":"https:\/\/www.sja73.com\/medias\/images\/prestations\/v-66237-piste.jpg","alt":"Le Balcon des Arves_Saint-Jean-d'Arves","title":"Le Balcon des Arves_Saint-Jean-d'Arves","MultiTaille":{"1920x1440":{"url":"https:\/\/www.sja73.com\/medias\/images\/prestations\/multitailles\/1920x1440_66237-piste.jpg"},"1200x900":{"url":"https:\/\/www.sja73.com\/medias\/images\/prestations\/multitailles\/1200x900_66237-piste.jpg"},"800x600":{"url":"https:\/\/www.sja73.com\/medias\/images\/prestations\/multitailles\/800x600_66237-piste.jpg"},"640x480":{"url":"https:\/\/www.sja73.com\/medias\/images\/prestations\/multitailles\/640x480_66237-piste.jpg"},"320x240":{"url":"https:\/\/www.sja73.com\/medias\/images\/prestations\/multitailles\/320x240_66237-piste.jpg"},"160x120":{"url":"https:\/\/www.sja73.com\/medias\/images\/prestations\/multitailles\/160x120_66237-piste.jpg"},"origine":{"url":"https:\/\/www.sja73.com\/medias\/images\/prestations\/66237-piste.jpg"}},"urlLien":"","typeLien":"","nofollow":"N","copyright":""},{"url":"https:\/\/www.sja73.com\/medias\/images\/prestations\/66238-balcon_fromage.jpg","chemin":"..\/medias\/images\/prestations\/66238-balcon_fromage.jpg","libelle":"balcon_fromage.jpg","extension":"jpg","categorie":"","largeur":4032,"theme":"","hauteur":3024,"type":"Image","origine":"","liaisonPave":"","langue":"","id":"66238","urlVignette":"https:\/\/www.sja73.com\/medias\/images\/prestations\/v-66238-balcon_fromage.jpg","alt":"balcon_fromage.jpg","title":"balcon_fromage.jpg","MultiTaille":{"1920x1440":{"url":"https:\/\/www.sja73.com\/medias\/images\/prestations\/multitailles\/1920x1440_66238-balcon_fromage.jpg"},"1200x900":{"url":"https:\/\/www.sja73.com\/medias\/images\/prestations\/multitailles\/1200x900_66238-balcon_fromage.jpg"},"800x600":{"url":"https:\/\/www.sja73.com\/medias\/images\/prestations\/multitailles\/800x600_66238-balcon_fromage.jpg"},"640x480":{"url":"https:\/\/www.sja73.com\/medias\/images\/prestations\/multitailles\/640x480_66238-balcon_fromage.jpg"},"320x240":{"url":"https:\/\/www.sja73.com\/medias\/images\/prestations\/multitailles\/320x240_66238-balcon_fromage.jpg"},"160x120":{"url":"https:\/\/www.sja73.com\/medias\/images\/prestations\/multitailles\/160x120_66238-balcon_fromage.jpg"},"origine":{"url":"https:\/\/www.sja73.com\/medias\/images\/prestations\/66238-balcon_fromage.jpg"}},"urlLien":"","typeLien":"","nofollow":"N","copyright":""},{"url":"https:\/\/www.sja73.com\/medias\/images\/prestations\/66239-fromage_region.jpg","chemin":"..\/medias\/images\/prestations\/66239-fromage_region.jpg","libelle":"fromage_region.jpg","extension":"jpg","categorie":"","largeur":605,"theme":"","hauteur":806,"type":"Image","origine":"","liaisonPave":"","langue":"","id":"66239","urlVignette":"https:\/\/www.sja73.com\/medias\/images\/prestations\/v-66239-fromage_region.jpg","alt":"fromage_region.jpg","title":"fromage_region.jpg","MultiTaille":{"1920x1440":{"url":"https:\/\/www.sja73.com\/medias\/images\/prestations\/multitailles\/1920x1440_66239-fromage_region.jpg"},"1200x900":{"url":"https:\/\/www.sja73.com\/medias\/images\/prestations\/multitailles\/1200x900_66239-fromage_region.jpg"},"800x600":{"url":"https:\/\/www.sja73.com\/medias\/images\/prestations\/multitailles\/800x600_66239-fromage_region.jpg"},"640x480":{"url":"https:\/\/www.sja73.com\/medias\/images\/prestations\/multitailles\/640x480_66239-fromage_region.jpg"},"320x240":{"url":"https:\/\/www.sja73.com\/medias\/images\/prestations\/multitailles\/320x240_66239-fromage_region.jpg"},"160x120":{"url":"https:\/\/www.sja73.com\/medias\/images\/prestations\/multitailles\/160x120_66239-fromage_region.jpg"},"origine":{"url":"https:\/\/www.sja73.com\/medias\/images\/prestations\/66239-fromage_region.jpg"}},"urlLien":"","typeLien":"","nofollow":"N","copyright":""},{"url":"https:\/\/www.sja73.com\/medias\/images\/prestations\/66240-balcon_des_arves.jpg","chemin":"..\/medias\/images\/prestations\/66240-balcon_des_arves.jpg","libelle":"Le Balcon des Arves_Saint-Jean-d'Arves","extension":"jpg","categorie":"","largeur":1600,"theme":"","hauteur":1200,"type":"Image","origine":"","liaisonPave":"","langue":"","id":"66240","urlVignette":"https:\/\/www.sja73.com\/medias\/images\/prestations\/v-66240-balcon_des_arves.jpg","alt":"Le Balcon des Arves_Saint-Jean-d'Arves","title":"Le Balcon des Arves_Saint-Jean-d'Arves","MultiTaille":{"1920x1440":{"url":"https:\/\/www.sja73.com\/medias\/images\/prestations\/multitailles\/1920x1440_66240-balcon_des_arves.jpg"},"1200x900":{"url":"https:\/\/www.sja73.com\/medias\/images\/prestations\/multitailles\/1200x900_66240-balcon_des_arves.jpg"},"800x600":{"url":"https:\/\/www.sja73.com\/medias\/images\/prestations\/multitailles\/800x600_66240-balcon_des_arves.jpg"},"640x480":{"url":"https:\/\/www.sja73.com\/medias\/images\/prestations\/multitailles\/640x480_66240-balcon_des_arves.jpg"},"320x240":{"url":"https:\/\/www.sja73.com\/medias\/images\/prestations\/multitailles\/320x240_66240-balcon_des_arves.jpg"},"160x120":{"url":"https:\/\/www.sja73.com\/medias\/images\/prestations\/multitailles\/160x120_66240-balcon_des_arves.jpg"},"origine":{"url":"https:\/\/www.sja73.com\/medias\/images\/prestations\/66240-balcon_des_arves.jpg"}},"urlLien":"","typeLien":"","nofollow":"N","copyright":""},{"url":"https:\/\/www.sja73.com\/medias\/images\/prestations\/66241-chambre_lits_jumeaux.png","chemin":"..\/medias\/images\/prestations\/66241-chambre_lits_jumeaux.png","libelle":"Le Balcon des Arves_Saint-Jean-d'Arves","extension":"png","categorie":"","largeur":881,"theme":"","hauteur":870,"type":"Image","origine":"","liaisonPave":"","langue":"","id":"66241","urlVignette":"https:\/\/www.sja73.com\/medias\/images\/prestations\/v-66241-chambre_lits_jumeaux.png","alt":"Le Balcon des Arves_Saint-Jean-d'Arves","title":"Le Balcon des Arves_Saint-Jean-d'Arves","MultiTaille":{"1920x1440":{"url":"https:\/\/www.sja73.com\/medias\/images\/prestations\/multitailles\/1920x1440_66241-chambre_lits_jumeaux.png"},"1200x900":{"url":"https:\/\/www.sja73.com\/medias\/images\/prestations\/multitailles\/1200x900_66241-chambre_lits_jumeaux.png"},"800x600":{"url":"https:\/\/www.sja73.com\/medias\/images\/prestations\/multitailles\/800x600_66241-chambre_lits_jumeaux.png"},"640x480":{"url":"https:\/\/www.sja73.com\/medias\/images\/prestations\/multitailles\/640x480_66241-chambre_lits_jumeaux.png"},"320x240":{"url":"https:\/\/www.sja73.com\/medias\/images\/prestations\/multitailles\/320x240_66241-chambre_lits_jumeaux.png"},"160x120":{"url":"https:\/\/www.sja73.com\/medias\/images\/prestations\/multitailles\/160x120_66241-chambre_lits_jumeaux.png"},"origine":{"url":"https:\/\/www.sja73.com\/medias\/images\/prestations\/66241-chambre_lits_jumeaux.png"}},"urlLien":"","typeLien":"","nofollow":"N","copyright":""},{"url":"https:\/\/www.sja73.com\/medias\/images\/prestations\/66242-cuisine.jpg","chemin":"..\/medias\/images\/prestations\/66242-cuisine.jpg","libelle":"Le Balcon des Arves_Saint-Jean-d'Arves","extension":"jpg","categorie":"","largeur":605,"theme":"","hauteur":454,"type":"Image","origine":"","liaisonPave":"","langue":"","id":"66242","urlVignette":"https:\/\/www.sja73.com\/medias\/images\/prestations\/v-66242-cuisine.jpg","alt":"Le Balcon des Arves_Saint-Jean-d'Arves","title":"Le Balcon des Arves_Saint-Jean-d'Arves","MultiTaille":{"1920x1440":{"url":"https:\/\/www.sja73.com\/medias\/images\/prestations\/multitailles\/1920x1440_66242-cuisine.jpg"},"1200x900":{"url":"https:\/\/www.sja73.com\/medias\/images\/prestations\/multitailles\/1200x900_66242-cuisine.jpg"},"800x600":{"url":"https:\/\/www.sja73.com\/medias\/images\/prestations\/multitailles\/800x600_66242-cuisine.jpg"},"640x480":{"url":"https:\/\/www.sja73.com\/medias\/images\/prestations\/multitailles\/640x480_66242-cuisine.jpg"},"320x240":{"url":"https:\/\/www.sja73.com\/medias\/images\/prestations\/multitailles\/320x240_66242-cuisine.jpg"},"160x120":{"url":"https:\/\/www.sja73.com\/medias\/images\/prestations\/multitailles\/160x120_66242-cuisine.jpg"},"origine":{"url":"https:\/\/www.sja73.com\/medias\/images\/prestations\/66242-cuisine.jpg"}},"urlLien":"","typeLien":"","nofollow":"N","copyright":""},{"url":"https:\/\/www.sja73.com\/medias\/images\/prestations\/66243-exterieur.jpg","chemin":"..\/medias\/images\/prestations\/66243-exterieur.jpg","libelle":"Le Balcon des Arves_Saint-Jean-d'Arves","extension":"jpg","categorie":"","largeur":605,"theme":"","hauteur":340,"type":"Image","origine":"","liaisonPave":"","langue":"","id":"66243","urlVignette":"https:\/\/www.sja73.com\/medias\/images\/prestations\/v-66243-exterieur.jpg","alt":"Le Balcon des Arves_Saint-Jean-d'Arves","title":"Le Balcon des Arves_Saint-Jean-d'Arves","MultiTaille":{"1920x1440":{"url":"https:\/\/www.sja73.com\/medias\/images\/prestations\/multitailles\/1920x1440_66243-exterieur.jpg"},"1200x900":{"url":"https:\/\/www.sja73.com\/medias\/images\/prestations\/multitailles\/1200x900_66243-exterieur.jpg"},"800x600":{"url":"https:\/\/www.sja73.com\/medias\/images\/prestations\/multitailles\/800x600_66243-exterieur.jpg"},"640x480":{"url":"https:\/\/www.sja73.com\/medias\/images\/prestations\/multitailles\/640x480_66243-exterieur.jpg"},"320x240":{"url":"https:\/\/www.sja73.com\/medias\/images\/prestations\/multitailles\/320x240_66243-exterieur.jpg"},"160x120":{"url":"https:\/\/www.sja73.com\/medias\/images\/prestations\/multitailles\/160x120_66243-exterieur.jpg"},"origine":{"url":"https:\/\/www.sja73.com\/medias\/images\/prestations\/66243-exterieur.jpg"}},"urlLien":"","typeLien":"","nofollow":"N","copyright":""},{"url":"https:\/\/www.sja73.com\/medias\/images\/prestations\/66244-lit_double.png","chemin":"..\/medias\/images\/prestations\/66244-lit_double.png","libelle":"Le Balcon des Arves_Saint-Jean-d'Arves","extension":"png","categorie":"","largeur":876,"theme":"","hauteur":863,"type":"Image","origine":"","liaisonPave":"","langue":"","id":"66244","urlVignette":"https:\/\/www.sja73.com\/medias\/images\/prestations\/v-66244-lit_double.png","alt":"Le Balcon des Arves_Saint-Jean-d'Arves","title":"Le Balcon des Arves_Saint-Jean-d'Arves","MultiTaille":{"1920x1440":{"url":"https:\/\/www.sja73.com\/medias\/images\/prestations\/multitailles\/1920x1440_66244-lit_double.png"},"1200x900":{"url":"https:\/\/www.sja73.com\/medias\/images\/prestations\/multitailles\/1200x900_66244-lit_double.png"},"800x600":{"url":"https:\/\/www.sja73.com\/medias\/images\/prestations\/multitailles\/800x600_66244-lit_double.png"},"640x480":{"url":"https:\/\/www.sja73.com\/medias\/images\/prestations\/multitailles\/640x480_66244-lit_double.png"},"320x240":{"url":"https:\/\/www.sja73.com\/medias\/images\/prestations\/multitailles\/320x240_66244-lit_double.png"},"160x120":{"url":"https:\/\/www.sja73.com\/medias\/images\/prestations\/multitailles\/160x120_66244-lit_double.png"},"origine":{"url":"https:\/\/www.sja73.com\/medias\/images\/prestations\/66244-lit_double.png"}},"urlLien":"","typeLien":"","nofollow":"N","copyright":""},{"url":"https:\/\/www.sja73.com\/medias\/images\/prestations\/66245-piscine.jpg","chemin":"..\/medias\/images\/prestations\/66245-piscine.jpg","libelle":"Le Balcon des Arves_Saint-Jean-d'Arves","extension":"jpg","categorie":"","largeur":1920,"theme":"","hauteur":1275,"type":"Image","origine":"","liaisonPave":"","langue":"","id":"66245","urlVignette":"https:\/\/www.sja73.com\/medias\/images\/prestations\/v-66245-piscine.jpg","alt":"Le Balcon des Arves_Saint-Jean-d'Arves","title":"Le Balcon des Arves_Saint-Jean-d'Arves","MultiTaille":{"1920x1440":{"url":"https:\/\/www.sja73.com\/medias\/images\/prestations\/multitailles\/1920x1440_66245-piscine.jpg"},"1200x900":{"url":"https:\/\/www.sja73.com\/medias\/images\/prestations\/multitailles\/1200x900_66245-piscine.jpg"},"800x600":{"url":"https:\/\/www.sja73.com\/medias\/images\/prestations\/multitailles\/800x600_66245-piscine.jpg"},"640x480":{"url":"https:\/\/www.sja73.com\/medias\/images\/prestations\/multitailles\/640x480_66245-piscine.jpg"},"320x240":{"url":"https:\/\/www.sja73.com\/medias\/images\/prestations\/multitailles\/320x240_66245-piscine.jpg"},"160x120":{"url":"https:\/\/www.sja73.com\/medias\/images\/prestations\/multitailles\/160x120_66245-piscine.jpg"},"origine":{"url":"https:\/\/www.sja73.com\/medias\/images\/prestations\/66245-piscine.jpg"}},"urlLien":"","typeLien":"","nofollow":"N","copyright":""},{"url":"https:\/\/www.sja73.com\/medias\/images\/prestations\/66246-salle_de_bain_2.jpg","chemin":"..\/medias\/images\/prestations\/66246-salle_de_bain_2.jpg","libelle":"Le Balcon des Arves_Saint-Jean-d'Arves","extension":"jpg","categorie":"","largeur":720,"theme":"","hauteur":1600,"type":"Image","origine":"","liaisonPave":"","langue":"","id":"66246","urlVignette":"https:\/\/www.sja73.com\/medias\/images\/prestations\/v-66246-salle_de_bain_2.jpg","alt":"Le Balcon des Arves_Saint-Jean-d'Arves","title":"Le Balcon des Arves_Saint-Jean-d'Arves","MultiTaille":{"1920x1440":{"url":"https:\/\/www.sja73.com\/medias\/images\/prestations\/multitailles\/1920x1440_66246-salle_de_bain_2.jpg"},"1200x900":{"url":"https:\/\/www.sja73.com\/medias\/images\/prestations\/multitailles\/1200x900_66246-salle_de_bain_2.jpg"},"800x600":{"url":"https:\/\/www.sja73.com\/medias\/images\/prestations\/multitailles\/800x600_66246-salle_de_bain_2.jpg"},"640x480":{"url":"https:\/\/www.sja73.com\/medias\/images\/prestations\/multitailles\/640x480_66246-salle_de_bain_2.jpg"},"320x240":{"url":"https:\/\/www.sja73.com\/medias\/images\/prestations\/multitailles\/320x240_66246-salle_de_bain_2.jpg"},"160x120":{"url":"https:\/\/www.sja73.com\/medias\/images\/prestations\/multitailles\/160x120_66246-salle_de_bain_2.jpg"},"origine":{"url":"https:\/\/www.sja73.com\/medias\/images\/prestations\/66246-salle_de_bain_2.jpg"}},"urlLien":"","typeLien":"","nofollow":"N","copyright":""},{"url":"https:\/\/www.sja73.com\/medias\/images\/prestations\/66247-vue_aerienne_chalets_ecourts.jpg","chemin":"..\/medias\/images\/prestations\/66247-vue_aerienne_chalets_ecourts.jpg","libelle":"Le Balcon des Arves_Saint-Jean-d'Arves","extension":"jpg","categorie":"","largeur":900,"theme":"","hauteur":1600,"type":"Image","origine":"","liaisonPave":"","langue":"","id":"66247","urlVignette":"https:\/\/www.sja73.com\/medias\/images\/prestations\/v-66247-vue_aerienne_chalets_ecourts.jpg","alt":"Le Balcon des Arves_Saint-Jean-d'Arves","title":"Le Balcon des Arves_Saint-Jean-d'Arves","MultiTaille":{"1920x1440":{"url":"https:\/\/www.sja73.com\/medias\/images\/prestations\/multitailles\/1920x1440_66247-vue_aerienne_chalets_ecourts.jpg"},"1200x900":{"url":"https:\/\/www.sja73.com\/medias\/images\/prestations\/multitailles\/1200x900_66247-vue_aerienne_chalets_ecourts.jpg"},"800x600":{"url":"https:\/\/www.sja73.com\/medias\/images\/prestations\/multitailles\/800x600_66247-vue_aerienne_chalets_ecourts.jpg"},"640x480":{"url":"https:\/\/www.sja73.com\/medias\/images\/prestations\/multitailles\/640x480_66247-vue_aerienne_chalets_ecourts.jpg"},"320x240":{"url":"https:\/\/www.sja73.com\/medias\/images\/prestations\/multitailles\/320x240_66247-vue_aerienne_chalets_ecourts.jpg"},"160x120":{"url":"https:\/\/www.sja73.com\/medias\/images\/prestations\/multitailles\/160x120_66247-vue_aerienne_chalets_ecourts.jpg"},"origine":{"url":"https:\/\/www.sja73.com\/medias\/images\/prestations\/66247-vue_aerienne_chalets_ecourts.jpg"}},"urlLien":"","typeLien":"","nofollow":"N","copyright":""},{"url":"https:\/\/www.sja73.com\/medias\/images\/prestations\/66248-vue_sejour_cuisine_table.jpg","chemin":"..\/medias\/images\/prestations\/66248-vue_sejour_cuisine_table.jpg","libelle":"Le Balcon des Arves_Saint-Jean-d'Arves","extension":"jpg","categorie":"","largeur":768,"theme":"","hauteur":1024,"type":"Image","origine":"","liaisonPave":"","langue":"","id":"66248","urlVignette":"https:\/\/www.sja73.com\/medias\/images\/prestations\/v-66248-vue_sejour_cuisine_table.jpg","alt":"Le Balcon des Arves_Saint-Jean-d'Arves","title":"Le Balcon des Arves_Saint-Jean-d'Arves","MultiTaille":{"1920x1440":{"url":"https:\/\/www.sja73.com\/medias\/images\/prestations\/multitailles\/1920x1440_66248-vue_sejour_cuisine_table.jpg"},"1200x900":{"url":"https:\/\/www.sja73.com\/medias\/images\/prestations\/multitailles\/1200x900_66248-vue_sejour_cuisine_table.jpg"},"800x600":{"url":"https:\/\/www.sja73.com\/medias\/images\/prestations\/multitailles\/800x600_66248-vue_sejour_cuisine_table.jpg"},"640x480":{"url":"https:\/\/www.sja73.com\/medias\/images\/prestations\/multitailles\/640x480_66248-vue_sejour_cuisine_table.jpg"},"320x240":{"url":"https:\/\/www.sja73.com\/medias\/images\/prestations\/multitailles\/320x240_66248-vue_sejour_cuisine_table.jpg"},"160x120":{"url":"https:\/\/www.sja73.com\/medias\/images\/prestations\/multitailles\/160x120_66248-vue_sejour_cuisine_table.jpg"},"origine":{"url":"https:\/\/www.sja73.com\/medias\/images\/prestations\/66248-vue_sejour_cuisine_table.jpg"}},"urlLien":"","typeLien":"","nofollow":"N","copyright":""},{"url":"https:\/\/www.sja73.com\/medias\/images\/prestations\/66249-lit_mezzanine.png","chemin":"..\/medias\/images\/prestations\/66249-lit_mezzanine.png","libelle":"Le Balcon des Arves_Saint-Jean-d'Arves","extension":"png","categorie":"","largeur":830,"theme":"","hauteur":814,"type":"Image","origine":"","liaisonPave":"","langue":"","id":"66249","urlVignette":"https:\/\/www.sja73.com\/medias\/images\/prestations\/v-66249-lit_mezzanine.png","alt":"Le Balcon des Arves_Saint-Jean-d'Arves","title":"Le Balcon des Arves_Saint-Jean-d'Arves","MultiTaille":{"1920x1440":{"url":"https:\/\/www.sja73.com\/medias\/images\/prestations\/multitailles\/1920x1440_66249-lit_mezzanine.png"},"1200x900":{"url":"https:\/\/www.sja73.com\/medias\/images\/prestations\/multitailles\/1200x900_66249-lit_mezzanine.png"},"800x600":{"url":"https:\/\/www.sja73.com\/medias\/images\/prestations\/multitailles\/800x600_66249-lit_mezzanine.png"},"640x480":{"url":"https:\/\/www.sja73.com\/medias\/images\/prestations\/multitailles\/640x480_66249-lit_mezzanine.png"},"320x240":{"url":"https:\/\/www.sja73.com\/medias\/images\/prestations\/multitailles\/320x240_66249-lit_mezzanine.png"},"160x120":{"url":"https:\/\/www.sja73.com\/medias\/images\/prestations\/multitailles\/160x120_66249-lit_mezzanine.png"},"origine":{"url":"https:\/\/www.sja73.com\/medias\/images\/prestations\/66249-lit_mezzanine.png"}},"urlLien":"","typeLien":"","nofollow":"N","copyright":""},{"url":"https:\/\/www.sja73.com\/medias\/images\/prestations\/66250-vrai_canape.png","chemin":"..\/medias\/images\/prestations\/66250-vrai_canape.png","libelle":"Le Balcon des Arves_Saint-Jean-d'Arves","extension":"png","categorie":"","largeur":458,"theme":"","hauteur":605,"type":"Image","origine":"","liaisonPave":"","langue":"","id":"66250","urlVignette":"https:\/\/www.sja73.com\/medias\/images\/prestations\/v-66250-vrai_canape.png","alt":"Le Balcon des Arves_Saint-Jean-d'Arves","title":"Le Balcon des Arves_Saint-Jean-d'Arves","MultiTaille":{"1920x1440":{"url":"https:\/\/www.sja73.com\/medias\/images\/prestations\/multitailles\/1920x1440_66250-vrai_canape.png"},"1200x900":{"url":"https:\/\/www.sja73.com\/medias\/images\/prestations\/multitailles\/1200x900_66250-vrai_canape.png"},"800x600":{"url":"https:\/\/www.sja73.com\/medias\/images\/prestations\/multitailles\/800x600_66250-vrai_canape.png"},"640x480":{"url":"https:\/\/www.sja73.com\/medias\/images\/prestations\/multitailles\/640x480_66250-vrai_canape.png"},"320x240":{"url":"https:\/\/www.sja73.com\/medias\/images\/prestations\/multitailles\/320x240_66250-vrai_canape.png"},"160x120":{"url":"https:\/\/www.sja73.com\/medias\/images\/prestations\/multitailles\/160x120_66250-vrai_canape.png"},"origine":{"url":"https:\/\/www.sja73.com\/medias\/images\/prestations\/66250-vrai_canape.png"}},"urlLien":"","typeLien":"","nofollow":"N","copyright":""}]}},"DateDebPublication":"","DateFinPublication":"","PrixAPartirDe":"","PrixPour":"","FicheListeEnCours":"fiche_liste_locations_meublees_prestation_v2","ParametresModele":{"AfficherPhotos":"1","NbPhotosMax":6,"AfficherReserver":0,"AfficherContact":"1","AfficherSalle":1,"AfficherZoneGeo":0,"AfficherEnSavoirPlus":"1","AfficherUneSeuleOuverture":0,"AfficherContactCarte":"0","AfficherTarifsChaudAPartirDe":0,"AfficherTarifChaudSansRecherche":0,"AffichageCoordonnees":"Adresse-\u003ELigneAdresse1|Adresse-\u003ELigneAdresse2|Adresse-\u003ELigneAdresse3","AffichageLienPrestation":"R","AfficherDispoResa":"1","AfficherLiensCarnetVoyage":"1","BlocCritereInfo":{"critere1":{"libelle":"","liste_critere":["classementPrefectoral|G","labels|3585|G","labels|3614|G","labels|3586|G"]},"critere2":{"libelle":"","liste_critere":["25|G"]},"critere3":{"libelle":""},"critere4":{"libelle":""},"critere5":{"libelle":"","liste_critere":["GEQUIPSERV|G"]},"critere6":{"libelle":"","liste_critere":["typesHabitation|G"]},"critere7":{"libelle":"","liste_critere":["capacite|nombreChambres|G","capacite|surface|G","capacite|capaciteHebergement|G"]},"critere8":{"libelle":""},"afficherpictoetpaslibelle":"1"},"BlocPaveInfo":{"texte1":{"pave":["1","10","18"],"longeurmax":"255","afficherLibelle":"0","garderHtml":"0"}},"Criteres":"AFFICHAGESITE[ADHERENTOUICOMPLET","CriteresComportementResa":"CINTSITRA[11533","PositionBloc":"GALLERIE|NOM|ADRESSE|ZONEPRINCIPALFICHEPRESTA|DESCRIPTIF|URL|PICTOSOUSPHOTOS|CARNET_VOYAGE","TypePrestataire":"G","ComportementResa":false,"ComportementDispo":false},"AffichageCoordonnees":{"Adresse-LigneAdresse1":"205 all\u00e9e des Vo\u00fbtes","Adresse-LigneAdresse2":"Chalet Les Bouquetins","Adresse-LigneAdresse3":"R\u00e9sidence Go\u00e9lia"},"Coordonnees":{"Ville":"Saint-Jean-d'Arves"},"ContexteId":"PRESTATION|G|7074919|7074918","ContexteIdHtml":"PRESTATION-G-7074919-7074918","cleContexte":"G|7074919|7074918","Bloc":{"texte1":"3-star apartment (Go\u00e9lia residence), sleeps 6, 44 m\u00b2, La Chal resort centre, swimming pool, sauna & fitness centre, south-west facing.","texte3":"","critere1":{"libelle":"","contenu":{"classementPrefectoral":{"libelle":"Official local classification","contenu":{"2":"\u003Cimg src=\"https:\/\/www.sja73.com\/medias\/images\/picto\/classementPrefectoral-2629-G.png\"  alt=\"3 stars\" title=\"3 stars\" \/\u003E"},"codesValeurs":{"2":"classementPrefectoral|2629|G"},"criteres_datas":{"valeurs":{"2":{"2629":{"descriptif":""}}}}}}},"critere2":{"libelle":"","contenu":[]},"critere3":{"libelle":"","contenu":[]},"critere4":{"libelle":"","contenu":[]},"critere5":{"libelle":"","contenu":{"GEQUIPSERV":{"libelle":"","contenu":{"1":"\u003Cimg src=\"https:\/\/www.sja73.com\/medias\/images\/picto\/GEQUIPSERV-GANIMAUX-G.png\"  alt=\"Animaux admis\" title=\"Animaux admis\" \/\u003E","2":"\u003Cimg src=\"https:\/\/www.sja73.com\/medias\/images\/picto\/GEQUIPSERV-GWIFIINTERNET-G.png\"  alt=\"WiFi, Internet\" title=\"WiFi, Internet\" \/\u003E","3":"\u003Cimg src=\"https:\/\/www.sja73.com\/medias\/images\/picto\/GEQUIPSERV-TV-G.png\"  alt=\"T\u00e9l\u00e9vision\" title=\"T\u00e9l\u00e9vision\" \/\u003E","4":"\u003Cimg src=\"https:\/\/www.sja73.com\/medias\/images\/picto\/GEQUIPSERV-GEQUIPBEBE-G.png\"  alt=\"\u00c9quipements b\u00e9b\u00e9\" title=\"\u00c9quipements b\u00e9b\u00e9\" \/\u003E","5":"\u003Cimg src=\"https:\/\/www.sja73.com\/medias\/images\/picto\/GEQUIPSERV-GPARKINGGARAGE-G.png\"  alt=\"Parking, garage\" title=\"Parking, garage\" \/\u003E","6":"\u003Cimg src=\"https:\/\/www.sja73.com\/medias\/images\/picto\/GEQUIPSERV-GJARDINBALCONTER-G.png\"  alt=\"Jardin, balcon, terrasse\" title=\"Jardin, balcon, terrasse\" \/\u003E","8":"\u003Cimg src=\"https:\/\/www.sja73.com\/medias\/images\/picto\/GEQUIPSERV-GPISCINE-G.png\"  alt=\"Piscine\" title=\"Piscine\" \/\u003E","9":"\u003Cimg src=\"https:\/\/www.sja73.com\/medias\/images\/picto\/GEQUIPSERV-GSPA-G.png\"  alt=\"Spa, hammam, sauna\" title=\"Spa, hammam, sauna\" \/\u003E","11":"\u003Cimg src=\"https:\/\/www.sja73.com\/medias\/images\/picto\/GEQUIPSERV-GLAVELINGE-G.png\"  alt=\"Lave linge\" title=\"Lave linge\" \/\u003E","12":"\u003Cimg src=\"https:\/\/www.sja73.com\/medias\/images\/picto\/GEQUIPSERV-GLAVEVAISSELLE-G.png\"  alt=\"Lave Vaisselle\" title=\"Lave Vaisselle\" \/\u003E","13":"\u003Cimg src=\"https:\/\/www.sja73.com\/medias\/images\/picto\/GEQUIPSERV-GLOCALSKI-G.png\"  alt=\"Local \u00e0 ski\" title=\"Local \u00e0 ski\" \/\u003E"},"codesValeurs":{"1":"GEQUIPSERV|GANIMAUX|G","3":"GEQUIPSERV|TV|G","4":"GEQUIPSERV|GEQUIPBEBE|G","5":"GEQUIPSERV|GPARKINGGARAGE|G","6":"GEQUIPSERV|GJARDINBALCONTER|G","8":"GEQUIPSERV|GPISCINE|G","9":"GEQUIPSERV|GSPA|G","11":"GEQUIPSERV|GLAVELINGE|G","12":"GEQUIPSERV|GLAVEVAISSELLE|G","13":"GEQUIPSERV|GLOCALSKI|G","2":"GEQUIPSERV|GWIFIINTERNET|G"},"criteres_datas":{"valeurs":{"1":{"GANIMAUX":{"descriptif":""}},"3":{"TV":{"descriptif":""}},"4":{"GEQUIPBEBE":{"descriptif":""}},"5":{"GPARKINGGARAGE":{"descriptif":""}},"6":{"GJARDINBALCONTER":{"descriptif":""}},"8":{"GPISCINE":{"descriptif":""}},"9":{"GSPA":{"descriptif":""}},"11":{"GLAVELINGE":{"descriptif":""}},"12":{"GLAVEVAISSELLE":{"descriptif":""}},"13":{"GLOCALSKI":{"descriptif":""}},"2":{"GWIFIINTERNET":{"descriptif":""}}}}}}},"critere6":{"libelle":"","contenu":[]},"critere7":{"libelle":"","contenu":{"capacite":{"libelle":"capacity","contenu":{"1":"\u003Cspan class=\"quantite\"\u003E6\u003C\/span\u003E \u003Cspan class=\"libelle\"\u003Epeople\u003C\/span\u003E","2":"\u003Cspan class=\"quantite\"\u003E44\u003C\/span\u003E \u003Cspan class=\"libelle\"\u003Em\u00b2\u003C\/span\u003E","3":"\u003Cspan class=\"quantite\"\u003E2\u003C\/span\u003E \u003Cspan class=\"libelle\"\u003Eroom(s)\u003C\/span\u003E"},"codesValeurs":{"3":"capacite|nombreChambres|G","2":"capacite|surface|G","1":"capacite|capaciteHebergement|G"},"criteres_datas":{"valeurs":{"3":{"nombreChambres":{"descriptif":""}},"2":{"surface":{"descriptif":""}},"1":{"capaciteHebergement":{"descriptif":""}}}}}}},"critere8":{"libelle":"","contenu":[]},"critere9":{"libelle":"","contenu":[]}},"LocalisationGps":{"Latitude":"45.204299","Longitude":"6.269325"},"libelleDuPrestataire":"","vuePrestataire":{"pave1":{"libelle":"","contenu":""},"pave2":{"libelle":"","contenu":""},"pave3":{"libelle":"","contenu":""},"pave4":{"libelle":"","contenu":""},"pave5":{"libelle":"","contenu":""},"pave6":{"libelle":"","contenu":""},"pave7":{"libelle":"","contenu":""},"pave8":{"libelle":"","contenu":""},"pave9":{"libelle":"","contenu":""},"pave10":{"libelle":"","contenu":""},"pave11":{"libelle":"","contenu":""},"pave12":{"libelle":"","contenu":""},"pave13":{"libelle":"","contenu":""},"pave14":{"libelle":"","contenu":""},"pave15":{"libelle":"","contenu":""},"pave16":{"libelle":"","contenu":""},"pave17":{"libelle":"","contenu":""},"pave18":{"libelle":"","contenu":""},"pave19":{"libelle":"","contenu":""},"pave20":{"libelle":"","contenu":""},"pave21":{"libelle":"","contenu":""},"pave22":{"libelle":"","contenu":""},"pave23":{"libelle":"","contenu":""},"pave24":{"libelle":"","contenu":""},"pave25":{"libelle":"","contenu":""},"ContactsParType":{"GEST":{"52265":{"id_contact":"52265","type_contact":"GEST","categorie_contact":"PRESTATAIRE","societe_contact":"","fonction_contact":"","civilite_nom_prenom_contact":"M & MME BOEGLIN ","adresse1_contact":"205 all\u00e9e des Vo\u00fbtes","adresse2_contact":"Chalet Les Bouquetins","adresse3_contact":"R\u00e9sidence Go\u00e9lia","cpostal_contact":"73530","ville_contact":"Saint-Jean-d'Arves","teldom_contact":"0033(0)6 87 28 08 38","telbur_contact":"","fax_contact":"","portable_contact":"","email_contact":"sja.ecourts@gmail.com","siteweb_contact":"","commentaire_contact":"","langue_contact":"","autre_moyen_com":[]}}},"Libelle":"M & MME BOEGLIN","Nom":"M & MME BOEGLIN ","Prenom":"","NomPrenom":"M & MME BOEGLIN  ","CiviliteNomPrenom":"M & MME BOEGLIN  ","Cle":"G|7074919","PrestataireParent":"","ContexteStat":"PRESTATAIRE-G-7074919","DateModificationIso":"2024-09-25T01:04:00+02:00","Type":"PRESTATAIRE","TypePrestataire":"G","Adresse":{"LigneAdresse1":"","LigneAdresse2":"","LigneAdresse3":"","CodePostal":"","Ville":"","Cedex":"","Etat":"","Pays":""},"Email":"sja.ecourts@gmail.com","Telephone":"0033(0)6 87 28 08 38","TelephoneBureau":"","Portable":"","SiteWeb":"","Fax":"","Id":"g-7074919","Code":"G|7074919","Fichier":[],"Url":"m-mme-boeglin.html","Localisation":{"GoogleMap":{"Latitude":"","Longitude":""}},"ZoneGeo":"","Criteres":{"P.3220[25629":"","P.3233[60439":"","P.3233[908439":"","P.3218[60729":"","P.3219[72808":"","P.3219[126557":"","P.3227[82852":"","P.3230[323078":"","P.3230[5532377":"","P.3230[6328304":"","P.3221[344174":"","P.3221[549303":"","P.3221[596327":"","P.6241[595160":"","P.VilleSitra[30471":"","P.VillageDeDepart[30471":""},"DateFinPublication":"","AffichageCoordonnees":[]},"listeCriteres":{"AFFICHAGESITE":{"ADHERENTOUICOMPLET":""},"GCAPACITMAX":{"6PERS":""},"GNOMBRE":{"7PERS":""},"GEQUIPSERV":{"GANIMAUX":"","TV":"","GEQUIPBEBE":"","GPARKINGGARAGE":"","GJARDINBALCONTER":"","GPISCINE":"","GSPA":"","GLAVELINGE":"","GLAVEVAISSELLE":"","GLOCALSKI":"","GWIFIINTERNET":""},"PSEUDOALEATOIRE":{"ADHERENTSSRESA":""},"123":{"1504":"","1505":"","1093":"","1508":""},"122":{"4054":"","6116":"","4063":"","4055":"","803":""},"22":{"5068":"","1045":"","672":"","723":""},"126":{"972":"","1318":""},"23":{"1038":"","698":""},"127":{"914":"","811":""},"125":{"661":"","673":""},"services":{"687":""},"78":{"791":"","1130":""},"119":{"1177":"","1217":""},"prestations":{"animauxAcceptes":"","surchargeTourismesAdaptes":"","surchargeDescriptifHandicapMoteur":"","surchargeDescriptifHandicapAuditif":"","surchargeDescriptifHandicapVisuel":"","surchargeDescriptifHandicapMental":"","surchargeNombreFauteuilsRoulants":""},"69":{"847":"","1015":"","983":"","1011":"","1013":"","6216":"","880":"","838":""},"70":{"943":"","919":"","922":"","999":"","946":"","949":"","1012":"","1010":"","5914":"","997":"","5940":"","895":"","5915":"","774":"","907":""},"72":{"882":"","5418":"","797":"","963":"","998":"","842":""},"68":{"971":"","988":"","1004":""},"71":{"900":""},"73":{"973":"","796":""},"languesParlees":{"1189":"","1192":"","1197":""},"114":{"416":"","418":"","435":"","436":""},"modesPaiement":{"1271":"","1281":""},"tourismeAffaires":{"tourismeAffairesEnabled":"","devise":"EUR"},"hebergementLocatifType":{"2620":""},"informationsHebergementLocatif":{"dateClassement":"2023-12-07","numeroClassement":"07321 073 242 23 0131"},"classementPrefectoral":{"2629":""},"5402":{"1625":""},"5401":{"1614":""},"5403":{"1633":"","1613":""},"capacite":{"capaciteHebergement":"6","capaciteMaximumPossible":"7","nombreSallesDeBain":"1","nombreWC":"1","nombreLitsDoubles":"2","nombreLitsSimples":"3","surface":"44","nombrePieces":"3","nombreChambres":"2","nombreEtages":"2","numeroEtage":"1"},"CINTSITRA":{"4038":"","11226":"","11435":""},"3220":{"25629":""},"3233":{"60439":"","908439":""},"3218":{"60729":""},"3219":{"72808":"","126557":""},"3227":{"82852":""},"3230":{"323078":"","5532377":"","6328304":""},"3221":{"344174":"","549303":"","596327":""},"6241":{"595160":""},"VilleSitra":{"30471":""},"VillageDeDepart":{"30471":""},"P.3220":{"25629":""},"P.3233":{"60439":"","908439":""},"P.3218":{"60729":""},"P.3219":{"72808":"","126557":""},"P.3227":{"82852":""},"P.3230":{"323078":"","5532377":"","6328304":""},"P.3221":{"344174":"","549303":"","596327":""},"P.6241":{"595160":""},"P.VilleSitra":{"30471":""},"P.VillageDeDepart":{"30471":""}},"dansCarnetVoyage":true,"Ouverture":""},"html":" \n \u003Cdiv id=\"CV-PRESTATION-G-7074919-7074918\" data-contexte-id=\"PRESTATION|G|7074919|7074918\" data-cle=\"G|7074919|7074918\" class=\"fiche-liste\"\u003E\n    \n\n    \u003C!-- partie photo --\u003E\n    \u003Cdiv class=\"photo\"\u003E\t\t\t\t\t\t\t\t\t\t\t\t\t\t\t\t\t\t\t\t\t\n        \u003Cdiv class=\"cadre_photo_principale\"\u003E\t\t\n        \n            \t\t\t\t\t\n                    \u003Ca href=\"le-balcon-des-arves.html?origine=carnet#media\"\u003E\n                        \u003Cimg class=\"photo_principale\" alt=\"Le Balcon des Arves_Saint-Jean-d'Arves\" src=\"https:\/\/www.sja73.com\/medias\/images\/prestations\/multitailles\/320x240_66237-piste.jpg\" itemprop=\"image\"\u003E\n                    \u003C\/a\u003E\t\t\t\t\t\t\n                \n                    \u003C\/div\u003E\t\t\t\t\t\t\t\t\t\t\t\t\t\t\t\t\t\t\t \t\t\n    \u003C\/div\u003E\n    \n    \u003C!-- partie nom prest --\u003E\n    \u003Cdiv class=\"nom\"\u003E\n        \u003Ch2\u003ELe Balcon des Arves\u003C\/h2\u003E\n        \n            \u003C\/div\u003E\n\n         \n    \u003C!-- partie adresse --\u003E\n    \u003Cdiv class=\"adresse\"\u003E\n    \n          \n    \u003C\/div\u003E\n    \n    \u003C!-- partie liens --\u003E\n    \u003Cdiv class=\"liens\"\u003E\n            \u003Ca class=\"btn-icon btn-view \" title=\"Read more \" href=\"le-balcon-des-arves.html?origine=carnet\"\u003E\u003C\/a\u003E\u003C!--\u003Ca class=\"btn-icon btn-view \" title=\"\" href=\"?origine=carnet#thaut\"\u003E\u003C\/a\u003E--\u003E\n      \u003Ca class=\"btn-icon btn-trash carnet_voyage_supprimer\" title=\"Remove to travel notes \" href=\"carnet-voyage?action=remove&fiche=G|7074919|7074918\"\u003E\u003C\/a\u003E\n    \u003C\/div\u003E\n\n\u003C\/div\u003E\n\n","icon":"https:\/\/static.ingenie.fr\/images\/carnetVoyageV3\/G.png"},"fiche":"G|7074919|7074918","popup":"\u003Cdiv id=\"bloc_popup_ajout_fiche_carnet\"\u003E\n    \u003Cdiv class=\"info_popup_ajout_fiche_carnet\"\u003E\n        You have added this item to your travel notes :    \u003C\/div\u003E\n    \u003Cdiv class=\"prest_popup_ajout_fiche_carnet\"\u003E\n        Le Balcon des Arves    \u003C\/div\u003E\n    \u003Cdiv class=\"bloc_btn_ajout_fiche_carnet form_submit_div\"\u003E\n        \u003Cinput type=\"button\" value=\"Continue \" title=\"Continue \" name=\"btn_close\" class=\"btn_close_popup_carnet form_submit\" onclick=\"$.colorbox.close()\" \/\u003E\n        \u003Cinput type=\"button\" value=\"View my travel notes \" title=\"View my travel notes \" name=\"btn_panier\" class=\"btn_panier_popup_carnet form_submit\" onclick=\"if(typeof CarnetVoyage != 'undefined') {CarnetVoyage.voirCarnet();}\" \/\u003E\n    \u003C\/div\u003E\n    \u003Cdiv class=\"bloc_btn_ajout_fiche_carnet\"\u003E\n        \u003Cinput type=\"checkbox\" value=\"1\" name=\"desactiver_popup\" id=\"desactiver_popup\" \/\u003E\n        \u003Clabel for=\"desactiver_popup\"\u003EDo not show this message again \u003C\/label\u003E\n    \u003C\/div\u003E\n\u003C\/div\u003E","success":1}