{"nbFiches":1,"dataPrest":{"infoPrest":{"pave1":{"libelle":"Descriptif court","contenu":"Come and discover the mountain pastures at the foot of the Aiguilles d'Arves by joining the Chalet de la Cro\u00eb."},"pave2":{"libelle":"Descriptif d\u00e9taill\u00e9","contenu":"- Access to chalet only on foot (30\/40min)\u003Cbr \/\u003E\r\nOn the itinerary of the Promenade Savoyarde de D\u00e9couverte des Aiguilles d'Arves.\u003Cbr \/\u003E\r\nEasy walk, accessible to young children, 200m vertical drop.\u003Cbr \/\u003E\r\nPossibility of on-site catering and unusual accommodation (geodesic dome).\u003Cbr \/\u003E\r\n\u003Cbr \/\u003E\r\n- By car :\u003Cbr \/\u003E\r\nFrom Albiez-Montrond (Chef-lieu): head for Col du Mollard, after passing Les Rieux, head for Chalmieu, cross this hamlet and join the TV relay parking lot.\u003Cbr \/\u003E\r\nFrom St Jean d'Arves (Les Chambons): Direction St jean de Maurienne, at the Belleville dam head for Albiez-Montrond, join Le Chalmieu, cross this hamlet to the TV relay parking lot.\u003Cbr \/\u003E\r\n\u003Cbr \/\u003E\r\n- Reservations required by e-mail or SMS.\u003Cbr \/\u003E\r\n- Bivouac area authorized with personal equipment.\u003Cbr \/\u003E\r\n- Tent rental possible, 3 fully-equipped tents available on site.\u003Cbr \/\u003E\r\n- Half-board in geodesic dome\u003Cbr \/\u003E\r\n\u003Cbr \/\u003E\r\nOpen daily from late June to mid-September.\u003Cbr \/\u003E\r\nNo credit cards."},"pave3":{"libelle":"Bons plans","contenu":""},"pave4":{"libelle":"Compl\u00e9ment localisation","contenu":"Leaving from the Relais TV parking lot in the hamlet of Chalmieu in Albiez-Montrond."},"pave5":{"libelle":"Compl\u00e9ment accueil","contenu":""},"pave6":{"libelle":"P\u00e9riodes en clair","contenu":"From 18\/06 to 13\/09 daily.\u003Cbr \/\u003E\nIn June and September by reservation during the week and every weekend\u003Cbr \/\u003E\r\nIn July and August every day\u003Cbr \/\u003E\r\n\u003Cbr \/\u003E\r\nOpen from late June to mid-September."},"pave7":{"libelle":"Tarifs en clair","contenu":""},"pave8":{"libelle":"Compl\u00e9ment Tarifs","contenu":""},"pave9":{"libelle":"Compl\u00e9ment R\u00e9servation","contenu":""},"pave10":{"libelle":"Descriptif court","contenu":""},"pave11":{"libelle":"Descriptif d\u00e9taill\u00e9","contenu":""},"pave12":{"libelle":"Compl\u00e9ment localisation","contenu":""},"pave13":{"libelle":"Compl\u00e9ment accueil","contenu":""},"pave14":{"libelle":"P\u00e9riodes en clair","contenu":""},"pave15":{"libelle":"Tarifs en clair","contenu":""},"pave16":{"libelle":"Compl\u00e9ment Tarifs","contenu":""},"pave17":{"libelle":"Compl\u00e9ment R\u00e9servation","contenu":""},"pave18":{"libelle":"Descriptif court","contenu":""},"pave19":{"libelle":"Descriptif d\u00e9taill\u00e9","contenu":""},"pave20":{"libelle":"Compl\u00e9ment localisation","contenu":""},"pave21":{"libelle":"Compl\u00e9ment accueil","contenu":""},"pave22":{"libelle":"P\u00e9riodes en clair","contenu":""},"pave23":{"libelle":"Tarifs en clair","contenu":""},"pave24":{"libelle":"Compl\u00e9ment Tarifs","contenu":""},"pave25":{"libelle":"Compl\u00e9ment R\u00e9servation","contenu":""},"ContactsParType":{"GEST":{"60159":{"id_contact":"60159","type_contact":"GEST","categorie_contact":"PRESTATAIRE","societe_contact":"","fonction_contact":"","civilite_nom_prenom_contact":"Bizel-Bizellot Virginie ","adresse1_contact":"Chalet d'la Cro\u00eb","adresse2_contact":"Le Chalmieu","adresse3_contact":"Montrond","cpostal_contact":"73300","ville_contact":"Albiez-Montrond","teldom_contact":"","telbur_contact":"","fax_contact":"","portable_contact":"06 35 48 11 48","email_contact":"chaletdlacroe@gmail.com","siteweb_contact":"http:\/\/www.lechaletdlacroe.fr","commentaire_contact":"","langue_contact":"","autre_moyen_com":[]}},"RES":{"60160":{"id_contact":"60160","type_contact":"RES","categorie_contact":"PRESTATAIRE","societe_contact":"","fonction_contact":"","civilite_nom_prenom_contact":"Bizel-Bizellot Virginie ","adresse1_contact":"","adresse2_contact":"","adresse3_contact":"","cpostal_contact":"","ville_contact":"","teldom_contact":"","telbur_contact":"","fax_contact":"","portable_contact":"","email_contact":"","siteweb_contact":"https:\/\/www.lechaletdlacroe.fr\/book-online","commentaire_contact":"","langue_contact":"","autre_moyen_com":[]}}},"Libelle":"Hike to Chalet d'la Cro\u00eb","Nom":"Le Chalet d'la Cro\u00eb","Prenom":"","NomPrenom":"Le Chalet d'la Cro\u00eb ","CiviliteNomPrenom":"Le Chalet d'la Cro\u00eb ","Cle":"O|7392103","PrestataireParent":"","ContexteStat":"PRESTATAIRE-O-7392103","DateModificationIso":"2026-05-01T01:05:00+02:00","Type":"PRESTATAIRE","TypePrestataire":"O","Adresse":{"LigneAdresse1":"Le Chalmieu","LigneAdresse2":"Montrond","LigneAdresse3":"","CodePostal":"73300","Ville":"Albiez-Montrond","Cedex":"","Etat":"","Pays":"FRA"},"Email":"chaletdlacroe@gmail.com","Telephone":"","TelephoneBureau":"","Portable":"06 35 48 11 48","SiteWeb":"http:\/\/www.lechaletdlacroe.fr","Fax":"","Id":"o-7392103","Code":"O|7392103","Fichier":{"Image":[{"url":"https:\/\/www.sja73.com\/medias\/images\/prestataires\/50768-p1140711_1.jpg","chemin":"..\/medias\/images\/prestataires\/50768-p1140711_1.jpg","libelle":"Chalet d'la Cro\u00eb","extension":"jpg","categorie":"","largeur":2624,"theme":"","hauteur":864,"type":"Image","origine":"","liaisonPave":"","langue":"","id":"50768","urlVignette":"https:\/\/www.sja73.com\/medias\/images\/prestataires\/v-50768-p1140711_1.jpg","alt":"Chalet d'la Cro\u00eb","title":"Chalet d'la Cro\u00eb","MultiTaille":{"1920x1440":{"url":"https:\/\/www.sja73.com\/medias\/images\/prestataires\/multitailles\/1920x1440_50768-p1140711_1.jpg"},"1200x900":{"url":"https:\/\/www.sja73.com\/medias\/images\/prestataires\/multitailles\/1200x900_50768-p1140711_1.jpg"},"800x600":{"url":"https:\/\/www.sja73.com\/medias\/images\/prestataires\/multitailles\/800x600_50768-p1140711_1.jpg"},"640x480":{"url":"https:\/\/www.sja73.com\/medias\/images\/prestataires\/multitailles\/640x480_50768-p1140711_1.jpg"},"320x240":{"url":"https:\/\/www.sja73.com\/medias\/images\/prestataires\/multitailles\/320x240_50768-p1140711_1.jpg"},"160x120":{"url":"https:\/\/www.sja73.com\/medias\/images\/prestataires\/multitailles\/160x120_50768-p1140711_1.jpg"},"origine":{"url":"https:\/\/www.sja73.com\/medias\/images\/prestataires\/50768-p1140711_1.jpg"}},"urlLien":"","typeLien":"","nofollow":"N","copyright":"www.lechaletdlacroe.fr"},{"url":"https:\/\/www.sja73.com\/medias\/images\/prestataires\/50769-fb_img_1520863584181.jpg","chemin":"..\/medias\/images\/prestataires\/50769-fb_img_1520863584181.jpg","libelle":"Chalet d'la Cro\u00eb","extension":"jpg","categorie":"","largeur":1440,"theme":"","hauteur":960,"type":"Image","origine":"","liaisonPave":"","langue":"","id":"50769","urlVignette":"https:\/\/www.sja73.com\/medias\/images\/prestataires\/v-50769-fb_img_1520863584181.jpg","alt":"Chalet d'la Cro\u00eb","title":"Chalet d'la Cro\u00eb","MultiTaille":{"1920x1440":{"url":"https:\/\/www.sja73.com\/medias\/images\/prestataires\/multitailles\/1920x1440_50769-fb_img_1520863584181.jpg"},"1200x900":{"url":"https:\/\/www.sja73.com\/medias\/images\/prestataires\/multitailles\/1200x900_50769-fb_img_1520863584181.jpg"},"800x600":{"url":"https:\/\/www.sja73.com\/medias\/images\/prestataires\/multitailles\/800x600_50769-fb_img_1520863584181.jpg"},"640x480":{"url":"https:\/\/www.sja73.com\/medias\/images\/prestataires\/multitailles\/640x480_50769-fb_img_1520863584181.jpg"},"320x240":{"url":"https:\/\/www.sja73.com\/medias\/images\/prestataires\/multitailles\/320x240_50769-fb_img_1520863584181.jpg"},"160x120":{"url":"https:\/\/www.sja73.com\/medias\/images\/prestataires\/multitailles\/160x120_50769-fb_img_1520863584181.jpg"},"origine":{"url":"https:\/\/www.sja73.com\/medias\/images\/prestataires\/50769-fb_img_1520863584181.jpg"}},"urlLien":"","typeLien":"","nofollow":"N","copyright":"www.lechaletdlacroe.fr"},{"url":"https:\/\/www.sja73.com\/medias\/images\/prestataires\/50770-p1140752_1.jpg","chemin":"..\/medias\/images\/prestataires\/50770-p1140752_1.jpg","libelle":"Coucher de soleil Chalet d'la Cro\u00eb","extension":"jpg","categorie":"","largeur":4608,"theme":"","hauteur":2592,"type":"Image","origine":"","liaisonPave":"","langue":"","id":"50770","urlVignette":"https:\/\/www.sja73.com\/medias\/images\/prestataires\/v-50770-p1140752_1.jpg","alt":"Coucher de soleil Chalet d'la Cro\u00eb","title":"Coucher de soleil Chalet d'la Cro\u00eb","MultiTaille":{"1920x1440":{"url":"https:\/\/www.sja73.com\/medias\/images\/prestataires\/multitailles\/1920x1440_50770-p1140752_1.jpg"},"1200x900":{"url":"https:\/\/www.sja73.com\/medias\/images\/prestataires\/multitailles\/1200x900_50770-p1140752_1.jpg"},"800x600":{"url":"https:\/\/www.sja73.com\/medias\/images\/prestataires\/multitailles\/800x600_50770-p1140752_1.jpg"},"640x480":{"url":"https:\/\/www.sja73.com\/medias\/images\/prestataires\/multitailles\/640x480_50770-p1140752_1.jpg"},"320x240":{"url":"https:\/\/www.sja73.com\/medias\/images\/prestataires\/multitailles\/320x240_50770-p1140752_1.jpg"},"160x120":{"url":"https:\/\/www.sja73.com\/medias\/images\/prestataires\/multitailles\/160x120_50770-p1140752_1.jpg"},"origine":{"url":"https:\/\/www.sja73.com\/medias\/images\/prestataires\/50770-p1140752_1.jpg"}},"urlLien":"","typeLien":"","nofollow":"N","copyright":"www.lechaletdlacroe.fr"},{"url":"https:\/\/www.sja73.com\/medias\/images\/prestataires\/50771-p1140715_1.jpg","chemin":"..\/medias\/images\/prestataires\/50771-p1140715_1.jpg","libelle":"Int\u00e9rieur Chalet d'la Cro\u00eb","extension":"jpg","categorie":"","largeur":4608,"theme":"","hauteur":3072,"type":"Image","origine":"","liaisonPave":"","langue":"","id":"50771","urlVignette":"https:\/\/www.sja73.com\/medias\/images\/prestataires\/v-50771-p1140715_1.jpg","alt":"Int\u00e9rieur Chalet d'la Cro\u00eb","title":"Int\u00e9rieur Chalet d'la Cro\u00eb","MultiTaille":{"1920x1440":{"url":"https:\/\/www.sja73.com\/medias\/images\/prestataires\/multitailles\/1920x1440_50771-p1140715_1.jpg"},"1200x900":{"url":"https:\/\/www.sja73.com\/medias\/images\/prestataires\/multitailles\/1200x900_50771-p1140715_1.jpg"},"800x600":{"url":"https:\/\/www.sja73.com\/medias\/images\/prestataires\/multitailles\/800x600_50771-p1140715_1.jpg"},"640x480":{"url":"https:\/\/www.sja73.com\/medias\/images\/prestataires\/multitailles\/640x480_50771-p1140715_1.jpg"},"320x240":{"url":"https:\/\/www.sja73.com\/medias\/images\/prestataires\/multitailles\/320x240_50771-p1140715_1.jpg"},"160x120":{"url":"https:\/\/www.sja73.com\/medias\/images\/prestataires\/multitailles\/160x120_50771-p1140715_1.jpg"},"origine":{"url":"https:\/\/www.sja73.com\/medias\/images\/prestataires\/50771-p1140715_1.jpg"}},"urlLien":"","typeLien":"","nofollow":"N","copyright":"www.lechaletdlacroe.fr"},{"url":"https:\/\/www.sja73.com\/medias\/images\/prestataires\/50772-p1150547_1.jpg","chemin":"..\/medias\/images\/prestataires\/50772-p1150547_1.jpg","libelle":"Barbecue Chalet d'la Cro\u00eb","extension":"jpg","categorie":"","largeur":4608,"theme":"","hauteur":3072,"type":"Image","origine":"","liaisonPave":"","langue":"","id":"50772","urlVignette":"https:\/\/www.sja73.com\/medias\/images\/prestataires\/v-50772-p1150547_1.jpg","alt":"Barbecue Chalet d'la Cro\u00eb","title":"Barbecue Chalet d'la Cro\u00eb","MultiTaille":{"1920x1440":{"url":"https:\/\/www.sja73.com\/medias\/images\/prestataires\/multitailles\/1920x1440_50772-p1150547_1.jpg"},"1200x900":{"url":"https:\/\/www.sja73.com\/medias\/images\/prestataires\/multitailles\/1200x900_50772-p1150547_1.jpg"},"800x600":{"url":"https:\/\/www.sja73.com\/medias\/images\/prestataires\/multitailles\/800x600_50772-p1150547_1.jpg"},"640x480":{"url":"https:\/\/www.sja73.com\/medias\/images\/prestataires\/multitailles\/640x480_50772-p1150547_1.jpg"},"320x240":{"url":"https:\/\/www.sja73.com\/medias\/images\/prestataires\/multitailles\/320x240_50772-p1150547_1.jpg"},"160x120":{"url":"https:\/\/www.sja73.com\/medias\/images\/prestataires\/multitailles\/160x120_50772-p1150547_1.jpg"},"origine":{"url":"https:\/\/www.sja73.com\/medias\/images\/prestataires\/50772-p1150547_1.jpg"}},"urlLien":"","typeLien":"","nofollow":"N","copyright":"www.lechaletdlacroe.fr"},{"url":"https:\/\/www.sja73.com\/medias\/images\/prestataires\/50773-chaletdlacroe.jpg","chemin":"..\/medias\/images\/prestataires\/50773-chaletdlacroe.jpg","libelle":"Chalet d'la Cro\u00eb","extension":"jpg","categorie":"","largeur":3456,"theme":"","hauteur":1946,"type":"Image","origine":"","liaisonPave":"","langue":"","id":"50773","urlVignette":"https:\/\/www.sja73.com\/medias\/images\/prestataires\/v-50773-chaletdlacroe.jpg","alt":"Chalet d'la Cro\u00eb","title":"Chalet d'la Cro\u00eb","MultiTaille":{"1920x1440":{"url":"https:\/\/www.sja73.com\/medias\/images\/prestataires\/multitailles\/1920x1440_50773-chaletdlacroe.jpg"},"1200x900":{"url":"https:\/\/www.sja73.com\/medias\/images\/prestataires\/multitailles\/1200x900_50773-chaletdlacroe.jpg"},"800x600":{"url":"https:\/\/www.sja73.com\/medias\/images\/prestataires\/multitailles\/800x600_50773-chaletdlacroe.jpg"},"640x480":{"url":"https:\/\/www.sja73.com\/medias\/images\/prestataires\/multitailles\/640x480_50773-chaletdlacroe.jpg"},"320x240":{"url":"https:\/\/www.sja73.com\/medias\/images\/prestataires\/multitailles\/320x240_50773-chaletdlacroe.jpg"},"160x120":{"url":"https:\/\/www.sja73.com\/medias\/images\/prestataires\/multitailles\/160x120_50773-chaletdlacroe.jpg"},"origine":{"url":"https:\/\/www.sja73.com\/medias\/images\/prestataires\/50773-chaletdlacroe.jpg"}},"urlLien":"","typeLien":"","nofollow":"N","copyright":"www.lechaletdlacroe.fr"},{"url":"https:\/\/www.sja73.com\/medias\/images\/prestataires\/50774-croe.jpg","chemin":"..\/medias\/images\/prestataires\/50774-croe.jpg","libelle":"Chalet d'la Cro\u00eb","extension":"jpg","categorie":"","largeur":3264,"theme":"","hauteur":1836,"type":"Image","origine":"","liaisonPave":"","langue":"","id":"50774","urlVignette":"https:\/\/www.sja73.com\/medias\/images\/prestataires\/v-50774-croe.jpg","alt":"Chalet d'la Cro\u00eb","title":"Chalet d'la Cro\u00eb","MultiTaille":{"1920x1440":{"url":"https:\/\/www.sja73.com\/medias\/images\/prestataires\/multitailles\/1920x1440_50774-croe.jpg"},"1200x900":{"url":"https:\/\/www.sja73.com\/medias\/images\/prestataires\/multitailles\/1200x900_50774-croe.jpg"},"800x600":{"url":"https:\/\/www.sja73.com\/medias\/images\/prestataires\/multitailles\/800x600_50774-croe.jpg"},"640x480":{"url":"https:\/\/www.sja73.com\/medias\/images\/prestataires\/multitailles\/640x480_50774-croe.jpg"},"320x240":{"url":"https:\/\/www.sja73.com\/medias\/images\/prestataires\/multitailles\/320x240_50774-croe.jpg"},"160x120":{"url":"https:\/\/www.sja73.com\/medias\/images\/prestataires\/multitailles\/160x120_50774-croe.jpg"},"origine":{"url":"https:\/\/www.sja73.com\/medias\/images\/prestataires\/50774-croe.jpg"}},"urlLien":"","typeLien":"","nofollow":"N","copyright":"www.lechaletdlacroe.fr"},{"url":"https:\/\/www.sja73.com\/medias\/images\/prestataires\/50775-20190730_091359.jpg","chemin":"..\/medias\/images\/prestataires\/50775-20190730_091359.jpg","libelle":"Chalet d'la Cro\u00eb","extension":"jpg","categorie":"","largeur":3264,"theme":"","hauteur":1836,"type":"Image","origine":"","liaisonPave":"","langue":"","id":"50775","urlVignette":"https:\/\/www.sja73.com\/medias\/images\/prestataires\/v-50775-20190730_091359.jpg","alt":"Chalet d'la Cro\u00eb","title":"Chalet d'la Cro\u00eb","MultiTaille":{"1920x1440":{"url":"https:\/\/www.sja73.com\/medias\/images\/prestataires\/multitailles\/1920x1440_50775-20190730_091359.jpg"},"1200x900":{"url":"https:\/\/www.sja73.com\/medias\/images\/prestataires\/multitailles\/1200x900_50775-20190730_091359.jpg"},"800x600":{"url":"https:\/\/www.sja73.com\/medias\/images\/prestataires\/multitailles\/800x600_50775-20190730_091359.jpg"},"640x480":{"url":"https:\/\/www.sja73.com\/medias\/images\/prestataires\/multitailles\/640x480_50775-20190730_091359.jpg"},"320x240":{"url":"https:\/\/www.sja73.com\/medias\/images\/prestataires\/multitailles\/320x240_50775-20190730_091359.jpg"},"160x120":{"url":"https:\/\/www.sja73.com\/medias\/images\/prestataires\/multitailles\/160x120_50775-20190730_091359.jpg"},"origine":{"url":"https:\/\/www.sja73.com\/medias\/images\/prestataires\/50775-20190730_091359.jpg"}},"urlLien":"","typeLien":"","nofollow":"N","copyright":"www.lechaletdlacroe.fr"},{"url":"https:\/\/www.sja73.com\/medias\/images\/prestataires\/50776-20190703_205417.jpg","chemin":"..\/medias\/images\/prestataires\/50776-20190703_205417.jpg","libelle":"Chalet d'la Cro\u00eb","extension":"jpg","categorie":"","largeur":3264,"theme":"","hauteur":1836,"type":"Image","origine":"","liaisonPave":"","langue":"","id":"50776","urlVignette":"https:\/\/www.sja73.com\/medias\/images\/prestataires\/v-50776-20190703_205417.jpg","alt":"Chalet d'la Cro\u00eb","title":"Chalet d'la Cro\u00eb","MultiTaille":{"1920x1440":{"url":"https:\/\/www.sja73.com\/medias\/images\/prestataires\/multitailles\/1920x1440_50776-20190703_205417.jpg"},"1200x900":{"url":"https:\/\/www.sja73.com\/medias\/images\/prestataires\/multitailles\/1200x900_50776-20190703_205417.jpg"},"800x600":{"url":"https:\/\/www.sja73.com\/medias\/images\/prestataires\/multitailles\/800x600_50776-20190703_205417.jpg"},"640x480":{"url":"https:\/\/www.sja73.com\/medias\/images\/prestataires\/multitailles\/640x480_50776-20190703_205417.jpg"},"320x240":{"url":"https:\/\/www.sja73.com\/medias\/images\/prestataires\/multitailles\/320x240_50776-20190703_205417.jpg"},"160x120":{"url":"https:\/\/www.sja73.com\/medias\/images\/prestataires\/multitailles\/160x120_50776-20190703_205417.jpg"},"origine":{"url":"https:\/\/www.sja73.com\/medias\/images\/prestataires\/50776-20190703_205417.jpg"}},"urlLien":"","typeLien":"","nofollow":"N","copyright":"www.lechaletdlacroe.fr"}],"ByCategorie":{"":[{"url":"https:\/\/www.sja73.com\/medias\/images\/prestataires\/50768-p1140711_1.jpg","chemin":"..\/medias\/images\/prestataires\/50768-p1140711_1.jpg","libelle":"Chalet d'la Cro\u00eb","extension":"jpg","categorie":"","largeur":2624,"theme":"","hauteur":864,"type":"Image","origine":"","liaisonPave":"","langue":"","id":"50768","urlVignette":"https:\/\/www.sja73.com\/medias\/images\/prestataires\/v-50768-p1140711_1.jpg","alt":"Chalet d'la Cro\u00eb","title":"Chalet d'la Cro\u00eb","MultiTaille":{"1920x1440":{"url":"https:\/\/www.sja73.com\/medias\/images\/prestataires\/multitailles\/1920x1440_50768-p1140711_1.jpg"},"1200x900":{"url":"https:\/\/www.sja73.com\/medias\/images\/prestataires\/multitailles\/1200x900_50768-p1140711_1.jpg"},"800x600":{"url":"https:\/\/www.sja73.com\/medias\/images\/prestataires\/multitailles\/800x600_50768-p1140711_1.jpg"},"640x480":{"url":"https:\/\/www.sja73.com\/medias\/images\/prestataires\/multitailles\/640x480_50768-p1140711_1.jpg"},"320x240":{"url":"https:\/\/www.sja73.com\/medias\/images\/prestataires\/multitailles\/320x240_50768-p1140711_1.jpg"},"160x120":{"url":"https:\/\/www.sja73.com\/medias\/images\/prestataires\/multitailles\/160x120_50768-p1140711_1.jpg"},"origine":{"url":"https:\/\/www.sja73.com\/medias\/images\/prestataires\/50768-p1140711_1.jpg"}},"urlLien":"","typeLien":"","nofollow":"N","copyright":"www.lechaletdlacroe.fr"},{"url":"https:\/\/www.sja73.com\/medias\/images\/prestataires\/50777-cirkwi_randonnee_au_chalet_d_la_croe.gpx","chemin":"..\/medias\/images\/prestataires\/50777-cirkwi_randonnee_au_chalet_d_la_croe.gpx","libelle":"GPX tracks for the TV relay at Chalet de la Cro\u00e9","extension":"gpx","categorie":"","largeur":"","theme":"","hauteur":"","type":"Document","origine":"","liaisonPave":"","langue":"","id":"50777","poids":"7.59 Ko","alt":"GPX tracks for the TV relay at Chalet de la Cro\u00e9","title":"GPX tracks for the TV relay at Chalet de la Cro\u00e9"},{"url":"https:\/\/www.sja73.com\/medias\/images\/prestataires\/50769-fb_img_1520863584181.jpg","chemin":"..\/medias\/images\/prestataires\/50769-fb_img_1520863584181.jpg","libelle":"Chalet d'la Cro\u00eb","extension":"jpg","categorie":"","largeur":1440,"theme":"","hauteur":960,"type":"Image","origine":"","liaisonPave":"","langue":"","id":"50769","urlVignette":"https:\/\/www.sja73.com\/medias\/images\/prestataires\/v-50769-fb_img_1520863584181.jpg","alt":"Chalet d'la Cro\u00eb","title":"Chalet d'la Cro\u00eb","MultiTaille":{"1920x1440":{"url":"https:\/\/www.sja73.com\/medias\/images\/prestataires\/multitailles\/1920x1440_50769-fb_img_1520863584181.jpg"},"1200x900":{"url":"https:\/\/www.sja73.com\/medias\/images\/prestataires\/multitailles\/1200x900_50769-fb_img_1520863584181.jpg"},"800x600":{"url":"https:\/\/www.sja73.com\/medias\/images\/prestataires\/multitailles\/800x600_50769-fb_img_1520863584181.jpg"},"640x480":{"url":"https:\/\/www.sja73.com\/medias\/images\/prestataires\/multitailles\/640x480_50769-fb_img_1520863584181.jpg"},"320x240":{"url":"https:\/\/www.sja73.com\/medias\/images\/prestataires\/multitailles\/320x240_50769-fb_img_1520863584181.jpg"},"160x120":{"url":"https:\/\/www.sja73.com\/medias\/images\/prestataires\/multitailles\/160x120_50769-fb_img_1520863584181.jpg"},"origine":{"url":"https:\/\/www.sja73.com\/medias\/images\/prestataires\/50769-fb_img_1520863584181.jpg"}},"urlLien":"","typeLien":"","nofollow":"N","copyright":"www.lechaletdlacroe.fr"},{"url":"https:\/\/www.sja73.com\/medias\/images\/prestataires\/50770-p1140752_1.jpg","chemin":"..\/medias\/images\/prestataires\/50770-p1140752_1.jpg","libelle":"Coucher de soleil Chalet d'la Cro\u00eb","extension":"jpg","categorie":"","largeur":4608,"theme":"","hauteur":2592,"type":"Image","origine":"","liaisonPave":"","langue":"","id":"50770","urlVignette":"https:\/\/www.sja73.com\/medias\/images\/prestataires\/v-50770-p1140752_1.jpg","alt":"Coucher de soleil Chalet d'la Cro\u00eb","title":"Coucher de soleil Chalet d'la Cro\u00eb","MultiTaille":{"1920x1440":{"url":"https:\/\/www.sja73.com\/medias\/images\/prestataires\/multitailles\/1920x1440_50770-p1140752_1.jpg"},"1200x900":{"url":"https:\/\/www.sja73.com\/medias\/images\/prestataires\/multitailles\/1200x900_50770-p1140752_1.jpg"},"800x600":{"url":"https:\/\/www.sja73.com\/medias\/images\/prestataires\/multitailles\/800x600_50770-p1140752_1.jpg"},"640x480":{"url":"https:\/\/www.sja73.com\/medias\/images\/prestataires\/multitailles\/640x480_50770-p1140752_1.jpg"},"320x240":{"url":"https:\/\/www.sja73.com\/medias\/images\/prestataires\/multitailles\/320x240_50770-p1140752_1.jpg"},"160x120":{"url":"https:\/\/www.sja73.com\/medias\/images\/prestataires\/multitailles\/160x120_50770-p1140752_1.jpg"},"origine":{"url":"https:\/\/www.sja73.com\/medias\/images\/prestataires\/50770-p1140752_1.jpg"}},"urlLien":"","typeLien":"","nofollow":"N","copyright":"www.lechaletdlacroe.fr"},{"url":"https:\/\/www.sja73.com\/medias\/images\/prestataires\/50771-p1140715_1.jpg","chemin":"..\/medias\/images\/prestataires\/50771-p1140715_1.jpg","libelle":"Int\u00e9rieur Chalet d'la Cro\u00eb","extension":"jpg","categorie":"","largeur":4608,"theme":"","hauteur":3072,"type":"Image","origine":"","liaisonPave":"","langue":"","id":"50771","urlVignette":"https:\/\/www.sja73.com\/medias\/images\/prestataires\/v-50771-p1140715_1.jpg","alt":"Int\u00e9rieur Chalet d'la Cro\u00eb","title":"Int\u00e9rieur Chalet d'la Cro\u00eb","MultiTaille":{"1920x1440":{"url":"https:\/\/www.sja73.com\/medias\/images\/prestataires\/multitailles\/1920x1440_50771-p1140715_1.jpg"},"1200x900":{"url":"https:\/\/www.sja73.com\/medias\/images\/prestataires\/multitailles\/1200x900_50771-p1140715_1.jpg"},"800x600":{"url":"https:\/\/www.sja73.com\/medias\/images\/prestataires\/multitailles\/800x600_50771-p1140715_1.jpg"},"640x480":{"url":"https:\/\/www.sja73.com\/medias\/images\/prestataires\/multitailles\/640x480_50771-p1140715_1.jpg"},"320x240":{"url":"https:\/\/www.sja73.com\/medias\/images\/prestataires\/multitailles\/320x240_50771-p1140715_1.jpg"},"160x120":{"url":"https:\/\/www.sja73.com\/medias\/images\/prestataires\/multitailles\/160x120_50771-p1140715_1.jpg"},"origine":{"url":"https:\/\/www.sja73.com\/medias\/images\/prestataires\/50771-p1140715_1.jpg"}},"urlLien":"","typeLien":"","nofollow":"N","copyright":"www.lechaletdlacroe.fr"},{"url":"https:\/\/www.sja73.com\/medias\/images\/prestataires\/50772-p1150547_1.jpg","chemin":"..\/medias\/images\/prestataires\/50772-p1150547_1.jpg","libelle":"Barbecue Chalet d'la Cro\u00eb","extension":"jpg","categorie":"","largeur":4608,"theme":"","hauteur":3072,"type":"Image","origine":"","liaisonPave":"","langue":"","id":"50772","urlVignette":"https:\/\/www.sja73.com\/medias\/images\/prestataires\/v-50772-p1150547_1.jpg","alt":"Barbecue Chalet d'la Cro\u00eb","title":"Barbecue Chalet d'la Cro\u00eb","MultiTaille":{"1920x1440":{"url":"https:\/\/www.sja73.com\/medias\/images\/prestataires\/multitailles\/1920x1440_50772-p1150547_1.jpg"},"1200x900":{"url":"https:\/\/www.sja73.com\/medias\/images\/prestataires\/multitailles\/1200x900_50772-p1150547_1.jpg"},"800x600":{"url":"https:\/\/www.sja73.com\/medias\/images\/prestataires\/multitailles\/800x600_50772-p1150547_1.jpg"},"640x480":{"url":"https:\/\/www.sja73.com\/medias\/images\/prestataires\/multitailles\/640x480_50772-p1150547_1.jpg"},"320x240":{"url":"https:\/\/www.sja73.com\/medias\/images\/prestataires\/multitailles\/320x240_50772-p1150547_1.jpg"},"160x120":{"url":"https:\/\/www.sja73.com\/medias\/images\/prestataires\/multitailles\/160x120_50772-p1150547_1.jpg"},"origine":{"url":"https:\/\/www.sja73.com\/medias\/images\/prestataires\/50772-p1150547_1.jpg"}},"urlLien":"","typeLien":"","nofollow":"N","copyright":"www.lechaletdlacroe.fr"},{"url":"https:\/\/www.sja73.com\/medias\/images\/prestataires\/50773-chaletdlacroe.jpg","chemin":"..\/medias\/images\/prestataires\/50773-chaletdlacroe.jpg","libelle":"Chalet d'la Cro\u00eb","extension":"jpg","categorie":"","largeur":3456,"theme":"","hauteur":1946,"type":"Image","origine":"","liaisonPave":"","langue":"","id":"50773","urlVignette":"https:\/\/www.sja73.com\/medias\/images\/prestataires\/v-50773-chaletdlacroe.jpg","alt":"Chalet d'la Cro\u00eb","title":"Chalet d'la Cro\u00eb","MultiTaille":{"1920x1440":{"url":"https:\/\/www.sja73.com\/medias\/images\/prestataires\/multitailles\/1920x1440_50773-chaletdlacroe.jpg"},"1200x900":{"url":"https:\/\/www.sja73.com\/medias\/images\/prestataires\/multitailles\/1200x900_50773-chaletdlacroe.jpg"},"800x600":{"url":"https:\/\/www.sja73.com\/medias\/images\/prestataires\/multitailles\/800x600_50773-chaletdlacroe.jpg"},"640x480":{"url":"https:\/\/www.sja73.com\/medias\/images\/prestataires\/multitailles\/640x480_50773-chaletdlacroe.jpg"},"320x240":{"url":"https:\/\/www.sja73.com\/medias\/images\/prestataires\/multitailles\/320x240_50773-chaletdlacroe.jpg"},"160x120":{"url":"https:\/\/www.sja73.com\/medias\/images\/prestataires\/multitailles\/160x120_50773-chaletdlacroe.jpg"},"origine":{"url":"https:\/\/www.sja73.com\/medias\/images\/prestataires\/50773-chaletdlacroe.jpg"}},"urlLien":"","typeLien":"","nofollow":"N","copyright":"www.lechaletdlacroe.fr"},{"url":"https:\/\/www.sja73.com\/medias\/images\/prestataires\/50774-croe.jpg","chemin":"..\/medias\/images\/prestataires\/50774-croe.jpg","libelle":"Chalet d'la Cro\u00eb","extension":"jpg","categorie":"","largeur":3264,"theme":"","hauteur":1836,"type":"Image","origine":"","liaisonPave":"","langue":"","id":"50774","urlVignette":"https:\/\/www.sja73.com\/medias\/images\/prestataires\/v-50774-croe.jpg","alt":"Chalet d'la Cro\u00eb","title":"Chalet d'la Cro\u00eb","MultiTaille":{"1920x1440":{"url":"https:\/\/www.sja73.com\/medias\/images\/prestataires\/multitailles\/1920x1440_50774-croe.jpg"},"1200x900":{"url":"https:\/\/www.sja73.com\/medias\/images\/prestataires\/multitailles\/1200x900_50774-croe.jpg"},"800x600":{"url":"https:\/\/www.sja73.com\/medias\/images\/prestataires\/multitailles\/800x600_50774-croe.jpg"},"640x480":{"url":"https:\/\/www.sja73.com\/medias\/images\/prestataires\/multitailles\/640x480_50774-croe.jpg"},"320x240":{"url":"https:\/\/www.sja73.com\/medias\/images\/prestataires\/multitailles\/320x240_50774-croe.jpg"},"160x120":{"url":"https:\/\/www.sja73.com\/medias\/images\/prestataires\/multitailles\/160x120_50774-croe.jpg"},"origine":{"url":"https:\/\/www.sja73.com\/medias\/images\/prestataires\/50774-croe.jpg"}},"urlLien":"","typeLien":"","nofollow":"N","copyright":"www.lechaletdlacroe.fr"},{"url":"https:\/\/www.sja73.com\/medias\/images\/prestataires\/50775-20190730_091359.jpg","chemin":"..\/medias\/images\/prestataires\/50775-20190730_091359.jpg","libelle":"Chalet d'la Cro\u00eb","extension":"jpg","categorie":"","largeur":3264,"theme":"","hauteur":1836,"type":"Image","origine":"","liaisonPave":"","langue":"","id":"50775","urlVignette":"https:\/\/www.sja73.com\/medias\/images\/prestataires\/v-50775-20190730_091359.jpg","alt":"Chalet d'la Cro\u00eb","title":"Chalet d'la Cro\u00eb","MultiTaille":{"1920x1440":{"url":"https:\/\/www.sja73.com\/medias\/images\/prestataires\/multitailles\/1920x1440_50775-20190730_091359.jpg"},"1200x900":{"url":"https:\/\/www.sja73.com\/medias\/images\/prestataires\/multitailles\/1200x900_50775-20190730_091359.jpg"},"800x600":{"url":"https:\/\/www.sja73.com\/medias\/images\/prestataires\/multitailles\/800x600_50775-20190730_091359.jpg"},"640x480":{"url":"https:\/\/www.sja73.com\/medias\/images\/prestataires\/multitailles\/640x480_50775-20190730_091359.jpg"},"320x240":{"url":"https:\/\/www.sja73.com\/medias\/images\/prestataires\/multitailles\/320x240_50775-20190730_091359.jpg"},"160x120":{"url":"https:\/\/www.sja73.com\/medias\/images\/prestataires\/multitailles\/160x120_50775-20190730_091359.jpg"},"origine":{"url":"https:\/\/www.sja73.com\/medias\/images\/prestataires\/50775-20190730_091359.jpg"}},"urlLien":"","typeLien":"","nofollow":"N","copyright":"www.lechaletdlacroe.fr"},{"url":"https:\/\/www.sja73.com\/medias\/images\/prestataires\/50776-20190703_205417.jpg","chemin":"..\/medias\/images\/prestataires\/50776-20190703_205417.jpg","libelle":"Chalet d'la Cro\u00eb","extension":"jpg","categorie":"","largeur":3264,"theme":"","hauteur":1836,"type":"Image","origine":"","liaisonPave":"","langue":"","id":"50776","urlVignette":"https:\/\/www.sja73.com\/medias\/images\/prestataires\/v-50776-20190703_205417.jpg","alt":"Chalet d'la Cro\u00eb","title":"Chalet d'la Cro\u00eb","MultiTaille":{"1920x1440":{"url":"https:\/\/www.sja73.com\/medias\/images\/prestataires\/multitailles\/1920x1440_50776-20190703_205417.jpg"},"1200x900":{"url":"https:\/\/www.sja73.com\/medias\/images\/prestataires\/multitailles\/1200x900_50776-20190703_205417.jpg"},"800x600":{"url":"https:\/\/www.sja73.com\/medias\/images\/prestataires\/multitailles\/800x600_50776-20190703_205417.jpg"},"640x480":{"url":"https:\/\/www.sja73.com\/medias\/images\/prestataires\/multitailles\/640x480_50776-20190703_205417.jpg"},"320x240":{"url":"https:\/\/www.sja73.com\/medias\/images\/prestataires\/multitailles\/320x240_50776-20190703_205417.jpg"},"160x120":{"url":"https:\/\/www.sja73.com\/medias\/images\/prestataires\/multitailles\/160x120_50776-20190703_205417.jpg"},"origine":{"url":"https:\/\/www.sja73.com\/medias\/images\/prestataires\/50776-20190703_205417.jpg"}},"urlLien":"","typeLien":"","nofollow":"N","copyright":"www.lechaletdlacroe.fr"}]},"Document":[{"url":"https:\/\/www.sja73.com\/medias\/images\/prestataires\/50777-cirkwi_randonnee_au_chalet_d_la_croe.gpx","chemin":"..\/medias\/images\/prestataires\/50777-cirkwi_randonnee_au_chalet_d_la_croe.gpx","libelle":"GPX tracks for the TV relay at Chalet de la Cro\u00e9","extension":"gpx","categorie":"","largeur":"","theme":"","hauteur":"","type":"Document","origine":"","liaisonPave":"","langue":"","id":"50777","poids":"7.59 Ko","alt":"GPX tracks for the TV relay at Chalet de la Cro\u00e9","title":"GPX tracks for the TV relay at Chalet de la Cro\u00e9"}]},"Url":"hike-to-chalet-d-la-croe-1.html","Localisation":{"GoogleMap":{"Latitude":"45.177031","Longitude":"6.332219"}},"ZoneGeo":"","LiensEtWidgetsParType":{"A":[{"Id":"21484","TypePrestataire":"O","CodePrestataire":"7392103","CodePrestation":"","CodeLibelle":"","Type":"A","Url":"http:\/\/www.facebook.com\/chaletdlacroe.bizel?fres=ts","Defaut":"N","Langue":"","Nature":"URL","Import":"SITRA2","LibelleText":"","Theme":""}],"R":[{"Id":"21485","TypePrestataire":"O","CodePrestataire":"7392103","CodePrestation":"","CodeLibelle":"URL00005047","Type":"R","Url":"https:\/\/www.lechaletdlacroe.fr\/book-online","Defaut":"N","Langue":"","Nature":"URL","Import":"SITRA2","LibelleText":"R\u00e9servations","Theme":""}]},"LiensEtWidgets":[{"Id":"21484","TypePrestataire":"O","CodePrestataire":"7392103","CodePrestation":"","CodeLibelle":"","Type":"A","Url":"http:\/\/www.facebook.com\/chaletdlacroe.bizel?fres=ts","Defaut":"N","Langue":"","Nature":"URL","Import":"SITRA2","LibelleText":"","Theme":""},{"Id":"21485","TypePrestataire":"O","CodePrestataire":"7392103","CodePrestation":"","CodeLibelle":"URL00005047","Type":"R","Url":"https:\/\/www.lechaletdlacroe.fr\/book-online","Defaut":"N","Langue":"","Nature":"URL","Import":"SITRA2","LibelleText":"R\u00e9servations","Theme":""}],"Criteres":{"AFFICHAGESITE[ADHERENTOUICOMPLET":"","OEQUIPSERV[OANIMAUX":"","P.services[687":"","P.prestations[animauxAcceptes":"","P.prestations[surchargeTourismesAdaptes":"","P.prestations[surchargeDescriptifHandicapMoteur":"","P.prestations[surchargeDescriptifHandicapAuditif":"","P.prestations[surchargeDescriptifHandicapVisuel":"","P.prestations[surchargeDescriptifHandicapMental":"","P.prestations[surchargeNombreFauteuilsRoulants":"","P.languesParlees[1189":"","P.languesParlees[1194":"","P.114[418":"","P.114[436":"","P.tourismeAffaires[tourismeAffairesEnabled":"","P.tourismeAffaires[devise":"EUR","P.hebergementCollectifType[2648":"","P.CINTSITRA[11226":"","P.CINTSITRA[11435":"","P.CINTSITRA[20628":"","P.CINTSITRA[31290":"","P.3220[25629":"","P.3220[7389406":"","P.3233[60439":"","P.3233[908439":"","P.3233[7376118":"","P.3218[60729":"","P.3219[72808":"","P.3219[126556":"","P.3219[126557":"","P.3227[82852":"","P.3227[164489":"","P.3227[4994130":"","P.3240[100180":"","P.6241[126905":"","P.6241[362251":"","P.6241[595160":"","P.3230[323078":"","P.3230[5532377":"","P.3230[6328304":"","P.3230[6328569":"","P.3221[344174":"","P.3221[549303":"","P.3221[596327":"","P.VilleSitra[30252":"","P.VillageDeDepart[30471":"","P.VillageDeDepart[30252":""},"DateFinPublication":"","PrixAPartirDe":"","PrixPour":"","FicheListeEnCours":"fiche_liste_autres_hebergements_v2","ParametresModele":{"AfficherPhotos":"1","NbPhotosMax":6,"AfficherReserver":0,"AfficherContact":0,"AfficherSalle":1,"AfficherZoneGeo":0,"AfficherEnSavoirPlus":"1","AfficherUneSeuleOuverture":0,"AfficherContactCarte":"1","AfficherTarifsChaudAPartirDe":0,"AfficherTarifChaudSansRecherche":0,"AfficherLiensCarnetVoyage":"1","BlocCritereInfo":{"critere1":{"libelle":"","liste_critere":["P.classementPrefectoral|O"]},"critere2":{"libelle":"","liste_critere":["P.capacite|capaciteTotale|O","P.117|O"]},"critere3":{"libelle":""},"critere4":{"libelle":""},"critere5":{"libelle":"","liste_critere":["OEQUIPSERV|O"]},"critere6":{"libelle":""},"critere7":{"libelle":""},"critere8":{"libelle":""},"afficherpictoetpaslibelle":"1"},"BlocPaveInfo":{"texte1":{"pave":["1","10","18"],"longeurmax":"255","afficherLibelle":"0","garderHtml":"0"}},"Criteres":"AFFICHAGESITE[ADHERENTOUICOMPLET","PositionBloc":"GALLERIE|PICTOSOUSPHOTOS|NOM|DESCRIPTIF|CARNET_VOYAGE|ZONEPRINCIPALFICHEPRESTA|URL","TypePrestataire":"O","ComportementResa":false,"ComportementDispo":false},"AffichageCoordonnees":[],"Coordonnees":{"Ville":"Albiez-Montrond"},"ContexteId":"PRESTATAIRE|O|7392103","ContexteIdHtml":"PRESTATAIRE-O-7392103","cleContexte":"O|7392103","Bloc":{"texte1":"Come and discover the mountain pastures at the foot of the Aiguilles d'Arves by joining the Chalet de la Cro\u00eb.","texte3":"","critere1":{"libelle":"","contenu":[]},"critere2":{"libelle":"","contenu":[]},"critere3":{"libelle":"","contenu":[]},"critere4":{"libelle":"","contenu":[]},"critere5":{"libelle":"","contenu":{"OEQUIPSERV":{"libelle":"","contenu":{"1":"\u003Cimg src=\"https:\/\/www.sja73.com\/medias\/images\/picto\/OEQUIPSERV-OANIMAUX-O.png\"  alt=\"Animaux admis\" title=\"Animaux admis\" \/\u003E"},"codesValeurs":{"1":"OEQUIPSERV|OANIMAUX|O"},"criteres_datas":{"valeurs":{"1":{"OANIMAUX":{"descriptif":""}}}}}}},"critere6":{"libelle":"","contenu":[]},"critere7":{"libelle":"","contenu":[]},"critere8":{"libelle":"","contenu":[]},"critere9":{"libelle":"","contenu":[]}},"LocalisationGps":{"Latitude":"45.177031","Longitude":"6.332219"},"libelleDuPrestataire":"","listeCriteres":{"AFFICHAGESITE":{"ADHERENTOUICOMPLET":""},"OEQUIPSERV":{"OANIMAUX":""},"P.services":{"687":""},"P.prestations":{"animauxAcceptes":"","surchargeTourismesAdaptes":"","surchargeDescriptifHandicapMoteur":"","surchargeDescriptifHandicapAuditif":"","surchargeDescriptifHandicapVisuel":"","surchargeDescriptifHandicapMental":"","surchargeNombreFauteuilsRoulants":""},"P.languesParlees":{"1189":"","1194":""},"P.114":{"418":"","436":""},"P.tourismeAffaires":{"tourismeAffairesEnabled":"","devise":"EUR"},"P.hebergementCollectifType":{"2648":""},"P.CINTSITRA":{"11226":"","11435":"","20628":"","31290":""},"P.3220":{"25629":"","7389406":""},"P.3233":{"60439":"","908439":"","7376118":""},"P.3218":{"60729":""},"P.3219":{"72808":"","126556":"","126557":""},"P.3227":{"82852":"","164489":"","4994130":""},"P.3240":{"100180":""},"P.6241":{"126905":"","362251":"","595160":""},"P.3230":{"323078":"","5532377":"","6328304":"","6328569":""},"P.3221":{"344174":"","549303":"","596327":""},"P.VilleSitra":{"30252":""},"P.VillageDeDepart":{"30471":"","30252":""}},"dansCarnetVoyage":true,"Ouverture":""},"html":" \n \u003Cdiv id=\"CV-PRESTATAIRE-O-7392103\" data-contexte-id=\"PRESTATAIRE|O|7392103\" data-cle=\"O|7392103\" class=\"fiche-liste\"\u003E\n    \n\n    \u003C!-- partie photo --\u003E\n    \u003Cdiv class=\"photo\"\u003E\t\t\t\t\t\t\t\t\t\t\t\t\t\t\t\t\t\t\t\t\t\n        \u003Cdiv class=\"cadre_photo_principale\"\u003E\t\t\n        \n            \t\t\t\t\t\n                    \u003Ca href=\"hike-to-chalet-d-la-croe-1.html?origine=carnet#media\"\u003E\n                        \u003Cimg class=\"photo_principale\" alt=\"Chalet d'la Cro\u00eb\" src=\"https:\/\/www.sja73.com\/medias\/images\/prestataires\/multitailles\/320x240_50768-p1140711_1.jpg\" itemprop=\"image\"\u003E\n                    \u003C\/a\u003E\t\t\t\t\t\t\n                \n                    \u003C\/div\u003E\t\t\t\t\t\t\t\t\t\t\t\t\t\t\t\t\t\t\t \t\t\n    \u003C\/div\u003E\n    \n    \u003C!-- partie nom prest --\u003E\n    \u003Cdiv class=\"nom\"\u003E\n        \u003Ch2\u003EHike to Chalet d'la Cro\u00eb\u003C\/h2\u003E\n        \n            \u003C\/div\u003E\n\n         \n    \u003C!-- partie adresse --\u003E\n    \u003Cdiv class=\"adresse\"\u003E\n    \n          \n    \u003C\/div\u003E\n    \n    \u003C!-- partie liens --\u003E\n    \u003Cdiv class=\"liens\"\u003E\n            \u003Ca class=\"btn-icon btn-view \" title=\"Read more \" href=\"hike-to-chalet-d-la-croe-1.html?origine=carnet\"\u003E\u003C\/a\u003E\u003C!--\u003Ca class=\"btn-icon btn-view \" title=\"\" href=\"?origine=carnet#thaut\"\u003E\u003C\/a\u003E--\u003E\n      \u003Ca class=\"btn-icon btn-trash carnet_voyage_supprimer\" title=\"Remove to travel notes \" href=\"carnet-voyage?action=remove&fiche=O|7392103\"\u003E\u003C\/a\u003E\n    \u003C\/div\u003E\n\n\u003C\/div\u003E\n\n","icon":"https:\/\/static.ingenie.fr\/images\/carnetVoyageV3\/O.png"},"fiche":"O|7392103","popup":"\u003Cdiv id=\"bloc_popup_ajout_fiche_carnet\"\u003E\n    \u003Cdiv class=\"info_popup_ajout_fiche_carnet\"\u003E\n        You have added this item to your travel notes :    \u003C\/div\u003E\n    \u003Cdiv class=\"prest_popup_ajout_fiche_carnet\"\u003E\n        Hike to Chalet d&#039;la Cro&euml;    \u003C\/div\u003E\n    \u003Cdiv class=\"bloc_btn_ajout_fiche_carnet form_submit_div\"\u003E\n        \u003Cinput type=\"button\" value=\"Continue \" title=\"Continue \" name=\"btn_close\" class=\"btn_close_popup_carnet form_submit\" onclick=\"$.colorbox.close()\" \/\u003E\n        \u003Cinput type=\"button\" value=\"View my travel notes \" title=\"View my travel notes \" name=\"btn_panier\" class=\"btn_panier_popup_carnet form_submit\" onclick=\"if(typeof CarnetVoyage != 'undefined') {CarnetVoyage.voirCarnet();}\" \/\u003E\n    \u003C\/div\u003E\n    \u003Cdiv class=\"bloc_btn_ajout_fiche_carnet\"\u003E\n        \u003Cinput type=\"checkbox\" value=\"1\" name=\"desactiver_popup\" id=\"desactiver_popup\" \/\u003E\n        \u003Clabel for=\"desactiver_popup\"\u003EDo not show this message again \u003C\/label\u003E\n    \u003C\/div\u003E\n\u003C\/div\u003E","success":1}