{"nbFiches":1,"dataPrest":{"infoPrest":{"pave1":{"libelle":"Descriptif court","contenu":"Unusual bed and breakfast close to the \"Aiguilles d'Arves\". Snack possible."},"pave2":{"libelle":"Descriptif d\u00e9taill\u00e9","contenu":"In Saint Jean d'Arves, at 2150m of altitude, it is an old family chalet used by the grand parents' owner, in summer, to leave the cows in the pastures and make hay. \u003Cbr \/\u003E\r\n\u003Cbr \/\u003E\r\nThe chalet has been undergoing renovation since the summer of 2016 and is accessible walking from Entraigues (Saint Jean d'Arves) in about 3 hours (900 meters of elevation over 7km) or from Le Chalmieu (Albiez-Montrond) walking by the Basse du Gerbier. \u003Cbr \/\u003E\r\n\u003Cbr \/\u003E\r\nThe chalet is equipped with spring water and has electricity by solar panels. Dry toilets and water point nearby.\u003Cbr \/\u003E\r\nInside, on the ground floor, a kitchen, a large living room, a bathroom (under construction) and the owner's bedroom.\u003Cbr \/\u003E\r\nUpstairs there is the dormitory with 10 places. These are \"baflants\" (one big bed for evrey guest) with mattresses next to each other, fitted with bed sheets, duvet cushions and blankets\u003Cbr \/\u003E\r\nObligation to have sleeping bags. (blanket prohibited due to bed fleas).\u003Cbr \/\u003E\r\n\u003Cbr \/\u003E\r\nOutside, a terrace to enjoy the sunset over the Belledonne massif on one side and Les Aiguilles d'Arves on the other."},"pave3":{"libelle":"Bons plans","contenu":""},"pave4":{"libelle":"Compl\u00e9ment localisation","contenu":""},"pave5":{"libelle":"Compl\u00e9ment accueil","contenu":""},"pave6":{"libelle":"P\u00e9riodes en clair","contenu":""},"pave7":{"libelle":"Tarifs en clair","contenu":"Half board (pp): 24 to 55 \u20ac."},"pave8":{"libelle":"Compl\u00e9ment Tarifs","contenu":""},"pave9":{"libelle":"Compl\u00e9ment R\u00e9servation","contenu":""},"pave10":{"libelle":"Descriptif court","contenu":""},"pave11":{"libelle":"Descriptif d\u00e9taill\u00e9","contenu":""},"pave12":{"libelle":"Compl\u00e9ment localisation","contenu":""},"pave13":{"libelle":"Compl\u00e9ment accueil","contenu":""},"pave14":{"libelle":"P\u00e9riodes en clair","contenu":""},"pave15":{"libelle":"Tarifs en clair","contenu":""},"pave16":{"libelle":"Compl\u00e9ment Tarifs","contenu":""},"pave17":{"libelle":"Compl\u00e9ment R\u00e9servation","contenu":""},"pave18":{"libelle":"Descriptif court","contenu":""},"pave19":{"libelle":"Descriptif d\u00e9taill\u00e9","contenu":""},"pave20":{"libelle":"Compl\u00e9ment localisation","contenu":""},"pave21":{"libelle":"Compl\u00e9ment accueil","contenu":""},"pave22":{"libelle":"P\u00e9riodes en clair","contenu":""},"pave23":{"libelle":"Tarifs en clair","contenu":""},"pave24":{"libelle":"Compl\u00e9ment Tarifs","contenu":""},"pave25":{"libelle":"Compl\u00e9ment R\u00e9servation","contenu":""},"ContactsParType":{"":{"59154":{"id_contact":"59154","type_contact":"","categorie_contact":"PRESTATAIRE","societe_contact":"","fonction_contact":"","civilite_nom_prenom_contact":"Charvin Patricia ","adresse1_contact":"","adresse2_contact":"","adresse3_contact":"","cpostal_contact":"","ville_contact":"","teldom_contact":"","telbur_contact":"","fax_contact":"","portable_contact":"","email_contact":"","siteweb_contact":"","commentaire_contact":"","langue_contact":"","autre_moyen_com":[]}}},"Libelle":"Chalet du Perron","Nom":"Chalet du Perron","Prenom":"","NomPrenom":"Chalet du Perron ","CiviliteNomPrenom":"Chalet du Perron ","Cle":"O|7392105","PrestataireParent":"","ContexteStat":"PRESTATAIRE-O-7392105","DateModificationIso":"2026-03-27T01:05:00+01:00","Type":"PRESTATAIRE","TypePrestataire":"O","Adresse":{"LigneAdresse1":"","LigneAdresse2":"","LigneAdresse3":"","CodePostal":"73530","Ville":"Saint-Jean-d'Arves","Cedex":"","Etat":"","Pays":"FRA"},"Email":"patricia_charvin@hotmail.com","Telephone":"+33(0)6 72 80 61 79","TelephoneBureau":"","Portable":"","SiteWeb":"http:\/\/chaletduperron.fr","Fax":"+33(0)6 72 80 61 79","Id":"o-7392105","Code":"O|7392105","Fichier":{"Image":[{"url":"https:\/\/www.sja73.com\/medias\/images\/prestataires\/49584-fotor_156235864998079.jpg","chemin":"..\/medias\/images\/prestataires\/49584-fotor_156235864998079.jpg","libelle":"Petit d\u00e9jeuner","extension":"jpg","categorie":"","largeur":4128,"theme":"","hauteur":2006,"type":"Image","origine":"","liaisonPave":"","langue":"","id":"49584","urlVignette":"https:\/\/www.sja73.com\/medias\/images\/prestataires\/v-49584-fotor_156235864998079.jpg","alt":"Petit d\u00e9jeuner","title":"Petit d\u00e9jeuner","MultiTaille":{"1920x1440":{"url":"https:\/\/www.sja73.com\/medias\/images\/prestataires\/multitailles\/1920x1440_49584-fotor_156235864998079.jpg"},"1200x900":{"url":"https:\/\/www.sja73.com\/medias\/images\/prestataires\/multitailles\/1200x900_49584-fotor_156235864998079.jpg"},"800x600":{"url":"https:\/\/www.sja73.com\/medias\/images\/prestataires\/multitailles\/800x600_49584-fotor_156235864998079.jpg"},"640x480":{"url":"https:\/\/www.sja73.com\/medias\/images\/prestataires\/multitailles\/640x480_49584-fotor_156235864998079.jpg"},"320x240":{"url":"https:\/\/www.sja73.com\/medias\/images\/prestataires\/multitailles\/320x240_49584-fotor_156235864998079.jpg"},"160x120":{"url":"https:\/\/www.sja73.com\/medias\/images\/prestataires\/multitailles\/160x120_49584-fotor_156235864998079.jpg"},"origine":{"url":"https:\/\/www.sja73.com\/medias\/images\/prestataires\/49584-fotor_156235864998079.jpg"}},"urlLien":"","typeLien":"","nofollow":"N","copyright":"Patricia Charvin"},{"url":"https:\/\/www.sja73.com\/medias\/images\/prestataires\/49585-fotor_156353030946398.jpg","chemin":"..\/medias\/images\/prestataires\/49585-fotor_156353030946398.jpg","libelle":"Vue ext\u00e9rieure","extension":"jpg","categorie":"","largeur":4128,"theme":"","hauteur":2006,"type":"Image","origine":"","liaisonPave":"","langue":"","id":"49585","urlVignette":"https:\/\/www.sja73.com\/medias\/images\/prestataires\/v-49585-fotor_156353030946398.jpg","alt":"Vue ext\u00e9rieure","title":"Vue ext\u00e9rieure","MultiTaille":{"1920x1440":{"url":"https:\/\/www.sja73.com\/medias\/images\/prestataires\/multitailles\/1920x1440_49585-fotor_156353030946398.jpg"},"1200x900":{"url":"https:\/\/www.sja73.com\/medias\/images\/prestataires\/multitailles\/1200x900_49585-fotor_156353030946398.jpg"},"800x600":{"url":"https:\/\/www.sja73.com\/medias\/images\/prestataires\/multitailles\/800x600_49585-fotor_156353030946398.jpg"},"640x480":{"url":"https:\/\/www.sja73.com\/medias\/images\/prestataires\/multitailles\/640x480_49585-fotor_156353030946398.jpg"},"320x240":{"url":"https:\/\/www.sja73.com\/medias\/images\/prestataires\/multitailles\/320x240_49585-fotor_156353030946398.jpg"},"160x120":{"url":"https:\/\/www.sja73.com\/medias\/images\/prestataires\/multitailles\/160x120_49585-fotor_156353030946398.jpg"},"origine":{"url":"https:\/\/www.sja73.com\/medias\/images\/prestataires\/49585-fotor_156353030946398.jpg"}},"urlLien":"","typeLien":"","nofollow":"N","copyright":"Patricia Charvin"},{"url":"https:\/\/www.sja73.com\/medias\/images\/prestataires\/49586-fotor_156353048514176.jpg","chemin":"..\/medias\/images\/prestataires\/49586-fotor_156353048514176.jpg","libelle":"Vue ext\u00e9rieure","extension":"jpg","categorie":"","largeur":4128,"theme":"","hauteur":2006,"type":"Image","origine":"","liaisonPave":"","langue":"","id":"49586","urlVignette":"https:\/\/www.sja73.com\/medias\/images\/prestataires\/v-49586-fotor_156353048514176.jpg","alt":"Vue ext\u00e9rieure","title":"Vue ext\u00e9rieure","MultiTaille":{"1920x1440":{"url":"https:\/\/www.sja73.com\/medias\/images\/prestataires\/multitailles\/1920x1440_49586-fotor_156353048514176.jpg"},"1200x900":{"url":"https:\/\/www.sja73.com\/medias\/images\/prestataires\/multitailles\/1200x900_49586-fotor_156353048514176.jpg"},"800x600":{"url":"https:\/\/www.sja73.com\/medias\/images\/prestataires\/multitailles\/800x600_49586-fotor_156353048514176.jpg"},"640x480":{"url":"https:\/\/www.sja73.com\/medias\/images\/prestataires\/multitailles\/640x480_49586-fotor_156353048514176.jpg"},"320x240":{"url":"https:\/\/www.sja73.com\/medias\/images\/prestataires\/multitailles\/320x240_49586-fotor_156353048514176.jpg"},"160x120":{"url":"https:\/\/www.sja73.com\/medias\/images\/prestataires\/multitailles\/160x120_49586-fotor_156353048514176.jpg"},"origine":{"url":"https:\/\/www.sja73.com\/medias\/images\/prestataires\/49586-fotor_156353048514176.jpg"}},"urlLien":"","typeLien":"","nofollow":"N","copyright":"Patricia Charvin"},{"url":"https:\/\/www.sja73.com\/medias\/images\/prestataires\/49587-fotor_156355802813842.jpg","chemin":"..\/medias\/images\/prestataires\/49587-fotor_156355802813842.jpg","libelle":"Vue ext\u00e9rieure","extension":"jpg","categorie":"","largeur":4128,"theme":"","hauteur":2006,"type":"Image","origine":"","liaisonPave":"","langue":"","id":"49587","urlVignette":"https:\/\/www.sja73.com\/medias\/images\/prestataires\/v-49587-fotor_156355802813842.jpg","alt":"Vue ext\u00e9rieure","title":"Vue ext\u00e9rieure","MultiTaille":{"1920x1440":{"url":"https:\/\/www.sja73.com\/medias\/images\/prestataires\/multitailles\/1920x1440_49587-fotor_156355802813842.jpg"},"1200x900":{"url":"https:\/\/www.sja73.com\/medias\/images\/prestataires\/multitailles\/1200x900_49587-fotor_156355802813842.jpg"},"800x600":{"url":"https:\/\/www.sja73.com\/medias\/images\/prestataires\/multitailles\/800x600_49587-fotor_156355802813842.jpg"},"640x480":{"url":"https:\/\/www.sja73.com\/medias\/images\/prestataires\/multitailles\/640x480_49587-fotor_156355802813842.jpg"},"320x240":{"url":"https:\/\/www.sja73.com\/medias\/images\/prestataires\/multitailles\/320x240_49587-fotor_156355802813842.jpg"},"160x120":{"url":"https:\/\/www.sja73.com\/medias\/images\/prestataires\/multitailles\/160x120_49587-fotor_156355802813842.jpg"},"origine":{"url":"https:\/\/www.sja73.com\/medias\/images\/prestataires\/49587-fotor_156355802813842.jpg"}},"urlLien":"","typeLien":"","nofollow":"N","copyright":"Patricia Charvin"},{"url":"https:\/\/www.sja73.com\/medias\/images\/prestataires\/49588-fotor_156381297070445.jpg","chemin":"..\/medias\/images\/prestataires\/49588-fotor_156381297070445.jpg","libelle":"Au pied des Aiguilles","extension":"jpg","categorie":"","largeur":4128,"theme":"","hauteur":2006,"type":"Image","origine":"","liaisonPave":"","langue":"","id":"49588","urlVignette":"https:\/\/www.sja73.com\/medias\/images\/prestataires\/v-49588-fotor_156381297070445.jpg","alt":"Au pied des Aiguilles","title":"Au pied des Aiguilles","MultiTaille":{"1920x1440":{"url":"https:\/\/www.sja73.com\/medias\/images\/prestataires\/multitailles\/1920x1440_49588-fotor_156381297070445.jpg"},"1200x900":{"url":"https:\/\/www.sja73.com\/medias\/images\/prestataires\/multitailles\/1200x900_49588-fotor_156381297070445.jpg"},"800x600":{"url":"https:\/\/www.sja73.com\/medias\/images\/prestataires\/multitailles\/800x600_49588-fotor_156381297070445.jpg"},"640x480":{"url":"https:\/\/www.sja73.com\/medias\/images\/prestataires\/multitailles\/640x480_49588-fotor_156381297070445.jpg"},"320x240":{"url":"https:\/\/www.sja73.com\/medias\/images\/prestataires\/multitailles\/320x240_49588-fotor_156381297070445.jpg"},"160x120":{"url":"https:\/\/www.sja73.com\/medias\/images\/prestataires\/multitailles\/160x120_49588-fotor_156381297070445.jpg"},"origine":{"url":"https:\/\/www.sja73.com\/medias\/images\/prestataires\/49588-fotor_156381297070445.jpg"}},"urlLien":"","typeLien":"","nofollow":"N","copyright":"Patricia Charvin"},{"url":"https:\/\/www.sja73.com\/medias\/images\/prestataires\/49589-fotor_156416639680688.jpg","chemin":"..\/medias\/images\/prestataires\/49589-fotor_156416639680688.jpg","libelle":"Vue ext\u00e9rieure","extension":"jpg","categorie":"","largeur":4128,"theme":"","hauteur":2006,"type":"Image","origine":"","liaisonPave":"","langue":"","id":"49589","urlVignette":"https:\/\/www.sja73.com\/medias\/images\/prestataires\/v-49589-fotor_156416639680688.jpg","alt":"Vue ext\u00e9rieure","title":"Vue ext\u00e9rieure","MultiTaille":{"1920x1440":{"url":"https:\/\/www.sja73.com\/medias\/images\/prestataires\/multitailles\/1920x1440_49589-fotor_156416639680688.jpg"},"1200x900":{"url":"https:\/\/www.sja73.com\/medias\/images\/prestataires\/multitailles\/1200x900_49589-fotor_156416639680688.jpg"},"800x600":{"url":"https:\/\/www.sja73.com\/medias\/images\/prestataires\/multitailles\/800x600_49589-fotor_156416639680688.jpg"},"640x480":{"url":"https:\/\/www.sja73.com\/medias\/images\/prestataires\/multitailles\/640x480_49589-fotor_156416639680688.jpg"},"320x240":{"url":"https:\/\/www.sja73.com\/medias\/images\/prestataires\/multitailles\/320x240_49589-fotor_156416639680688.jpg"},"160x120":{"url":"https:\/\/www.sja73.com\/medias\/images\/prestataires\/multitailles\/160x120_49589-fotor_156416639680688.jpg"},"origine":{"url":"https:\/\/www.sja73.com\/medias\/images\/prestataires\/49589-fotor_156416639680688.jpg"}},"urlLien":"","typeLien":"","nofollow":"N","copyright":"Patricia Charvin"},{"url":"https:\/\/www.sja73.com\/medias\/images\/prestataires\/49590-img_0029_2.jpg","chemin":"..\/medias\/images\/prestataires\/49590-img_0029_2.jpg","libelle":"Vue ext\u00e9rieure","extension":"jpg","categorie":"","largeur":5736,"theme":"","hauteur":3864,"type":"Image","origine":"","liaisonPave":"","langue":"","id":"49590","urlVignette":"https:\/\/www.sja73.com\/medias\/images\/prestataires\/v-49590-img_0029_2.jpg","alt":"Vue ext\u00e9rieure","title":"Vue ext\u00e9rieure","MultiTaille":{"1920x1440":{"url":"https:\/\/www.sja73.com\/medias\/images\/prestataires\/multitailles\/1920x1440_49590-img_0029_2.jpg"},"1200x900":{"url":"https:\/\/www.sja73.com\/medias\/images\/prestataires\/multitailles\/1200x900_49590-img_0029_2.jpg"},"800x600":{"url":"https:\/\/www.sja73.com\/medias\/images\/prestataires\/multitailles\/800x600_49590-img_0029_2.jpg"},"640x480":{"url":"https:\/\/www.sja73.com\/medias\/images\/prestataires\/multitailles\/640x480_49590-img_0029_2.jpg"},"320x240":{"url":"https:\/\/www.sja73.com\/medias\/images\/prestataires\/multitailles\/320x240_49590-img_0029_2.jpg"},"160x120":{"url":"https:\/\/www.sja73.com\/medias\/images\/prestataires\/multitailles\/160x120_49590-img_0029_2.jpg"},"origine":{"url":"https:\/\/www.sja73.com\/medias\/images\/prestataires\/49590-img_0029_2.jpg"}},"urlLien":"","typeLien":"","nofollow":"N","copyright":"Patricia Charvin"},{"url":"https:\/\/www.sja73.com\/medias\/images\/prestataires\/49591-img_0052.jpg","chemin":"..\/medias\/images\/prestataires\/49591-img_0052.jpg","libelle":"Vue ext\u00e9rieure","extension":"jpg","categorie":"","largeur":5145,"theme":"","hauteur":3430,"type":"Image","origine":"","liaisonPave":"","langue":"","id":"49591","urlVignette":"https:\/\/www.sja73.com\/medias\/images\/prestataires\/v-49591-img_0052.jpg","alt":"Vue ext\u00e9rieure","title":"Vue ext\u00e9rieure","MultiTaille":{"1920x1440":{"url":"https:\/\/www.sja73.com\/medias\/images\/prestataires\/multitailles\/1920x1440_49591-img_0052.jpg"},"1200x900":{"url":"https:\/\/www.sja73.com\/medias\/images\/prestataires\/multitailles\/1200x900_49591-img_0052.jpg"},"800x600":{"url":"https:\/\/www.sja73.com\/medias\/images\/prestataires\/multitailles\/800x600_49591-img_0052.jpg"},"640x480":{"url":"https:\/\/www.sja73.com\/medias\/images\/prestataires\/multitailles\/640x480_49591-img_0052.jpg"},"320x240":{"url":"https:\/\/www.sja73.com\/medias\/images\/prestataires\/multitailles\/320x240_49591-img_0052.jpg"},"160x120":{"url":"https:\/\/www.sja73.com\/medias\/images\/prestataires\/multitailles\/160x120_49591-img_0052.jpg"},"origine":{"url":"https:\/\/www.sja73.com\/medias\/images\/prestataires\/49591-img_0052.jpg"}},"urlLien":"","typeLien":"","nofollow":"N","copyright":"Patricia Charvin"}],"ByCategorie":{"":[{"url":"https:\/\/www.sja73.com\/medias\/images\/prestataires\/49584-fotor_156235864998079.jpg","chemin":"..\/medias\/images\/prestataires\/49584-fotor_156235864998079.jpg","libelle":"Petit d\u00e9jeuner","extension":"jpg","categorie":"","largeur":4128,"theme":"","hauteur":2006,"type":"Image","origine":"","liaisonPave":"","langue":"","id":"49584","urlVignette":"https:\/\/www.sja73.com\/medias\/images\/prestataires\/v-49584-fotor_156235864998079.jpg","alt":"Petit d\u00e9jeuner","title":"Petit d\u00e9jeuner","MultiTaille":{"1920x1440":{"url":"https:\/\/www.sja73.com\/medias\/images\/prestataires\/multitailles\/1920x1440_49584-fotor_156235864998079.jpg"},"1200x900":{"url":"https:\/\/www.sja73.com\/medias\/images\/prestataires\/multitailles\/1200x900_49584-fotor_156235864998079.jpg"},"800x600":{"url":"https:\/\/www.sja73.com\/medias\/images\/prestataires\/multitailles\/800x600_49584-fotor_156235864998079.jpg"},"640x480":{"url":"https:\/\/www.sja73.com\/medias\/images\/prestataires\/multitailles\/640x480_49584-fotor_156235864998079.jpg"},"320x240":{"url":"https:\/\/www.sja73.com\/medias\/images\/prestataires\/multitailles\/320x240_49584-fotor_156235864998079.jpg"},"160x120":{"url":"https:\/\/www.sja73.com\/medias\/images\/prestataires\/multitailles\/160x120_49584-fotor_156235864998079.jpg"},"origine":{"url":"https:\/\/www.sja73.com\/medias\/images\/prestataires\/49584-fotor_156235864998079.jpg"}},"urlLien":"","typeLien":"","nofollow":"N","copyright":"Patricia Charvin"},{"url":"https:\/\/www.sja73.com\/medias\/images\/prestataires\/49585-fotor_156353030946398.jpg","chemin":"..\/medias\/images\/prestataires\/49585-fotor_156353030946398.jpg","libelle":"Vue ext\u00e9rieure","extension":"jpg","categorie":"","largeur":4128,"theme":"","hauteur":2006,"type":"Image","origine":"","liaisonPave":"","langue":"","id":"49585","urlVignette":"https:\/\/www.sja73.com\/medias\/images\/prestataires\/v-49585-fotor_156353030946398.jpg","alt":"Vue ext\u00e9rieure","title":"Vue ext\u00e9rieure","MultiTaille":{"1920x1440":{"url":"https:\/\/www.sja73.com\/medias\/images\/prestataires\/multitailles\/1920x1440_49585-fotor_156353030946398.jpg"},"1200x900":{"url":"https:\/\/www.sja73.com\/medias\/images\/prestataires\/multitailles\/1200x900_49585-fotor_156353030946398.jpg"},"800x600":{"url":"https:\/\/www.sja73.com\/medias\/images\/prestataires\/multitailles\/800x600_49585-fotor_156353030946398.jpg"},"640x480":{"url":"https:\/\/www.sja73.com\/medias\/images\/prestataires\/multitailles\/640x480_49585-fotor_156353030946398.jpg"},"320x240":{"url":"https:\/\/www.sja73.com\/medias\/images\/prestataires\/multitailles\/320x240_49585-fotor_156353030946398.jpg"},"160x120":{"url":"https:\/\/www.sja73.com\/medias\/images\/prestataires\/multitailles\/160x120_49585-fotor_156353030946398.jpg"},"origine":{"url":"https:\/\/www.sja73.com\/medias\/images\/prestataires\/49585-fotor_156353030946398.jpg"}},"urlLien":"","typeLien":"","nofollow":"N","copyright":"Patricia Charvin"},{"url":"https:\/\/www.sja73.com\/medias\/images\/prestataires\/49586-fotor_156353048514176.jpg","chemin":"..\/medias\/images\/prestataires\/49586-fotor_156353048514176.jpg","libelle":"Vue ext\u00e9rieure","extension":"jpg","categorie":"","largeur":4128,"theme":"","hauteur":2006,"type":"Image","origine":"","liaisonPave":"","langue":"","id":"49586","urlVignette":"https:\/\/www.sja73.com\/medias\/images\/prestataires\/v-49586-fotor_156353048514176.jpg","alt":"Vue ext\u00e9rieure","title":"Vue ext\u00e9rieure","MultiTaille":{"1920x1440":{"url":"https:\/\/www.sja73.com\/medias\/images\/prestataires\/multitailles\/1920x1440_49586-fotor_156353048514176.jpg"},"1200x900":{"url":"https:\/\/www.sja73.com\/medias\/images\/prestataires\/multitailles\/1200x900_49586-fotor_156353048514176.jpg"},"800x600":{"url":"https:\/\/www.sja73.com\/medias\/images\/prestataires\/multitailles\/800x600_49586-fotor_156353048514176.jpg"},"640x480":{"url":"https:\/\/www.sja73.com\/medias\/images\/prestataires\/multitailles\/640x480_49586-fotor_156353048514176.jpg"},"320x240":{"url":"https:\/\/www.sja73.com\/medias\/images\/prestataires\/multitailles\/320x240_49586-fotor_156353048514176.jpg"},"160x120":{"url":"https:\/\/www.sja73.com\/medias\/images\/prestataires\/multitailles\/160x120_49586-fotor_156353048514176.jpg"},"origine":{"url":"https:\/\/www.sja73.com\/medias\/images\/prestataires\/49586-fotor_156353048514176.jpg"}},"urlLien":"","typeLien":"","nofollow":"N","copyright":"Patricia Charvin"},{"url":"https:\/\/www.sja73.com\/medias\/images\/prestataires\/49587-fotor_156355802813842.jpg","chemin":"..\/medias\/images\/prestataires\/49587-fotor_156355802813842.jpg","libelle":"Vue ext\u00e9rieure","extension":"jpg","categorie":"","largeur":4128,"theme":"","hauteur":2006,"type":"Image","origine":"","liaisonPave":"","langue":"","id":"49587","urlVignette":"https:\/\/www.sja73.com\/medias\/images\/prestataires\/v-49587-fotor_156355802813842.jpg","alt":"Vue ext\u00e9rieure","title":"Vue ext\u00e9rieure","MultiTaille":{"1920x1440":{"url":"https:\/\/www.sja73.com\/medias\/images\/prestataires\/multitailles\/1920x1440_49587-fotor_156355802813842.jpg"},"1200x900":{"url":"https:\/\/www.sja73.com\/medias\/images\/prestataires\/multitailles\/1200x900_49587-fotor_156355802813842.jpg"},"800x600":{"url":"https:\/\/www.sja73.com\/medias\/images\/prestataires\/multitailles\/800x600_49587-fotor_156355802813842.jpg"},"640x480":{"url":"https:\/\/www.sja73.com\/medias\/images\/prestataires\/multitailles\/640x480_49587-fotor_156355802813842.jpg"},"320x240":{"url":"https:\/\/www.sja73.com\/medias\/images\/prestataires\/multitailles\/320x240_49587-fotor_156355802813842.jpg"},"160x120":{"url":"https:\/\/www.sja73.com\/medias\/images\/prestataires\/multitailles\/160x120_49587-fotor_156355802813842.jpg"},"origine":{"url":"https:\/\/www.sja73.com\/medias\/images\/prestataires\/49587-fotor_156355802813842.jpg"}},"urlLien":"","typeLien":"","nofollow":"N","copyright":"Patricia Charvin"},{"url":"https:\/\/www.sja73.com\/medias\/images\/prestataires\/49588-fotor_156381297070445.jpg","chemin":"..\/medias\/images\/prestataires\/49588-fotor_156381297070445.jpg","libelle":"Au pied des Aiguilles","extension":"jpg","categorie":"","largeur":4128,"theme":"","hauteur":2006,"type":"Image","origine":"","liaisonPave":"","langue":"","id":"49588","urlVignette":"https:\/\/www.sja73.com\/medias\/images\/prestataires\/v-49588-fotor_156381297070445.jpg","alt":"Au pied des Aiguilles","title":"Au pied des Aiguilles","MultiTaille":{"1920x1440":{"url":"https:\/\/www.sja73.com\/medias\/images\/prestataires\/multitailles\/1920x1440_49588-fotor_156381297070445.jpg"},"1200x900":{"url":"https:\/\/www.sja73.com\/medias\/images\/prestataires\/multitailles\/1200x900_49588-fotor_156381297070445.jpg"},"800x600":{"url":"https:\/\/www.sja73.com\/medias\/images\/prestataires\/multitailles\/800x600_49588-fotor_156381297070445.jpg"},"640x480":{"url":"https:\/\/www.sja73.com\/medias\/images\/prestataires\/multitailles\/640x480_49588-fotor_156381297070445.jpg"},"320x240":{"url":"https:\/\/www.sja73.com\/medias\/images\/prestataires\/multitailles\/320x240_49588-fotor_156381297070445.jpg"},"160x120":{"url":"https:\/\/www.sja73.com\/medias\/images\/prestataires\/multitailles\/160x120_49588-fotor_156381297070445.jpg"},"origine":{"url":"https:\/\/www.sja73.com\/medias\/images\/prestataires\/49588-fotor_156381297070445.jpg"}},"urlLien":"","typeLien":"","nofollow":"N","copyright":"Patricia Charvin"},{"url":"https:\/\/www.sja73.com\/medias\/images\/prestataires\/49589-fotor_156416639680688.jpg","chemin":"..\/medias\/images\/prestataires\/49589-fotor_156416639680688.jpg","libelle":"Vue ext\u00e9rieure","extension":"jpg","categorie":"","largeur":4128,"theme":"","hauteur":2006,"type":"Image","origine":"","liaisonPave":"","langue":"","id":"49589","urlVignette":"https:\/\/www.sja73.com\/medias\/images\/prestataires\/v-49589-fotor_156416639680688.jpg","alt":"Vue ext\u00e9rieure","title":"Vue ext\u00e9rieure","MultiTaille":{"1920x1440":{"url":"https:\/\/www.sja73.com\/medias\/images\/prestataires\/multitailles\/1920x1440_49589-fotor_156416639680688.jpg"},"1200x900":{"url":"https:\/\/www.sja73.com\/medias\/images\/prestataires\/multitailles\/1200x900_49589-fotor_156416639680688.jpg"},"800x600":{"url":"https:\/\/www.sja73.com\/medias\/images\/prestataires\/multitailles\/800x600_49589-fotor_156416639680688.jpg"},"640x480":{"url":"https:\/\/www.sja73.com\/medias\/images\/prestataires\/multitailles\/640x480_49589-fotor_156416639680688.jpg"},"320x240":{"url":"https:\/\/www.sja73.com\/medias\/images\/prestataires\/multitailles\/320x240_49589-fotor_156416639680688.jpg"},"160x120":{"url":"https:\/\/www.sja73.com\/medias\/images\/prestataires\/multitailles\/160x120_49589-fotor_156416639680688.jpg"},"origine":{"url":"https:\/\/www.sja73.com\/medias\/images\/prestataires\/49589-fotor_156416639680688.jpg"}},"urlLien":"","typeLien":"","nofollow":"N","copyright":"Patricia Charvin"},{"url":"https:\/\/www.sja73.com\/medias\/images\/prestataires\/49590-img_0029_2.jpg","chemin":"..\/medias\/images\/prestataires\/49590-img_0029_2.jpg","libelle":"Vue ext\u00e9rieure","extension":"jpg","categorie":"","largeur":5736,"theme":"","hauteur":3864,"type":"Image","origine":"","liaisonPave":"","langue":"","id":"49590","urlVignette":"https:\/\/www.sja73.com\/medias\/images\/prestataires\/v-49590-img_0029_2.jpg","alt":"Vue ext\u00e9rieure","title":"Vue ext\u00e9rieure","MultiTaille":{"1920x1440":{"url":"https:\/\/www.sja73.com\/medias\/images\/prestataires\/multitailles\/1920x1440_49590-img_0029_2.jpg"},"1200x900":{"url":"https:\/\/www.sja73.com\/medias\/images\/prestataires\/multitailles\/1200x900_49590-img_0029_2.jpg"},"800x600":{"url":"https:\/\/www.sja73.com\/medias\/images\/prestataires\/multitailles\/800x600_49590-img_0029_2.jpg"},"640x480":{"url":"https:\/\/www.sja73.com\/medias\/images\/prestataires\/multitailles\/640x480_49590-img_0029_2.jpg"},"320x240":{"url":"https:\/\/www.sja73.com\/medias\/images\/prestataires\/multitailles\/320x240_49590-img_0029_2.jpg"},"160x120":{"url":"https:\/\/www.sja73.com\/medias\/images\/prestataires\/multitailles\/160x120_49590-img_0029_2.jpg"},"origine":{"url":"https:\/\/www.sja73.com\/medias\/images\/prestataires\/49590-img_0029_2.jpg"}},"urlLien":"","typeLien":"","nofollow":"N","copyright":"Patricia Charvin"},{"url":"https:\/\/www.sja73.com\/medias\/images\/prestataires\/49591-img_0052.jpg","chemin":"..\/medias\/images\/prestataires\/49591-img_0052.jpg","libelle":"Vue ext\u00e9rieure","extension":"jpg","categorie":"","largeur":5145,"theme":"","hauteur":3430,"type":"Image","origine":"","liaisonPave":"","langue":"","id":"49591","urlVignette":"https:\/\/www.sja73.com\/medias\/images\/prestataires\/v-49591-img_0052.jpg","alt":"Vue ext\u00e9rieure","title":"Vue ext\u00e9rieure","MultiTaille":{"1920x1440":{"url":"https:\/\/www.sja73.com\/medias\/images\/prestataires\/multitailles\/1920x1440_49591-img_0052.jpg"},"1200x900":{"url":"https:\/\/www.sja73.com\/medias\/images\/prestataires\/multitailles\/1200x900_49591-img_0052.jpg"},"800x600":{"url":"https:\/\/www.sja73.com\/medias\/images\/prestataires\/multitailles\/800x600_49591-img_0052.jpg"},"640x480":{"url":"https:\/\/www.sja73.com\/medias\/images\/prestataires\/multitailles\/640x480_49591-img_0052.jpg"},"320x240":{"url":"https:\/\/www.sja73.com\/medias\/images\/prestataires\/multitailles\/320x240_49591-img_0052.jpg"},"160x120":{"url":"https:\/\/www.sja73.com\/medias\/images\/prestataires\/multitailles\/160x120_49591-img_0052.jpg"},"origine":{"url":"https:\/\/www.sja73.com\/medias\/images\/prestataires\/49591-img_0052.jpg"}},"urlLien":"","typeLien":"","nofollow":"N","copyright":"Patricia Charvin"}]}},"Url":"chalet-du-perron-1.html","Localisation":{"GoogleMap":{"Latitude":"45.151073","Longitude":"6.302484"}},"ZoneGeo":"","LiensEtWidgetsParType":{"A":[{"Id":"21152","TypePrestataire":"O","CodePrestataire":"7392105","CodePrestation":"","CodeLibelle":"","Type":"A","Url":"https:\/\/www.facebook.com\/Le-Chalet-du-Perron-263144551049409\/","Defaut":"N","Langue":"","Nature":"URL","Import":"SITRA2","LibelleText":"","Theme":""}]},"LiensEtWidgets":[{"Id":"21152","TypePrestataire":"O","CodePrestataire":"7392105","CodePrestation":"","CodeLibelle":"","Type":"A","Url":"https:\/\/www.facebook.com\/Le-Chalet-du-Perron-263144551049409\/","Defaut":"N","Langue":"","Nature":"URL","Import":"SITRA2","LibelleText":"","Theme":""}],"Criteres":{"AFFICHAGESITE[ADHERENTOUICOMPLET":"","OEQUIPSERV[OANIMAUX":"","OEQUIPSERV[OBALCONTERRA":"","P.22[723":"","P.24[826":"","P.125[1106":"","P.services[687":"","P.117[921":"","P.117[1127":"","P.119[1177":"","P.119[1216":"","P.prestations[animauxAcceptes":"","P.prestations[surchargeTourismesAdaptes":"","P.prestations[surchargeDescriptifHandicapMoteur":"","P.prestations[surchargeDescriptifHandicapAuditif":"","P.prestations[surchargeDescriptifHandicapVisuel":"","P.prestations[surchargeDescriptifHandicapMental":"","P.prestations[surchargeNombreFauteuilsRoulants":"","P.conforts[799":"","P.71[877":"","P.73[902":"","P.languesParlees[1192":"","P.languesParlees[1197":"","P.114[418":"","P.114[436":"","P.modesPaiement[1271":"","P.modesPaiement[1277":"","P.tourismeAffaires[tourismeAffairesEnabled":"","P.tourismeAffaires[devise":"EUR","P.hebergementCollectifType[2648":"","P.CINTSITRA[4038":"","P.CINTSITRA[11226":"","P.CINTSITRA[11435":"","P.CINTSITRA[31290":"","P.3220[25629":"","P.3233[60439":"","P.3233[908439":"","P.3218[60729":"","P.3219[72808":"","P.3219[126557":"","P.3227[82852":"","P.3230[323078":"","P.3230[5532377":"","P.3230[6328304":"","P.3221[344174":"","P.3221[549303":"","P.3221[596327":"","P.6241[595160":"","P.VilleSitra[30471":"","P.VillageDeDepart[30471":""},"DateFinPublication":"","PrixAPartirDe":"","PrixPour":"","FicheListeEnCours":"fiche_liste_autres_hebergements_v2","ParametresModele":{"AfficherPhotos":"1","NbPhotosMax":6,"AfficherReserver":0,"AfficherContact":0,"AfficherSalle":1,"AfficherZoneGeo":0,"AfficherEnSavoirPlus":"1","AfficherUneSeuleOuverture":0,"AfficherContactCarte":"1","AfficherTarifsChaudAPartirDe":0,"AfficherTarifChaudSansRecherche":0,"AfficherLiensCarnetVoyage":"1","BlocCritereInfo":{"critere1":{"libelle":"","liste_critere":["P.classementPrefectoral|O"]},"critere2":{"libelle":"","liste_critere":["P.capacite|capaciteTotale|O","P.117|O"]},"critere3":{"libelle":""},"critere4":{"libelle":""},"critere5":{"libelle":"","liste_critere":["OEQUIPSERV|O"]},"critere6":{"libelle":""},"critere7":{"libelle":""},"critere8":{"libelle":""},"afficherpictoetpaslibelle":"1"},"BlocPaveInfo":{"texte1":{"pave":["1","10","18"],"longeurmax":"255","afficherLibelle":"0","garderHtml":"0"}},"Criteres":"AFFICHAGESITE[ADHERENTOUICOMPLET","PositionBloc":"GALLERIE|PICTOSOUSPHOTOS|NOM|DESCRIPTIF|CARNET_VOYAGE|ZONEPRINCIPALFICHEPRESTA|URL","TypePrestataire":"O","ComportementResa":false,"ComportementDispo":false},"AffichageCoordonnees":[],"Coordonnees":{"Ville":"Saint-Jean-d'Arves"},"ContexteId":"PRESTATAIRE|O|7392105","ContexteIdHtml":"PRESTATAIRE-O-7392105","cleContexte":"O|7392105","Bloc":{"texte1":"Unusual bed and breakfast close to the \"Aiguilles d'Arves\". Snack possible.","texte3":"","critere1":{"libelle":"","contenu":[]},"critere2":{"libelle":"","contenu":{"P.117":{"libelle":"Accommodation option","contenu":{"2":"Full-board","3":"Half-board"},"codesValeurs":{"2":"P.117|921|O","3":"P.117|1127|O"},"criteres_datas":{"valeurs":{"2":{"921":{"descriptif":""}},"3":{"1127":{"descriptif":""}}}}}}},"critere3":{"libelle":"","contenu":[]},"critere4":{"libelle":"","contenu":[]},"critere5":{"libelle":"","contenu":{"OEQUIPSERV":{"libelle":"","contenu":{"1":"\u003Cimg src=\"https:\/\/www.sja73.com\/medias\/images\/picto\/OEQUIPSERV-OANIMAUX-O.png\"  alt=\"Animaux admis\" title=\"Animaux admis\" \/\u003E","6":"\u003Cimg src=\"https:\/\/www.sja73.com\/medias\/images\/picto\/OEQUIPSERV-OBALCONTERRA-O.png\"  alt=\"Balcon, terrasse\" title=\"Balcon, terrasse\" \/\u003E"},"codesValeurs":{"1":"OEQUIPSERV|OANIMAUX|O","6":"OEQUIPSERV|OBALCONTERRA|O"},"criteres_datas":{"valeurs":{"1":{"OANIMAUX":{"descriptif":""}},"6":{"OBALCONTERRA":{"descriptif":""}}}}}}},"critere6":{"libelle":"","contenu":[]},"critere7":{"libelle":"","contenu":[]},"critere8":{"libelle":"","contenu":[]},"critere9":{"libelle":"","contenu":[]}},"LocalisationGps":{"Latitude":"45.151073","Longitude":"6.302484"},"libelleDuPrestataire":"","listeCriteres":{"AFFICHAGESITE":{"ADHERENTOUICOMPLET":""},"OEQUIPSERV":{"OANIMAUX":"","OBALCONTERRA":""},"P.22":{"723":""},"P.24":{"826":""},"P.125":{"1106":""},"P.services":{"687":""},"P.117":{"921":"","1127":""},"P.119":{"1177":"","1216":""},"P.prestations":{"animauxAcceptes":"","surchargeTourismesAdaptes":"","surchargeDescriptifHandicapMoteur":"","surchargeDescriptifHandicapAuditif":"","surchargeDescriptifHandicapVisuel":"","surchargeDescriptifHandicapMental":"","surchargeNombreFauteuilsRoulants":""},"P.conforts":{"799":""},"P.71":{"877":""},"P.73":{"902":""},"P.languesParlees":{"1192":"","1197":""},"P.114":{"418":"","436":""},"P.modesPaiement":{"1271":"","1277":""},"P.tourismeAffaires":{"tourismeAffairesEnabled":"","devise":"EUR"},"P.hebergementCollectifType":{"2648":""},"P.CINTSITRA":{"4038":"","11226":"","11435":"","31290":""},"P.3220":{"25629":""},"P.3233":{"60439":"","908439":""},"P.3218":{"60729":""},"P.3219":{"72808":"","126557":""},"P.3227":{"82852":""},"P.3230":{"323078":"","5532377":"","6328304":""},"P.3221":{"344174":"","549303":"","596327":""},"P.6241":{"595160":""},"P.VilleSitra":{"30471":""},"P.VillageDeDepart":{"30471":""}},"dansCarnetVoyage":true,"Ouverture":""},"html":" \n \u003Cdiv id=\"CV-PRESTATAIRE-O-7392105\" data-contexte-id=\"PRESTATAIRE|O|7392105\" data-cle=\"O|7392105\" class=\"fiche-liste\"\u003E\n    \n\n    \u003C!-- partie photo --\u003E\n    \u003Cdiv class=\"photo\"\u003E\t\t\t\t\t\t\t\t\t\t\t\t\t\t\t\t\t\t\t\t\t\n        \u003Cdiv class=\"cadre_photo_principale\"\u003E\t\t\n        \n            \t\t\t\t\t\n                    \u003Ca href=\"chalet-du-perron-1.html?origine=carnet#media\"\u003E\n                        \u003Cimg class=\"photo_principale\" alt=\"Petit d\u00e9jeuner\" src=\"https:\/\/www.sja73.com\/medias\/images\/prestataires\/multitailles\/320x240_49584-fotor_156235864998079.jpg\" itemprop=\"image\"\u003E\n                    \u003C\/a\u003E\t\t\t\t\t\t\n                \n                    \u003C\/div\u003E\t\t\t\t\t\t\t\t\t\t\t\t\t\t\t\t\t\t\t \t\t\n    \u003C\/div\u003E\n    \n    \u003C!-- partie nom prest --\u003E\n    \u003Cdiv class=\"nom\"\u003E\n        \u003Ch2\u003EChalet du Perron\u003C\/h2\u003E\n        \n            \u003C\/div\u003E\n\n         \n    \u003C!-- partie adresse --\u003E\n    \u003Cdiv class=\"adresse\"\u003E\n    \n          \n    \u003C\/div\u003E\n    \n    \u003C!-- partie liens --\u003E\n    \u003Cdiv class=\"liens\"\u003E\n            \u003Ca class=\"btn-icon btn-view \" title=\"Read more \" href=\"chalet-du-perron-1.html?origine=carnet\"\u003E\u003C\/a\u003E\u003C!--\u003Ca class=\"btn-icon btn-view \" title=\"\" href=\"?origine=carnet#thaut\"\u003E\u003C\/a\u003E--\u003E\n      \u003Ca class=\"btn-icon btn-trash carnet_voyage_supprimer\" title=\"Remove to travel notes \" href=\"carnet-voyage?action=remove&fiche=O|7392105\"\u003E\u003C\/a\u003E\n    \u003C\/div\u003E\n\n\u003C\/div\u003E\n\n","icon":"https:\/\/static.ingenie.fr\/images\/carnetVoyageV3\/O.png"},"fiche":"O|7392105","popup":"\u003Cdiv id=\"bloc_popup_ajout_fiche_carnet\"\u003E\n    \u003Cdiv class=\"info_popup_ajout_fiche_carnet\"\u003E\n        You have added this item to your travel notes :    \u003C\/div\u003E\n    \u003Cdiv class=\"prest_popup_ajout_fiche_carnet\"\u003E\n        Chalet du Perron    \u003C\/div\u003E\n    \u003Cdiv class=\"bloc_btn_ajout_fiche_carnet form_submit_div\"\u003E\n        \u003Cinput type=\"button\" value=\"Continue \" title=\"Continue \" name=\"btn_close\" class=\"btn_close_popup_carnet form_submit\" onclick=\"$.colorbox.close()\" \/\u003E\n        \u003Cinput type=\"button\" value=\"View my travel notes \" title=\"View my travel notes \" name=\"btn_panier\" class=\"btn_panier_popup_carnet form_submit\" onclick=\"if(typeof CarnetVoyage != 'undefined') {CarnetVoyage.voirCarnet();}\" \/\u003E\n    \u003C\/div\u003E\n    \u003Cdiv class=\"bloc_btn_ajout_fiche_carnet\"\u003E\n        \u003Cinput type=\"checkbox\" value=\"1\" name=\"desactiver_popup\" id=\"desactiver_popup\" \/\u003E\n        \u003Clabel for=\"desactiver_popup\"\u003EDo not show this message again \u003C\/label\u003E\n    \u003C\/div\u003E\n\u003C\/div\u003E","success":1}