{"nbFiches":1,"dataPrest":{"infoPrest":{"pave1":{"libelle":"Descriptif court","contenu":"Come and learn more about Beaufort cheese and Savoy wine in the alpine pasture.\u003Cbr \/\u003E\r\n[Subject to weather conditions]","fichiers":[]},"pave2":{"libelle":"Descriptif d\u00e9taill\u00e9","contenu":"Meeting at the top of the \"Charvin Express\" chairlift for a friendly moment on Beaufort theme !\u003Cbr \/\u003E\r\nBeaufort tasting, meeting and talk with some milk cow farmers, manual milking of cows, discovery workshop with a FACIM (foundation that promotes knowledge and appreciation of the heritage and culture of Savoie Mont-Blanc) tour guide, entertainments, refreshments on site... \u003Cbr \/\u003E\r\n\u003Cbr \/\u003E\r\nTimetable : on the entertainment program.\u003Cbr \/\u003E\r\n\u003Cbr \/\u003E\r\nGoing up by foot or chairlift.","fichiers":[]},"pave3":{"libelle":"Bons plans","contenu":"","fichiers":[]},"pave4":{"libelle":"Compl\u00e9ment localisation","contenu":"","fichiers":[]},"pave5":{"libelle":"Compl\u00e9ment accueil","contenu":"","fichiers":[]},"pave6":{"libelle":"P\u00e9riodes en clair","contenu":"Wednesday 16 July 2025.\u003Cbr \/\u003E\n\u003Cbr \/\u003E\nSubject to favorable weather.","fichiers":[]},"pave7":{"libelle":"Tarifs en clair","contenu":"Free access.","fichiers":[]},"pave8":{"libelle":"Compl\u00e9ment Tarifs","contenu":"","fichiers":[]},"pave9":{"libelle":"Compl\u00e9ment R\u00e9servation","contenu":"","fichiers":[]},"pave10":{"libelle":"Descriptif court","contenu":"","fichiers":[]},"pave11":{"libelle":"Descriptif d\u00e9taill\u00e9","contenu":"","fichiers":[]},"pave12":{"libelle":"Compl\u00e9ment localisation","contenu":"","fichiers":[]},"pave13":{"libelle":"Compl\u00e9ment accueil","contenu":"","fichiers":[]},"pave14":{"libelle":"P\u00e9riodes en clair","contenu":"","fichiers":[]},"pave15":{"libelle":"Tarifs en clair","contenu":"","fichiers":[]},"pave16":{"libelle":"Compl\u00e9ment Tarifs","contenu":"","fichiers":[]},"pave17":{"libelle":"Compl\u00e9ment R\u00e9servation","contenu":"","fichiers":[]},"pave18":{"libelle":"Descriptif court","contenu":"","fichiers":[]},"pave19":{"libelle":"Descriptif d\u00e9taill\u00e9","contenu":"","fichiers":[]},"pave20":{"libelle":"Compl\u00e9ment localisation","contenu":"","fichiers":[]},"pave21":{"libelle":"Compl\u00e9ment accueil","contenu":"","fichiers":[]},"pave22":{"libelle":"P\u00e9riodes en clair","contenu":"","fichiers":[]},"pave23":{"libelle":"Tarifs en clair","contenu":"","fichiers":[]},"pave24":{"libelle":"Compl\u00e9ment Tarifs","contenu":"","fichiers":[]},"pave25":{"libelle":"Compl\u00e9ment R\u00e9servation","contenu":"","fichiers":[]},"Libelle":"Beaufort at the top","Reference":"","Reftar":"","Type":"PRESTATION","TypePrestataire":"Y","ContexteStat":"PRESTATION-Y-72407-5124473","DateModificationIso":"2026-02-18T01:15:00+01:00","Adresse":{"LigneAdresse1":"","LigneAdresse2":"","LigneAdresse3":"","CodePostal":"73530","Ville":"Saint-Jean-d'Arves","Cedex":"","Etat":"","Pays":"FRA"},"Id":"y-72407-5124473","Code":"Y|72407|5124473","Cle":"Y|72407|5124473","Url":"beaufort-at-the-top.html","Localisation":{"GoogleMap":{"Latitude":"45.226014","Longitude":"6.253464"}},"ZoneGeo":"","Criteres":{"services[687":"","prestations[animauxAcceptes":"","prestations[surchargeTourismesAdaptes":"","prestations[surchargeDescriptifHandicapMoteur":"","prestations[surchargeDescriptifHandicapAuditif":"","prestations[surchargeDescriptifHandicapVisuel":"","prestations[surchargeDescriptifHandicapMental":"","prestations[surchargeNombreFauteuilsRoulants":"","languesParlees[1197":"","114[418":"","ouverturesComplementaires[4188":"","typesManifestation[1958":"","typesManifestation[1966":"","typesManifestation[1973":"","typesManifestation[1974":"","98[2105":"","6842[3717":"","95[3871":"","103[2064":"","103[2273":"","103[2284":"","101[2205":"","101[2292":"","portee[2352":"","informationsFeteEtManifestation[nomLieu":"La Chal","CINTSITRA[11226":"","CINTSITRA[11435":"","3220[25629":"","3233[60439":"","3233[908439":"","3218[60729":"","3219[72808":"","3219[126557":"","3227[82852":"","3230[323078":"","3230[5532377":"","3230[6328304":"","3221[344174":"","3221[549303":"","3221[596327":"","6241[595160":"","VilleSitra[30471":"","VillageDeDepart[30471":""},"ContactsParType":{"IWEB":{"58549":{"id_contact":"58549","type_contact":"IWEB","categorie_contact":"PRESTATION","societe_contact":"","fonction_contact":"","civilite_nom_prenom_contact":"Office de tourisme Saint Jean d'Arves  ","adresse1_contact":"","adresse2_contact":"","adresse3_contact":"","cpostal_contact":"","ville_contact":"","teldom_contact":"04 79 59 73 30","telbur_contact":"","fax_contact":"","portable_contact":"","email_contact":"info@sja73.com","siteweb_contact":"","commentaire_contact":"","langue_contact":"","autre_moyen_com":[]}}},"Salle":{"SALLE|SITRA00003|SITRA00003":{"libelle":"La Chal","Adresse":{"LigneAdresse1":"","LigneAdresse2":"","LigneAdresse3":"","CodePostal":"","Ville":""}}},"ContactRemplaceCoordonnees":"58549","Prestataire":{"pave1":{"libelle":"","contenu":""},"pave2":{"libelle":"","contenu":""},"pave3":{"libelle":"","contenu":""},"pave4":{"libelle":"","contenu":""},"pave5":{"libelle":"","contenu":""},"pave6":{"libelle":"","contenu":""},"pave7":{"libelle":"","contenu":""},"pave8":{"libelle":"","contenu":""},"pave9":{"libelle":"","contenu":""},"pave10":{"libelle":"","contenu":""},"pave11":{"libelle":"","contenu":""},"pave12":{"libelle":"","contenu":""},"pave13":{"libelle":"","contenu":""},"pave14":{"libelle":"","contenu":""},"pave15":{"libelle":"","contenu":""},"pave16":{"libelle":"","contenu":""},"pave17":{"libelle":"","contenu":""},"pave18":{"libelle":"","contenu":""},"pave19":{"libelle":"","contenu":""},"pave20":{"libelle":"","contenu":""},"pave21":{"libelle":"","contenu":""},"pave22":{"libelle":"","contenu":""},"pave23":{"libelle":"","contenu":""},"pave24":{"libelle":"","contenu":""},"pave25":{"libelle":"","contenu":""},"ContactsParType":{"DIR":{"50973":{"id_contact":"50973","type_contact":"DIR","categorie_contact":"PRESTATAIRE","societe_contact":"","fonction_contact":"","civilite_nom_prenom_contact":"M Grange Thomas ","adresse1_contact":"","adresse2_contact":"","adresse3_contact":"","cpostal_contact":"","ville_contact":"","teldom_contact":"+33(0)4 79 59 73 30","telbur_contact":"","fax_contact":"","portable_contact":"","email_contact":"direction@sja73.com","siteweb_contact":"","commentaire_contact":"","langue_contact":"","autre_moyen_com":[]}},"GEST":{"50975":{"id_contact":"50975","type_contact":"GEST","categorie_contact":"PRESTATAIRE","societe_contact":"","fonction_contact":"","civilite_nom_prenom_contact":"Office de tourisme Saint Jean d'Arves ","adresse1_contact":"476 route de la Chal","adresse2_contact":"La Chal","adresse3_contact":"","cpostal_contact":"73530","ville_contact":"Saint-Jean-d'Arves","teldom_contact":"04 79 59 73 30","telbur_contact":"","fax_contact":"","portable_contact":"","email_contact":"info@sja73.com","siteweb_contact":"http:\/\/www.sja73.com","commentaire_contact":"","langue_contact":"","autre_moyen_com":[]},"50979":{"id_contact":"50979","type_contact":"GEST","categorie_contact":"PRESTATAIRE","societe_contact":"","fonction_contact":"","civilite_nom_prenom_contact":"Office de tourisme Saint Jean d'Arves ","adresse1_contact":"476 route de la Chal","adresse2_contact":"La Chal","adresse3_contact":"","cpostal_contact":"73530","ville_contact":"Saint-Jean-d'Arves","teldom_contact":"04 79 59 73 30","telbur_contact":"","fax_contact":"","portable_contact":"","email_contact":"info@sja73.com","siteweb_contact":"http:\/\/www.sja73.com","commentaire_contact":"","langue_contact":"","autre_moyen_com":[]},"50981":{"id_contact":"50981","type_contact":"GEST","categorie_contact":"PRESTATAIRE","societe_contact":"","fonction_contact":"","civilite_nom_prenom_contact":"Office de tourisme Saint Jean d'Arves ","adresse1_contact":"476 route de la Chal","adresse2_contact":"La Chal","adresse3_contact":"","cpostal_contact":"73530","ville_contact":"Saint-Jean-d'Arves","teldom_contact":"04 79 59 73 30","telbur_contact":"","fax_contact":"","portable_contact":"","email_contact":"info@sja73.com","siteweb_contact":"http:\/\/www.sja73.com","commentaire_contact":"","langue_contact":"","autre_moyen_com":[]},"50984":{"id_contact":"50984","type_contact":"GEST","categorie_contact":"PRESTATAIRE","societe_contact":"","fonction_contact":"","civilite_nom_prenom_contact":"Office de tourisme Saint Jean d'Arves ","adresse1_contact":"476 route de la Chal","adresse2_contact":"La Chal","adresse3_contact":"","cpostal_contact":"73530","ville_contact":"Saint-Jean-d'Arves","teldom_contact":"04 79 59 73 30","telbur_contact":"","fax_contact":"","portable_contact":"","email_contact":"info@sja73.com","siteweb_contact":"http:\/\/www.sja73.com","commentaire_contact":"","langue_contact":"","autre_moyen_com":[]},"50986":{"id_contact":"50986","type_contact":"GEST","categorie_contact":"PRESTATAIRE","societe_contact":"","fonction_contact":"","civilite_nom_prenom_contact":"Office de tourisme Saint Jean d'Arves ","adresse1_contact":"476 route de la Chal","adresse2_contact":"La Chal","adresse3_contact":"","cpostal_contact":"73530","ville_contact":"Saint-Jean-d'Arves","teldom_contact":"04 79 59 73 30","telbur_contact":"","fax_contact":"","portable_contact":"","email_contact":"info@sja73.com","siteweb_contact":"http:\/\/www.sja73.com","commentaire_contact":"","langue_contact":"","autre_moyen_com":[]},"50988":{"id_contact":"50988","type_contact":"GEST","categorie_contact":"PRESTATAIRE","societe_contact":"","fonction_contact":"","civilite_nom_prenom_contact":"Office de tourisme Saint Jean d'Arves ","adresse1_contact":"476 route de la Chal","adresse2_contact":"La Chal","adresse3_contact":"","cpostal_contact":"73530","ville_contact":"Saint-Jean-d'Arves","teldom_contact":"04 79 59 73 30","telbur_contact":"","fax_contact":"","portable_contact":"","email_contact":"info@sja73.com","siteweb_contact":"http:\/\/www.sja73.com","commentaire_contact":"","langue_contact":"","autre_moyen_com":[]},"50990":{"id_contact":"50990","type_contact":"GEST","categorie_contact":"PRESTATAIRE","societe_contact":"","fonction_contact":"","civilite_nom_prenom_contact":"Office de tourisme Saint Jean d'Arves ","adresse1_contact":"476 route de la Chal","adresse2_contact":"La Chal","adresse3_contact":"","cpostal_contact":"73530","ville_contact":"Saint-Jean-d'Arves","teldom_contact":"04 79 59 73 30","telbur_contact":"","fax_contact":"","portable_contact":"","email_contact":"info@sja73.com","siteweb_contact":"http:\/\/www.sja73.com","commentaire_contact":"","langue_contact":"","autre_moyen_com":[]},"50992":{"id_contact":"50992","type_contact":"GEST","categorie_contact":"PRESTATAIRE","societe_contact":"","fonction_contact":"","civilite_nom_prenom_contact":"Office de tourisme Saint Jean d'Arves ","adresse1_contact":"476 route de la Chal","adresse2_contact":"La Chal","adresse3_contact":"","cpostal_contact":"73530","ville_contact":"Saint-Jean-d'Arves","teldom_contact":"04 79 59 73 30","telbur_contact":"","fax_contact":"","portable_contact":"","email_contact":"info@sja73.com","siteweb_contact":"http:\/\/www.sja73.com","commentaire_contact":"","langue_contact":"","autre_moyen_com":[]},"50996":{"id_contact":"50996","type_contact":"GEST","categorie_contact":"PRESTATAIRE","societe_contact":"","fonction_contact":"","civilite_nom_prenom_contact":"Office de tourisme Saint Jean d'Arves ","adresse1_contact":"476 route de la Chal","adresse2_contact":"La Chal","adresse3_contact":"","cpostal_contact":"73530","ville_contact":"Saint-Jean-d'Arves","teldom_contact":"04 79 59 73 30","telbur_contact":"","fax_contact":"","portable_contact":"","email_contact":"info@sja73.com","siteweb_contact":"http:\/\/www.sja73.com","commentaire_contact":"","langue_contact":"","autre_moyen_com":[]},"50999":{"id_contact":"50999","type_contact":"GEST","categorie_contact":"PRESTATAIRE","societe_contact":"","fonction_contact":"","civilite_nom_prenom_contact":"Office de tourisme Saint Jean d'Arves ","adresse1_contact":"476 route de la Chal","adresse2_contact":"La Chal","adresse3_contact":"","cpostal_contact":"73530","ville_contact":"Saint-Jean-d'Arves","teldom_contact":"04 79 59 73 30","telbur_contact":"","fax_contact":"","portable_contact":"","email_contact":"info@sja73.com","siteweb_contact":"http:\/\/www.sja73.com","commentaire_contact":"","langue_contact":"","autre_moyen_com":[]},"51001":{"id_contact":"51001","type_contact":"GEST","categorie_contact":"PRESTATAIRE","societe_contact":"","fonction_contact":"","civilite_nom_prenom_contact":"Office de tourisme Saint Jean d'Arves ","adresse1_contact":"476 route de la Chal","adresse2_contact":"La Chal","adresse3_contact":"","cpostal_contact":"73530","ville_contact":"Saint-Jean-d'Arves","teldom_contact":"04 79 59 73 30","telbur_contact":"","fax_contact":"","portable_contact":"","email_contact":"info@sja73.com","siteweb_contact":"http:\/\/www.sja73.com","commentaire_contact":"","langue_contact":"","autre_moyen_com":[]},"51004":{"id_contact":"51004","type_contact":"GEST","categorie_contact":"PRESTATAIRE","societe_contact":"","fonction_contact":"","civilite_nom_prenom_contact":"Office de tourisme Saint Jean d'Arves ","adresse1_contact":"476 route de la Chal","adresse2_contact":"La Chal","adresse3_contact":"","cpostal_contact":"73530","ville_contact":"Saint-Jean-d'Arves","teldom_contact":"04 79 59 73 30","telbur_contact":"","fax_contact":"","portable_contact":"","email_contact":"info@sja73.com","siteweb_contact":"http:\/\/www.sja73.com","commentaire_contact":"","langue_contact":"","autre_moyen_com":[]},"51017":{"id_contact":"51017","type_contact":"GEST","categorie_contact":"PRESTATAIRE","societe_contact":"","fonction_contact":"","civilite_nom_prenom_contact":"Office de tourisme Saint Jean d'Arves ","adresse1_contact":"476 route de la Chal","adresse2_contact":"La Chal","adresse3_contact":"","cpostal_contact":"73530","ville_contact":"Saint-Jean-d'Arves","teldom_contact":"04 79 59 73 30","telbur_contact":"","fax_contact":"","portable_contact":"","email_contact":"info@sja73.com","siteweb_contact":"http:\/\/www.sja73.com","commentaire_contact":"","langue_contact":"","autre_moyen_com":[]},"51023":{"id_contact":"51023","type_contact":"GEST","categorie_contact":"PRESTATAIRE","societe_contact":"","fonction_contact":"","civilite_nom_prenom_contact":"Office de tourisme Saint Jean d'Arves ","adresse1_contact":"476 route de la Chal","adresse2_contact":"La Chal","adresse3_contact":"","cpostal_contact":"73530","ville_contact":"Saint-Jean-d'Arves","teldom_contact":"04 79 59 73 30","telbur_contact":"","fax_contact":"","portable_contact":"","email_contact":"info@sja73.com","siteweb_contact":"http:\/\/www.sja73.com","commentaire_contact":"","langue_contact":"","autre_moyen_com":[]},"51025":{"id_contact":"51025","type_contact":"GEST","categorie_contact":"PRESTATAIRE","societe_contact":"","fonction_contact":"","civilite_nom_prenom_contact":"Office de tourisme Saint Jean d'Arves ","adresse1_contact":"476 route de la Chal","adresse2_contact":"La Chal","adresse3_contact":"","cpostal_contact":"73530","ville_contact":"Saint-Jean-d'Arves","teldom_contact":"04 79 59 73 30","telbur_contact":"","fax_contact":"","portable_contact":"","email_contact":"info@sja73.com","siteweb_contact":"http:\/\/www.sja73.com","commentaire_contact":"","langue_contact":"","autre_moyen_com":[]},"51031":{"id_contact":"51031","type_contact":"GEST","categorie_contact":"PRESTATAIRE","societe_contact":"","fonction_contact":"","civilite_nom_prenom_contact":"Office de tourisme Saint Jean d'Arves ","adresse1_contact":"476 route de la Chal","adresse2_contact":"La Chal","adresse3_contact":"","cpostal_contact":"73530","ville_contact":"Saint-Jean-d'Arves","teldom_contact":"04 79 59 73 30","telbur_contact":"","fax_contact":"","portable_contact":"","email_contact":"info@sja73.com","siteweb_contact":"http:\/\/www.sja73.com","commentaire_contact":"","langue_contact":"","autre_moyen_com":[]},"51033":{"id_contact":"51033","type_contact":"GEST","categorie_contact":"PRESTATAIRE","societe_contact":"","fonction_contact":"","civilite_nom_prenom_contact":"Office de tourisme Saint Jean d'Arves ","adresse1_contact":"476 route de la Chal","adresse2_contact":"La Chal","adresse3_contact":"","cpostal_contact":"73530","ville_contact":"Saint-Jean-d'Arves","teldom_contact":"04 79 59 73 30","telbur_contact":"","fax_contact":"","portable_contact":"","email_contact":"info@sja73.com","siteweb_contact":"http:\/\/www.sja73.com","commentaire_contact":"","langue_contact":"","autre_moyen_com":[]},"51035":{"id_contact":"51035","type_contact":"GEST","categorie_contact":"PRESTATAIRE","societe_contact":"","fonction_contact":"","civilite_nom_prenom_contact":"Office de tourisme Saint Jean d'Arves ","adresse1_contact":"476 route de la Chal","adresse2_contact":"La Chal","adresse3_contact":"","cpostal_contact":"73530","ville_contact":"Saint-Jean-d'Arves","teldom_contact":"04 79 59 73 30","telbur_contact":"","fax_contact":"","portable_contact":"","email_contact":"info@sja73.com","siteweb_contact":"http:\/\/www.sja73.com","commentaire_contact":"","langue_contact":"","autre_moyen_com":[]},"51037":{"id_contact":"51037","type_contact":"GEST","categorie_contact":"PRESTATAIRE","societe_contact":"","fonction_contact":"","civilite_nom_prenom_contact":"Office de tourisme Saint Jean d'Arves ","adresse1_contact":"476 route de la Chal","adresse2_contact":"La Chal","adresse3_contact":"","cpostal_contact":"73530","ville_contact":"Saint-Jean-d'Arves","teldom_contact":"04 79 59 73 30","telbur_contact":"","fax_contact":"","portable_contact":"","email_contact":"info@sja73.com","siteweb_contact":"http:\/\/www.sja73.com","commentaire_contact":"","langue_contact":"","autre_moyen_com":[]},"51039":{"id_contact":"51039","type_contact":"GEST","categorie_contact":"PRESTATAIRE","societe_contact":"","fonction_contact":"","civilite_nom_prenom_contact":"Office de tourisme Saint Jean d'Arves ","adresse1_contact":"476 route de la Chal","adresse2_contact":"La Chal","adresse3_contact":"","cpostal_contact":"73530","ville_contact":"Saint-Jean-d'Arves","teldom_contact":"04 79 59 73 30","telbur_contact":"","fax_contact":"","portable_contact":"","email_contact":"info@sja73.com","siteweb_contact":"http:\/\/www.sja73.com","commentaire_contact":"","langue_contact":"","autre_moyen_com":[]},"51041":{"id_contact":"51041","type_contact":"GEST","categorie_contact":"PRESTATAIRE","societe_contact":"","fonction_contact":"","civilite_nom_prenom_contact":"Office de tourisme Saint Jean d'Arves ","adresse1_contact":"476 route de la Chal","adresse2_contact":"La Chal","adresse3_contact":"","cpostal_contact":"73530","ville_contact":"Saint-Jean-d'Arves","teldom_contact":"04 79 59 73 30","telbur_contact":"","fax_contact":"","portable_contact":"","email_contact":"info@sja73.com","siteweb_contact":"http:\/\/www.sja73.com","commentaire_contact":"","langue_contact":"","autre_moyen_com":[]},"51043":{"id_contact":"51043","type_contact":"GEST","categorie_contact":"PRESTATAIRE","societe_contact":"","fonction_contact":"","civilite_nom_prenom_contact":"Office de tourisme Saint Jean d'Arves ","adresse1_contact":"476 route de la Chal","adresse2_contact":"La Chal","adresse3_contact":"","cpostal_contact":"73530","ville_contact":"Saint-Jean-d'Arves","teldom_contact":"04 79 59 73 30","telbur_contact":"","fax_contact":"","portable_contact":"","email_contact":"info@sja73.com","siteweb_contact":"http:\/\/www.sja73.com","commentaire_contact":"","langue_contact":"","autre_moyen_com":[]},"51045":{"id_contact":"51045","type_contact":"GEST","categorie_contact":"PRESTATAIRE","societe_contact":"","fonction_contact":"","civilite_nom_prenom_contact":"Office de tourisme Saint Jean d'Arves ","adresse1_contact":"476 route de la Chal","adresse2_contact":"La Chal","adresse3_contact":"","cpostal_contact":"73530","ville_contact":"Saint-Jean-d'Arves","teldom_contact":"04 79 59 73 30","telbur_contact":"","fax_contact":"","portable_contact":"","email_contact":"info@sja73.com","siteweb_contact":"http:\/\/www.sja73.com","commentaire_contact":"","langue_contact":"","autre_moyen_com":[]},"51047":{"id_contact":"51047","type_contact":"GEST","categorie_contact":"PRESTATAIRE","societe_contact":"","fonction_contact":"","civilite_nom_prenom_contact":"Office de tourisme Saint Jean d'Arves ","adresse1_contact":"476 route de la Chal","adresse2_contact":"La Chal","adresse3_contact":"","cpostal_contact":"73530","ville_contact":"Saint-Jean-d'Arves","teldom_contact":"04 79 59 73 30","telbur_contact":"","fax_contact":"","portable_contact":"","email_contact":"info@sja73.com","siteweb_contact":"http:\/\/www.sja73.com","commentaire_contact":"","langue_contact":"","autre_moyen_com":[]},"51049":{"id_contact":"51049","type_contact":"GEST","categorie_contact":"PRESTATAIRE","societe_contact":"","fonction_contact":"","civilite_nom_prenom_contact":"Office de tourisme Saint Jean d'Arves ","adresse1_contact":"476 route de la Chal","adresse2_contact":"La Chal","adresse3_contact":"","cpostal_contact":"73530","ville_contact":"Saint-Jean-d'Arves","teldom_contact":"04 79 59 73 30","telbur_contact":"","fax_contact":"","portable_contact":"","email_contact":"info@sja73.com","siteweb_contact":"http:\/\/www.sja73.com","commentaire_contact":"","langue_contact":"","autre_moyen_com":[]},"51054":{"id_contact":"51054","type_contact":"GEST","categorie_contact":"PRESTATAIRE","societe_contact":"","fonction_contact":"","civilite_nom_prenom_contact":"Office de tourisme Saint Jean d'Arves ","adresse1_contact":"476 route de la Chal","adresse2_contact":"La Chal","adresse3_contact":"","cpostal_contact":"73530","ville_contact":"Saint-Jean-d'Arves","teldom_contact":"04 79 59 73 30","telbur_contact":"","fax_contact":"","portable_contact":"","email_contact":"info@sja73.com","siteweb_contact":"http:\/\/www.sja73.com","commentaire_contact":"","langue_contact":"","autre_moyen_com":[]},"51056":{"id_contact":"51056","type_contact":"GEST","categorie_contact":"PRESTATAIRE","societe_contact":"","fonction_contact":"","civilite_nom_prenom_contact":"Office de tourisme Saint Jean d'Arves ","adresse1_contact":"476 route de la Chal","adresse2_contact":"La Chal","adresse3_contact":"","cpostal_contact":"73530","ville_contact":"Saint-Jean-d'Arves","teldom_contact":"04 79 59 73 30","telbur_contact":"","fax_contact":"","portable_contact":"","email_contact":"info@sja73.com","siteweb_contact":"http:\/\/www.sja73.com","commentaire_contact":"","langue_contact":"","autre_moyen_com":[]},"51058":{"id_contact":"51058","type_contact":"GEST","categorie_contact":"PRESTATAIRE","societe_contact":"","fonction_contact":"","civilite_nom_prenom_contact":"Office de tourisme Saint Jean d'Arves ","adresse1_contact":"476 route de la Chal","adresse2_contact":"La Chal","adresse3_contact":"","cpostal_contact":"73530","ville_contact":"Saint-Jean-d'Arves","teldom_contact":"04 79 59 73 30","telbur_contact":"","fax_contact":"","portable_contact":"","email_contact":"info@sja73.com","siteweb_contact":"http:\/\/www.sja73.com","commentaire_contact":"","langue_contact":"","autre_moyen_com":[]},"51060":{"id_contact":"51060","type_contact":"GEST","categorie_contact":"PRESTATAIRE","societe_contact":"","fonction_contact":"","civilite_nom_prenom_contact":"Office de tourisme Saint Jean d'Arves ","adresse1_contact":"476 route de la Chal","adresse2_contact":"La Chal","adresse3_contact":"","cpostal_contact":"73530","ville_contact":"Saint-Jean-d'Arves","teldom_contact":"04 79 59 73 30","telbur_contact":"","fax_contact":"","portable_contact":"","email_contact":"info@sja73.com","siteweb_contact":"http:\/\/www.sja73.com","commentaire_contact":"","langue_contact":"","autre_moyen_com":[]},"51062":{"id_contact":"51062","type_contact":"GEST","categorie_contact":"PRESTATAIRE","societe_contact":"","fonction_contact":"","civilite_nom_prenom_contact":"Office de tourisme Saint Jean d'Arves ","adresse1_contact":"476 route de la Chal","adresse2_contact":"La Chal","adresse3_contact":"","cpostal_contact":"73530","ville_contact":"Saint-Jean-d'Arves","teldom_contact":"04 79 59 73 30","telbur_contact":"","fax_contact":"","portable_contact":"","email_contact":"info@sja73.com","siteweb_contact":"http:\/\/www.sja73.com","commentaire_contact":"","langue_contact":"","autre_moyen_com":[]},"51067":{"id_contact":"51067","type_contact":"GEST","categorie_contact":"PRESTATAIRE","societe_contact":"","fonction_contact":"","civilite_nom_prenom_contact":"Office de tourisme Saint Jean d'Arves ","adresse1_contact":"476 route de la Chal","adresse2_contact":"La Chal","adresse3_contact":"","cpostal_contact":"73530","ville_contact":"Saint-Jean-d'Arves","teldom_contact":"04 79 59 73 30","telbur_contact":"","fax_contact":"","portable_contact":"","email_contact":"info@sja73.com","siteweb_contact":"http:\/\/www.sja73.com","commentaire_contact":"","langue_contact":"","autre_moyen_com":[]},"51073":{"id_contact":"51073","type_contact":"GEST","categorie_contact":"PRESTATAIRE","societe_contact":"","fonction_contact":"","civilite_nom_prenom_contact":"Office de tourisme Saint Jean d'Arves ","adresse1_contact":"476 route de la Chal","adresse2_contact":"La Chal","adresse3_contact":"","cpostal_contact":"73530","ville_contact":"Saint-Jean-d'Arves","teldom_contact":"04 79 59 73 30","telbur_contact":"","fax_contact":"","portable_contact":"","email_contact":"info@sja73.com","siteweb_contact":"http:\/\/www.sja73.com","commentaire_contact":"","langue_contact":"","autre_moyen_com":[]},"51075":{"id_contact":"51075","type_contact":"GEST","categorie_contact":"PRESTATAIRE","societe_contact":"","fonction_contact":"","civilite_nom_prenom_contact":"Office de tourisme Saint Jean d'Arves ","adresse1_contact":"476 route de la Chal","adresse2_contact":"La Chal","adresse3_contact":"","cpostal_contact":"73530","ville_contact":"Saint-Jean-d'Arves","teldom_contact":"04 79 59 73 30","telbur_contact":"","fax_contact":"","portable_contact":"","email_contact":"info@sja73.com","siteweb_contact":"http:\/\/www.sja73.com","commentaire_contact":"","langue_contact":"","autre_moyen_com":[]},"51077":{"id_contact":"51077","type_contact":"GEST","categorie_contact":"PRESTATAIRE","societe_contact":"","fonction_contact":"","civilite_nom_prenom_contact":"Office de tourisme Saint Jean d'Arves ","adresse1_contact":"476 route de la Chal","adresse2_contact":"La Chal","adresse3_contact":"","cpostal_contact":"73530","ville_contact":"Saint-Jean-d'Arves","teldom_contact":"04 79 59 73 30","telbur_contact":"","fax_contact":"","portable_contact":"","email_contact":"info@sja73.com","siteweb_contact":"http:\/\/www.sja73.com","commentaire_contact":"","langue_contact":"","autre_moyen_com":[]}}},"Libelle":"Office de tourisme Saint Jean d'Arves","Nom":"Office de tourisme Saint Jean d'Arves ","Prenom":"","NomPrenom":"Office de tourisme Saint Jean d'Arves  ","CiviliteNomPrenom":"Office de tourisme Saint Jean d'Arves  ","Cle":"Y|72407","PrestataireParent":"","ContexteStat":"PRESTATAIRE-Y-72407","DateModificationIso":"2025-12-31T11:57:00+01:00","Type":"PRESTATAIRE","TypePrestataire":"Y","Adresse":{"LigneAdresse1":"","LigneAdresse2":"","LigneAdresse3":"","CodePostal":"","Ville":"","Cedex":"","Etat":"","Pays":""},"Email":"info@sja73.com","Telephone":"04 79 59 73 30","TelephoneBureau":"","Portable":"","SiteWeb":"","Fax":"","Id":"y-72407","Code":"Y|72407","Fichier":[],"Url":"","Localisation":{"GoogleMap":{"Latitude":"45.21391","Longitude":"6.26555"}},"ZoneGeo":"","LiensEtWidgetsParType":{"S":[{"Id":"17126","TypePrestataire":"Y","CodePrestataire":"72407","CodePrestation":"","CodeLibelle":"","Type":"S","Url":"https:\/\/www.instagram.com\/saintjeandarves\/","Defaut":"N","Langue":"","Nature":"URL","Import":"SITRA2","LibelleText":"","Theme":""},{"Id":"17127","TypePrestataire":"Y","CodePrestataire":"72407","CodePrestation":"","CodeLibelle":"","Type":"S","Url":"https:\/\/www.youtube.com\/watch?v=p3ANziHzLL0&t=34s&ab_channel=SaintJeand%27Arves-LesSybelles&fbclid=IwAR2iz615E536s5mS2j2RvPGjlnQFxvtHTQYtKvrUm82-HPzb2NJ0eSffs_M","Defaut":"N","Langue":"","Nature":"URL","Import":"SITRA2","LibelleText":"","Theme":""}],"A":[{"Id":"17128","TypePrestataire":"Y","CodePrestataire":"72407","CodePrestation":"","CodeLibelle":"","Type":"A","Url":"https:\/\/www.facebook.com\/saintjeandarves\/","Defaut":"N","Langue":"","Nature":"URL","Import":"SITRA2","LibelleText":"","Theme":""}],"IG":[{"Id":"17129","TypePrestataire":"Y","CodePrestataire":"72407","CodePrestation":"","CodeLibelle":"","Type":"IG","Url":"https:\/\/www.instagram.com\/saintjeandarves\/","Defaut":"N","Langue":"","Nature":"URL","Import":"SITRA2","LibelleText":"","Theme":""}]},"LiensEtWidgets":[{"Id":"17126","TypePrestataire":"Y","CodePrestataire":"72407","CodePrestation":"","CodeLibelle":"","Type":"S","Url":"https:\/\/www.instagram.com\/saintjeandarves\/","Defaut":"N","Langue":"","Nature":"URL","Import":"SITRA2","LibelleText":"","Theme":""},{"Id":"17127","TypePrestataire":"Y","CodePrestataire":"72407","CodePrestation":"","CodeLibelle":"","Type":"S","Url":"https:\/\/www.youtube.com\/watch?v=p3ANziHzLL0&t=34s&ab_channel=SaintJeand%27Arves-LesSybelles&fbclid=IwAR2iz615E536s5mS2j2RvPGjlnQFxvtHTQYtKvrUm82-HPzb2NJ0eSffs_M","Defaut":"N","Langue":"","Nature":"URL","Import":"SITRA2","LibelleText":"","Theme":""},{"Id":"17128","TypePrestataire":"Y","CodePrestataire":"72407","CodePrestation":"","CodeLibelle":"","Type":"A","Url":"https:\/\/www.facebook.com\/saintjeandarves\/","Defaut":"N","Langue":"","Nature":"URL","Import":"SITRA2","LibelleText":"","Theme":""},{"Id":"17129","TypePrestataire":"Y","CodePrestataire":"72407","CodePrestation":"","CodeLibelle":"","Type":"IG","Url":"https:\/\/www.instagram.com\/saintjeandarves\/","Defaut":"N","Langue":"","Nature":"URL","Import":"SITRA2","LibelleText":"","Theme":""}],"Criteres":{"P.environnements[171":"","P.environnements[178":"","P.environnements[193":"","P.3885[4009":"","P.3220[25629":"","P.3233[60439":"","P.3233[908439":"","P.3218[60729":"","P.3219[72808":"","P.3219[126557":"","P.3227[82852":"","P.3230[323078":"","P.3230[5532377":"","P.3230[6328304":"","P.3221[344174":"","P.3221[549303":"","P.3221[596327":"","P.6241[595160":"","P.VilleSitra[30471":"","P.VillageDeDepart[30471":""},"DateFinPublication":""},"Fichier":{"Image":[{"url":"https:\/\/www.sja73.com\/medias\/images\/prestations\/63048-dscf0388_min.jpg","chemin":"..\/medias\/images\/prestations\/63048-dscf0388_min.jpg","libelle":"Rencontre avec des \u00e9leveurs","extension":"jpg","categorie":"","largeur":6240,"theme":"","hauteur":4160,"type":"Image","origine":"","liaisonPave":"","langue":"","id":"63048","urlVignette":"https:\/\/www.sja73.com\/medias\/images\/prestations\/v-63048-dscf0388_min.jpg","alt":"Rencontre avec des \u00e9leveurs","title":"Rencontre avec des \u00e9leveurs","MultiTaille":{"1920x1440":{"url":"https:\/\/www.sja73.com\/medias\/images\/prestations\/multitailles\/1920x1440_63048-dscf0388_min.jpg"},"1200x900":{"url":"https:\/\/www.sja73.com\/medias\/images\/prestations\/multitailles\/1200x900_63048-dscf0388_min.jpg"},"800x600":{"url":"https:\/\/www.sja73.com\/medias\/images\/prestations\/multitailles\/800x600_63048-dscf0388_min.jpg"},"640x480":{"url":"https:\/\/www.sja73.com\/medias\/images\/prestations\/multitailles\/640x480_63048-dscf0388_min.jpg"},"320x240":{"url":"https:\/\/www.sja73.com\/medias\/images\/prestations\/multitailles\/320x240_63048-dscf0388_min.jpg"},"160x120":{"url":"https:\/\/www.sja73.com\/medias\/images\/prestations\/multitailles\/160x120_63048-dscf0388_min.jpg"},"origine":{"url":"https:\/\/www.sja73.com\/medias\/images\/prestations\/63048-dscf0388_min.jpg"}},"urlLien":"","typeLien":"","nofollow":"N","copyright":"OT Saint Jean d'Arves-Les Sybelles"},{"url":"https:\/\/www.sja73.com\/medias\/images\/prestations\/63049-dscf0420_min.jpg","chemin":"..\/medias\/images\/prestations\/63049-dscf0420_min.jpg","libelle":"Traite manuelle des vaches","extension":"jpg","categorie":"","largeur":6240,"theme":"","hauteur":4160,"type":"Image","origine":"","liaisonPave":"","langue":"","id":"63049","urlVignette":"https:\/\/www.sja73.com\/medias\/images\/prestations\/v-63049-dscf0420_min.jpg","alt":"Traite manuelle des vaches","title":"Traite manuelle des vaches","MultiTaille":{"1920x1440":{"url":"https:\/\/www.sja73.com\/medias\/images\/prestations\/multitailles\/1920x1440_63049-dscf0420_min.jpg"},"1200x900":{"url":"https:\/\/www.sja73.com\/medias\/images\/prestations\/multitailles\/1200x900_63049-dscf0420_min.jpg"},"800x600":{"url":"https:\/\/www.sja73.com\/medias\/images\/prestations\/multitailles\/800x600_63049-dscf0420_min.jpg"},"640x480":{"url":"https:\/\/www.sja73.com\/medias\/images\/prestations\/multitailles\/640x480_63049-dscf0420_min.jpg"},"320x240":{"url":"https:\/\/www.sja73.com\/medias\/images\/prestations\/multitailles\/320x240_63049-dscf0420_min.jpg"},"160x120":{"url":"https:\/\/www.sja73.com\/medias\/images\/prestations\/multitailles\/160x120_63049-dscf0420_min.jpg"},"origine":{"url":"https:\/\/www.sja73.com\/medias\/images\/prestations\/63049-dscf0420_min.jpg"}},"urlLien":"","typeLien":"","nofollow":"N","copyright":"OT Saint Jean d'Arves-Les Sybelles"},{"url":"https:\/\/www.sja73.com\/medias\/images\/prestations\/63050-67613836_2480043575556911_8827695760939155456_o.jpg","chemin":"..\/medias\/images\/prestations\/63050-67613836_2480043575556911_8827695760939155456_o.jpg","libelle":"Beaufort au Sommet","extension":"jpg","categorie":"","largeur":1316,"theme":"","hauteur":640,"type":"Image","origine":"","liaisonPave":"","langue":"","id":"63050","urlVignette":"https:\/\/www.sja73.com\/medias\/images\/prestations\/v-63050-67613836_2480043575556911_8827695760939155456_o.jpg","alt":"Beaufort au Sommet","title":"Beaufort au Sommet","MultiTaille":{"1920x1440":{"url":"https:\/\/www.sja73.com\/medias\/images\/prestations\/multitailles\/1920x1440_63050-67613836_2480043575556911_8827695760939155456_o.jpg"},"1200x900":{"url":"https:\/\/www.sja73.com\/medias\/images\/prestations\/multitailles\/1200x900_63050-67613836_2480043575556911_8827695760939155456_o.jpg"},"800x600":{"url":"https:\/\/www.sja73.com\/medias\/images\/prestations\/multitailles\/800x600_63050-67613836_2480043575556911_8827695760939155456_o.jpg"},"640x480":{"url":"https:\/\/www.sja73.com\/medias\/images\/prestations\/multitailles\/640x480_63050-67613836_2480043575556911_8827695760939155456_o.jpg"},"320x240":{"url":"https:\/\/www.sja73.com\/medias\/images\/prestations\/multitailles\/320x240_63050-67613836_2480043575556911_8827695760939155456_o.jpg"},"160x120":{"url":"https:\/\/www.sja73.com\/medias\/images\/prestations\/multitailles\/160x120_63050-67613836_2480043575556911_8827695760939155456_o.jpg"},"origine":{"url":"https:\/\/www.sja73.com\/medias\/images\/prestations\/63050-67613836_2480043575556911_8827695760939155456_o.jpg"}},"urlLien":"","typeLien":"","nofollow":"N","copyright":"OT Saint Jean d'Arves"},{"url":"https:\/\/www.sja73.com\/medias\/images\/prestations\/63051-dsc_0063.jpg","chemin":"..\/medias\/images\/prestations\/63051-dsc_0063.jpg","libelle":"Beaufort au sommet","extension":"jpg","categorie":"","largeur":6016,"theme":"","hauteur":4000,"type":"Image","origine":"","liaisonPave":"","langue":"","id":"63051","urlVignette":"https:\/\/www.sja73.com\/medias\/images\/prestations\/v-63051-dsc_0063.jpg","alt":"Beaufort au sommet","title":"Beaufort au sommet","MultiTaille":{"1920x1440":{"url":"https:\/\/www.sja73.com\/medias\/images\/prestations\/multitailles\/1920x1440_63051-dsc_0063.jpg"},"1200x900":{"url":"https:\/\/www.sja73.com\/medias\/images\/prestations\/multitailles\/1200x900_63051-dsc_0063.jpg"},"800x600":{"url":"https:\/\/www.sja73.com\/medias\/images\/prestations\/multitailles\/800x600_63051-dsc_0063.jpg"},"640x480":{"url":"https:\/\/www.sja73.com\/medias\/images\/prestations\/multitailles\/640x480_63051-dsc_0063.jpg"},"320x240":{"url":"https:\/\/www.sja73.com\/medias\/images\/prestations\/multitailles\/320x240_63051-dsc_0063.jpg"},"160x120":{"url":"https:\/\/www.sja73.com\/medias\/images\/prestations\/multitailles\/160x120_63051-dsc_0063.jpg"},"origine":{"url":"https:\/\/www.sja73.com\/medias\/images\/prestations\/63051-dsc_0063.jpg"}},"urlLien":"","typeLien":"","nofollow":"N","copyright":"OT SJA"},{"url":"https:\/\/www.sja73.com\/medias\/images\/prestations\/63052-degustation_1517.jpg","chemin":"..\/medias\/images\/prestations\/63052-degustation_1517.jpg","libelle":"Beaufort au sommet","extension":"jpg","categorie":"","largeur":5184,"theme":"","hauteur":3456,"type":"Image","origine":"","liaisonPave":"","langue":"","id":"63052","urlVignette":"https:\/\/www.sja73.com\/medias\/images\/prestations\/v-63052-degustation_1517.jpg","alt":"Beaufort au sommet","title":"Beaufort au sommet","MultiTaille":{"1920x1440":{"url":"https:\/\/www.sja73.com\/medias\/images\/prestations\/multitailles\/1920x1440_63052-degustation_1517.jpg"},"1200x900":{"url":"https:\/\/www.sja73.com\/medias\/images\/prestations\/multitailles\/1200x900_63052-degustation_1517.jpg"},"800x600":{"url":"https:\/\/www.sja73.com\/medias\/images\/prestations\/multitailles\/800x600_63052-degustation_1517.jpg"},"640x480":{"url":"https:\/\/www.sja73.com\/medias\/images\/prestations\/multitailles\/640x480_63052-degustation_1517.jpg"},"320x240":{"url":"https:\/\/www.sja73.com\/medias\/images\/prestations\/multitailles\/320x240_63052-degustation_1517.jpg"},"160x120":{"url":"https:\/\/www.sja73.com\/medias\/images\/prestations\/multitailles\/160x120_63052-degustation_1517.jpg"},"origine":{"url":"https:\/\/www.sja73.com\/medias\/images\/prestations\/63052-degustation_1517.jpg"}},"urlLien":"","typeLien":"","nofollow":"N","copyright":"OT SJA"}],"ByCategorie":{"":[{"url":"https:\/\/www.sja73.com\/medias\/images\/prestations\/63048-dscf0388_min.jpg","chemin":"..\/medias\/images\/prestations\/63048-dscf0388_min.jpg","libelle":"Rencontre avec des \u00e9leveurs","extension":"jpg","categorie":"","largeur":6240,"theme":"","hauteur":4160,"type":"Image","origine":"","liaisonPave":"","langue":"","id":"63048","urlVignette":"https:\/\/www.sja73.com\/medias\/images\/prestations\/v-63048-dscf0388_min.jpg","alt":"Rencontre avec des \u00e9leveurs","title":"Rencontre avec des \u00e9leveurs","MultiTaille":{"1920x1440":{"url":"https:\/\/www.sja73.com\/medias\/images\/prestations\/multitailles\/1920x1440_63048-dscf0388_min.jpg"},"1200x900":{"url":"https:\/\/www.sja73.com\/medias\/images\/prestations\/multitailles\/1200x900_63048-dscf0388_min.jpg"},"800x600":{"url":"https:\/\/www.sja73.com\/medias\/images\/prestations\/multitailles\/800x600_63048-dscf0388_min.jpg"},"640x480":{"url":"https:\/\/www.sja73.com\/medias\/images\/prestations\/multitailles\/640x480_63048-dscf0388_min.jpg"},"320x240":{"url":"https:\/\/www.sja73.com\/medias\/images\/prestations\/multitailles\/320x240_63048-dscf0388_min.jpg"},"160x120":{"url":"https:\/\/www.sja73.com\/medias\/images\/prestations\/multitailles\/160x120_63048-dscf0388_min.jpg"},"origine":{"url":"https:\/\/www.sja73.com\/medias\/images\/prestations\/63048-dscf0388_min.jpg"}},"urlLien":"","typeLien":"","nofollow":"N","copyright":"OT Saint Jean d'Arves-Les Sybelles"},{"url":"https:\/\/www.sja73.com\/medias\/images\/prestations\/63049-dscf0420_min.jpg","chemin":"..\/medias\/images\/prestations\/63049-dscf0420_min.jpg","libelle":"Traite manuelle des vaches","extension":"jpg","categorie":"","largeur":6240,"theme":"","hauteur":4160,"type":"Image","origine":"","liaisonPave":"","langue":"","id":"63049","urlVignette":"https:\/\/www.sja73.com\/medias\/images\/prestations\/v-63049-dscf0420_min.jpg","alt":"Traite manuelle des vaches","title":"Traite manuelle des vaches","MultiTaille":{"1920x1440":{"url":"https:\/\/www.sja73.com\/medias\/images\/prestations\/multitailles\/1920x1440_63049-dscf0420_min.jpg"},"1200x900":{"url":"https:\/\/www.sja73.com\/medias\/images\/prestations\/multitailles\/1200x900_63049-dscf0420_min.jpg"},"800x600":{"url":"https:\/\/www.sja73.com\/medias\/images\/prestations\/multitailles\/800x600_63049-dscf0420_min.jpg"},"640x480":{"url":"https:\/\/www.sja73.com\/medias\/images\/prestations\/multitailles\/640x480_63049-dscf0420_min.jpg"},"320x240":{"url":"https:\/\/www.sja73.com\/medias\/images\/prestations\/multitailles\/320x240_63049-dscf0420_min.jpg"},"160x120":{"url":"https:\/\/www.sja73.com\/medias\/images\/prestations\/multitailles\/160x120_63049-dscf0420_min.jpg"},"origine":{"url":"https:\/\/www.sja73.com\/medias\/images\/prestations\/63049-dscf0420_min.jpg"}},"urlLien":"","typeLien":"","nofollow":"N","copyright":"OT Saint Jean d'Arves-Les Sybelles"},{"url":"https:\/\/www.sja73.com\/medias\/images\/prestations\/63050-67613836_2480043575556911_8827695760939155456_o.jpg","chemin":"..\/medias\/images\/prestations\/63050-67613836_2480043575556911_8827695760939155456_o.jpg","libelle":"Beaufort au Sommet","extension":"jpg","categorie":"","largeur":1316,"theme":"","hauteur":640,"type":"Image","origine":"","liaisonPave":"","langue":"","id":"63050","urlVignette":"https:\/\/www.sja73.com\/medias\/images\/prestations\/v-63050-67613836_2480043575556911_8827695760939155456_o.jpg","alt":"Beaufort au Sommet","title":"Beaufort au Sommet","MultiTaille":{"1920x1440":{"url":"https:\/\/www.sja73.com\/medias\/images\/prestations\/multitailles\/1920x1440_63050-67613836_2480043575556911_8827695760939155456_o.jpg"},"1200x900":{"url":"https:\/\/www.sja73.com\/medias\/images\/prestations\/multitailles\/1200x900_63050-67613836_2480043575556911_8827695760939155456_o.jpg"},"800x600":{"url":"https:\/\/www.sja73.com\/medias\/images\/prestations\/multitailles\/800x600_63050-67613836_2480043575556911_8827695760939155456_o.jpg"},"640x480":{"url":"https:\/\/www.sja73.com\/medias\/images\/prestations\/multitailles\/640x480_63050-67613836_2480043575556911_8827695760939155456_o.jpg"},"320x240":{"url":"https:\/\/www.sja73.com\/medias\/images\/prestations\/multitailles\/320x240_63050-67613836_2480043575556911_8827695760939155456_o.jpg"},"160x120":{"url":"https:\/\/www.sja73.com\/medias\/images\/prestations\/multitailles\/160x120_63050-67613836_2480043575556911_8827695760939155456_o.jpg"},"origine":{"url":"https:\/\/www.sja73.com\/medias\/images\/prestations\/63050-67613836_2480043575556911_8827695760939155456_o.jpg"}},"urlLien":"","typeLien":"","nofollow":"N","copyright":"OT Saint Jean d'Arves"},{"url":"https:\/\/www.sja73.com\/medias\/images\/prestations\/63051-dsc_0063.jpg","chemin":"..\/medias\/images\/prestations\/63051-dsc_0063.jpg","libelle":"Beaufort au sommet","extension":"jpg","categorie":"","largeur":6016,"theme":"","hauteur":4000,"type":"Image","origine":"","liaisonPave":"","langue":"","id":"63051","urlVignette":"https:\/\/www.sja73.com\/medias\/images\/prestations\/v-63051-dsc_0063.jpg","alt":"Beaufort au sommet","title":"Beaufort au sommet","MultiTaille":{"1920x1440":{"url":"https:\/\/www.sja73.com\/medias\/images\/prestations\/multitailles\/1920x1440_63051-dsc_0063.jpg"},"1200x900":{"url":"https:\/\/www.sja73.com\/medias\/images\/prestations\/multitailles\/1200x900_63051-dsc_0063.jpg"},"800x600":{"url":"https:\/\/www.sja73.com\/medias\/images\/prestations\/multitailles\/800x600_63051-dsc_0063.jpg"},"640x480":{"url":"https:\/\/www.sja73.com\/medias\/images\/prestations\/multitailles\/640x480_63051-dsc_0063.jpg"},"320x240":{"url":"https:\/\/www.sja73.com\/medias\/images\/prestations\/multitailles\/320x240_63051-dsc_0063.jpg"},"160x120":{"url":"https:\/\/www.sja73.com\/medias\/images\/prestations\/multitailles\/160x120_63051-dsc_0063.jpg"},"origine":{"url":"https:\/\/www.sja73.com\/medias\/images\/prestations\/63051-dsc_0063.jpg"}},"urlLien":"","typeLien":"","nofollow":"N","copyright":"OT SJA"},{"url":"https:\/\/www.sja73.com\/medias\/images\/prestations\/63052-degustation_1517.jpg","chemin":"..\/medias\/images\/prestations\/63052-degustation_1517.jpg","libelle":"Beaufort au sommet","extension":"jpg","categorie":"","largeur":5184,"theme":"","hauteur":3456,"type":"Image","origine":"","liaisonPave":"","langue":"","id":"63052","urlVignette":"https:\/\/www.sja73.com\/medias\/images\/prestations\/v-63052-degustation_1517.jpg","alt":"Beaufort au sommet","title":"Beaufort au sommet","MultiTaille":{"1920x1440":{"url":"https:\/\/www.sja73.com\/medias\/images\/prestations\/multitailles\/1920x1440_63052-degustation_1517.jpg"},"1200x900":{"url":"https:\/\/www.sja73.com\/medias\/images\/prestations\/multitailles\/1200x900_63052-degustation_1517.jpg"},"800x600":{"url":"https:\/\/www.sja73.com\/medias\/images\/prestations\/multitailles\/800x600_63052-degustation_1517.jpg"},"640x480":{"url":"https:\/\/www.sja73.com\/medias\/images\/prestations\/multitailles\/640x480_63052-degustation_1517.jpg"},"320x240":{"url":"https:\/\/www.sja73.com\/medias\/images\/prestations\/multitailles\/320x240_63052-degustation_1517.jpg"},"160x120":{"url":"https:\/\/www.sja73.com\/medias\/images\/prestations\/multitailles\/160x120_63052-degustation_1517.jpg"},"origine":{"url":"https:\/\/www.sja73.com\/medias\/images\/prestations\/63052-degustation_1517.jpg"}},"urlLien":"","typeLien":"","nofollow":"N","copyright":"OT SJA"}]}},"DateDebPublication":"","DateFinPublication":"","PrixAPartirDe":"","PrixPour":"","FicheListeEnCours":"fiche_liste_fetes_et_manifestations_prestation_v2","ParametresModele":{"AfficherPhotos":"1","NbPhotosMax":6,"AfficherReserver":0,"AfficherContact":0,"AfficherSalle":1,"AfficherZoneGeo":0,"AfficherEnSavoirPlus":"0","AfficherUneSeuleOuverture":"1","AfficherContactCarte":1,"AfficherTarifsChaudAPartirDe":0,"AfficherTarifChaudSansRecherche":0,"AfficherLiensCarnetVoyage":"1","AfficherOuverture":"1","PositionBloc":"GALLERIE|NOM|CARNET_VOYAGE|URL","TypePrestataire":"Y","ComportementResa":false,"ComportementDispo":false},"AffichageCoordonnees":[],"Coordonnees":{"Ville":"Saint-Jean-d'Arves"},"ContexteId":"PRESTATION|Y|72407|5124473","ContexteIdHtml":"PRESTATION-Y-72407-5124473","cleContexte":"Y|72407|5124473","Bloc":{"texte1":"","texte3":"","critere1":{"libelle":"","contenu":[]},"critere2":{"libelle":"","contenu":[]},"critere3":{"libelle":"","contenu":[]},"critere4":{"libelle":"","contenu":[]},"critere5":{"libelle":"","contenu":[]},"critere6":{"libelle":"","contenu":[]},"critere7":{"libelle":"","contenu":[]},"critere8":{"libelle":"","contenu":[]},"critere9":{"libelle":"","contenu":[]}},"LocalisationGps":{"Latitude":"45.226014","Longitude":"6.253464"},"libelleDuPrestataire":"","vuePrestataire":{"pave1":{"libelle":"","contenu":""},"pave2":{"libelle":"","contenu":""},"pave3":{"libelle":"","contenu":""},"pave4":{"libelle":"","contenu":""},"pave5":{"libelle":"","contenu":""},"pave6":{"libelle":"","contenu":""},"pave7":{"libelle":"","contenu":""},"pave8":{"libelle":"","contenu":""},"pave9":{"libelle":"","contenu":""},"pave10":{"libelle":"","contenu":""},"pave11":{"libelle":"","contenu":""},"pave12":{"libelle":"","contenu":""},"pave13":{"libelle":"","contenu":""},"pave14":{"libelle":"","contenu":""},"pave15":{"libelle":"","contenu":""},"pave16":{"libelle":"","contenu":""},"pave17":{"libelle":"","contenu":""},"pave18":{"libelle":"","contenu":""},"pave19":{"libelle":"","contenu":""},"pave20":{"libelle":"","contenu":""},"pave21":{"libelle":"","contenu":""},"pave22":{"libelle":"","contenu":""},"pave23":{"libelle":"","contenu":""},"pave24":{"libelle":"","contenu":""},"pave25":{"libelle":"","contenu":""},"ContactsParType":{"DIR":{"50973":{"id_contact":"50973","type_contact":"DIR","categorie_contact":"PRESTATAIRE","societe_contact":"","fonction_contact":"","civilite_nom_prenom_contact":"M Grange Thomas ","adresse1_contact":"","adresse2_contact":"","adresse3_contact":"","cpostal_contact":"","ville_contact":"","teldom_contact":"+33(0)4 79 59 73 30","telbur_contact":"","fax_contact":"","portable_contact":"","email_contact":"direction@sja73.com","siteweb_contact":"","commentaire_contact":"","langue_contact":"","autre_moyen_com":[]}},"GEST":{"50975":{"id_contact":"50975","type_contact":"GEST","categorie_contact":"PRESTATAIRE","societe_contact":"","fonction_contact":"","civilite_nom_prenom_contact":"Office de tourisme Saint Jean d'Arves ","adresse1_contact":"476 route de la Chal","adresse2_contact":"La Chal","adresse3_contact":"","cpostal_contact":"73530","ville_contact":"Saint-Jean-d'Arves","teldom_contact":"04 79 59 73 30","telbur_contact":"","fax_contact":"","portable_contact":"","email_contact":"info@sja73.com","siteweb_contact":"http:\/\/www.sja73.com","commentaire_contact":"","langue_contact":"","autre_moyen_com":[]},"50979":{"id_contact":"50979","type_contact":"GEST","categorie_contact":"PRESTATAIRE","societe_contact":"","fonction_contact":"","civilite_nom_prenom_contact":"Office de tourisme Saint Jean d'Arves ","adresse1_contact":"476 route de la Chal","adresse2_contact":"La Chal","adresse3_contact":"","cpostal_contact":"73530","ville_contact":"Saint-Jean-d'Arves","teldom_contact":"04 79 59 73 30","telbur_contact":"","fax_contact":"","portable_contact":"","email_contact":"info@sja73.com","siteweb_contact":"http:\/\/www.sja73.com","commentaire_contact":"","langue_contact":"","autre_moyen_com":[]},"50981":{"id_contact":"50981","type_contact":"GEST","categorie_contact":"PRESTATAIRE","societe_contact":"","fonction_contact":"","civilite_nom_prenom_contact":"Office de tourisme Saint Jean d'Arves ","adresse1_contact":"476 route de la Chal","adresse2_contact":"La Chal","adresse3_contact":"","cpostal_contact":"73530","ville_contact":"Saint-Jean-d'Arves","teldom_contact":"04 79 59 73 30","telbur_contact":"","fax_contact":"","portable_contact":"","email_contact":"info@sja73.com","siteweb_contact":"http:\/\/www.sja73.com","commentaire_contact":"","langue_contact":"","autre_moyen_com":[]},"50984":{"id_contact":"50984","type_contact":"GEST","categorie_contact":"PRESTATAIRE","societe_contact":"","fonction_contact":"","civilite_nom_prenom_contact":"Office de tourisme Saint Jean d'Arves ","adresse1_contact":"476 route de la Chal","adresse2_contact":"La Chal","adresse3_contact":"","cpostal_contact":"73530","ville_contact":"Saint-Jean-d'Arves","teldom_contact":"04 79 59 73 30","telbur_contact":"","fax_contact":"","portable_contact":"","email_contact":"info@sja73.com","siteweb_contact":"http:\/\/www.sja73.com","commentaire_contact":"","langue_contact":"","autre_moyen_com":[]},"50986":{"id_contact":"50986","type_contact":"GEST","categorie_contact":"PRESTATAIRE","societe_contact":"","fonction_contact":"","civilite_nom_prenom_contact":"Office de tourisme Saint Jean d'Arves ","adresse1_contact":"476 route de la Chal","adresse2_contact":"La Chal","adresse3_contact":"","cpostal_contact":"73530","ville_contact":"Saint-Jean-d'Arves","teldom_contact":"04 79 59 73 30","telbur_contact":"","fax_contact":"","portable_contact":"","email_contact":"info@sja73.com","siteweb_contact":"http:\/\/www.sja73.com","commentaire_contact":"","langue_contact":"","autre_moyen_com":[]},"50988":{"id_contact":"50988","type_contact":"GEST","categorie_contact":"PRESTATAIRE","societe_contact":"","fonction_contact":"","civilite_nom_prenom_contact":"Office de tourisme Saint Jean d'Arves ","adresse1_contact":"476 route de la Chal","adresse2_contact":"La Chal","adresse3_contact":"","cpostal_contact":"73530","ville_contact":"Saint-Jean-d'Arves","teldom_contact":"04 79 59 73 30","telbur_contact":"","fax_contact":"","portable_contact":"","email_contact":"info@sja73.com","siteweb_contact":"http:\/\/www.sja73.com","commentaire_contact":"","langue_contact":"","autre_moyen_com":[]},"50990":{"id_contact":"50990","type_contact":"GEST","categorie_contact":"PRESTATAIRE","societe_contact":"","fonction_contact":"","civilite_nom_prenom_contact":"Office de tourisme Saint Jean d'Arves ","adresse1_contact":"476 route de la Chal","adresse2_contact":"La Chal","adresse3_contact":"","cpostal_contact":"73530","ville_contact":"Saint-Jean-d'Arves","teldom_contact":"04 79 59 73 30","telbur_contact":"","fax_contact":"","portable_contact":"","email_contact":"info@sja73.com","siteweb_contact":"http:\/\/www.sja73.com","commentaire_contact":"","langue_contact":"","autre_moyen_com":[]},"50992":{"id_contact":"50992","type_contact":"GEST","categorie_contact":"PRESTATAIRE","societe_contact":"","fonction_contact":"","civilite_nom_prenom_contact":"Office de tourisme Saint Jean d'Arves ","adresse1_contact":"476 route de la Chal","adresse2_contact":"La Chal","adresse3_contact":"","cpostal_contact":"73530","ville_contact":"Saint-Jean-d'Arves","teldom_contact":"04 79 59 73 30","telbur_contact":"","fax_contact":"","portable_contact":"","email_contact":"info@sja73.com","siteweb_contact":"http:\/\/www.sja73.com","commentaire_contact":"","langue_contact":"","autre_moyen_com":[]},"50996":{"id_contact":"50996","type_contact":"GEST","categorie_contact":"PRESTATAIRE","societe_contact":"","fonction_contact":"","civilite_nom_prenom_contact":"Office de tourisme Saint Jean d'Arves ","adresse1_contact":"476 route de la Chal","adresse2_contact":"La Chal","adresse3_contact":"","cpostal_contact":"73530","ville_contact":"Saint-Jean-d'Arves","teldom_contact":"04 79 59 73 30","telbur_contact":"","fax_contact":"","portable_contact":"","email_contact":"info@sja73.com","siteweb_contact":"http:\/\/www.sja73.com","commentaire_contact":"","langue_contact":"","autre_moyen_com":[]},"50999":{"id_contact":"50999","type_contact":"GEST","categorie_contact":"PRESTATAIRE","societe_contact":"","fonction_contact":"","civilite_nom_prenom_contact":"Office de tourisme Saint Jean d'Arves ","adresse1_contact":"476 route de la Chal","adresse2_contact":"La Chal","adresse3_contact":"","cpostal_contact":"73530","ville_contact":"Saint-Jean-d'Arves","teldom_contact":"04 79 59 73 30","telbur_contact":"","fax_contact":"","portable_contact":"","email_contact":"info@sja73.com","siteweb_contact":"http:\/\/www.sja73.com","commentaire_contact":"","langue_contact":"","autre_moyen_com":[]},"51001":{"id_contact":"51001","type_contact":"GEST","categorie_contact":"PRESTATAIRE","societe_contact":"","fonction_contact":"","civilite_nom_prenom_contact":"Office de tourisme Saint Jean d'Arves ","adresse1_contact":"476 route de la Chal","adresse2_contact":"La Chal","adresse3_contact":"","cpostal_contact":"73530","ville_contact":"Saint-Jean-d'Arves","teldom_contact":"04 79 59 73 30","telbur_contact":"","fax_contact":"","portable_contact":"","email_contact":"info@sja73.com","siteweb_contact":"http:\/\/www.sja73.com","commentaire_contact":"","langue_contact":"","autre_moyen_com":[]},"51004":{"id_contact":"51004","type_contact":"GEST","categorie_contact":"PRESTATAIRE","societe_contact":"","fonction_contact":"","civilite_nom_prenom_contact":"Office de tourisme Saint Jean d'Arves ","adresse1_contact":"476 route de la Chal","adresse2_contact":"La Chal","adresse3_contact":"","cpostal_contact":"73530","ville_contact":"Saint-Jean-d'Arves","teldom_contact":"04 79 59 73 30","telbur_contact":"","fax_contact":"","portable_contact":"","email_contact":"info@sja73.com","siteweb_contact":"http:\/\/www.sja73.com","commentaire_contact":"","langue_contact":"","autre_moyen_com":[]},"51017":{"id_contact":"51017","type_contact":"GEST","categorie_contact":"PRESTATAIRE","societe_contact":"","fonction_contact":"","civilite_nom_prenom_contact":"Office de tourisme Saint Jean d'Arves ","adresse1_contact":"476 route de la Chal","adresse2_contact":"La Chal","adresse3_contact":"","cpostal_contact":"73530","ville_contact":"Saint-Jean-d'Arves","teldom_contact":"04 79 59 73 30","telbur_contact":"","fax_contact":"","portable_contact":"","email_contact":"info@sja73.com","siteweb_contact":"http:\/\/www.sja73.com","commentaire_contact":"","langue_contact":"","autre_moyen_com":[]},"51023":{"id_contact":"51023","type_contact":"GEST","categorie_contact":"PRESTATAIRE","societe_contact":"","fonction_contact":"","civilite_nom_prenom_contact":"Office de tourisme Saint Jean d'Arves ","adresse1_contact":"476 route de la Chal","adresse2_contact":"La Chal","adresse3_contact":"","cpostal_contact":"73530","ville_contact":"Saint-Jean-d'Arves","teldom_contact":"04 79 59 73 30","telbur_contact":"","fax_contact":"","portable_contact":"","email_contact":"info@sja73.com","siteweb_contact":"http:\/\/www.sja73.com","commentaire_contact":"","langue_contact":"","autre_moyen_com":[]},"51025":{"id_contact":"51025","type_contact":"GEST","categorie_contact":"PRESTATAIRE","societe_contact":"","fonction_contact":"","civilite_nom_prenom_contact":"Office de tourisme Saint Jean d'Arves ","adresse1_contact":"476 route de la Chal","adresse2_contact":"La Chal","adresse3_contact":"","cpostal_contact":"73530","ville_contact":"Saint-Jean-d'Arves","teldom_contact":"04 79 59 73 30","telbur_contact":"","fax_contact":"","portable_contact":"","email_contact":"info@sja73.com","siteweb_contact":"http:\/\/www.sja73.com","commentaire_contact":"","langue_contact":"","autre_moyen_com":[]},"51031":{"id_contact":"51031","type_contact":"GEST","categorie_contact":"PRESTATAIRE","societe_contact":"","fonction_contact":"","civilite_nom_prenom_contact":"Office de tourisme Saint Jean d'Arves ","adresse1_contact":"476 route de la Chal","adresse2_contact":"La Chal","adresse3_contact":"","cpostal_contact":"73530","ville_contact":"Saint-Jean-d'Arves","teldom_contact":"04 79 59 73 30","telbur_contact":"","fax_contact":"","portable_contact":"","email_contact":"info@sja73.com","siteweb_contact":"http:\/\/www.sja73.com","commentaire_contact":"","langue_contact":"","autre_moyen_com":[]},"51033":{"id_contact":"51033","type_contact":"GEST","categorie_contact":"PRESTATAIRE","societe_contact":"","fonction_contact":"","civilite_nom_prenom_contact":"Office de tourisme Saint Jean d'Arves ","adresse1_contact":"476 route de la Chal","adresse2_contact":"La Chal","adresse3_contact":"","cpostal_contact":"73530","ville_contact":"Saint-Jean-d'Arves","teldom_contact":"04 79 59 73 30","telbur_contact":"","fax_contact":"","portable_contact":"","email_contact":"info@sja73.com","siteweb_contact":"http:\/\/www.sja73.com","commentaire_contact":"","langue_contact":"","autre_moyen_com":[]},"51035":{"id_contact":"51035","type_contact":"GEST","categorie_contact":"PRESTATAIRE","societe_contact":"","fonction_contact":"","civilite_nom_prenom_contact":"Office de tourisme Saint Jean d'Arves ","adresse1_contact":"476 route de la Chal","adresse2_contact":"La Chal","adresse3_contact":"","cpostal_contact":"73530","ville_contact":"Saint-Jean-d'Arves","teldom_contact":"04 79 59 73 30","telbur_contact":"","fax_contact":"","portable_contact":"","email_contact":"info@sja73.com","siteweb_contact":"http:\/\/www.sja73.com","commentaire_contact":"","langue_contact":"","autre_moyen_com":[]},"51037":{"id_contact":"51037","type_contact":"GEST","categorie_contact":"PRESTATAIRE","societe_contact":"","fonction_contact":"","civilite_nom_prenom_contact":"Office de tourisme Saint Jean d'Arves ","adresse1_contact":"476 route de la Chal","adresse2_contact":"La Chal","adresse3_contact":"","cpostal_contact":"73530","ville_contact":"Saint-Jean-d'Arves","teldom_contact":"04 79 59 73 30","telbur_contact":"","fax_contact":"","portable_contact":"","email_contact":"info@sja73.com","siteweb_contact":"http:\/\/www.sja73.com","commentaire_contact":"","langue_contact":"","autre_moyen_com":[]},"51039":{"id_contact":"51039","type_contact":"GEST","categorie_contact":"PRESTATAIRE","societe_contact":"","fonction_contact":"","civilite_nom_prenom_contact":"Office de tourisme Saint Jean d'Arves ","adresse1_contact":"476 route de la Chal","adresse2_contact":"La Chal","adresse3_contact":"","cpostal_contact":"73530","ville_contact":"Saint-Jean-d'Arves","teldom_contact":"04 79 59 73 30","telbur_contact":"","fax_contact":"","portable_contact":"","email_contact":"info@sja73.com","siteweb_contact":"http:\/\/www.sja73.com","commentaire_contact":"","langue_contact":"","autre_moyen_com":[]},"51041":{"id_contact":"51041","type_contact":"GEST","categorie_contact":"PRESTATAIRE","societe_contact":"","fonction_contact":"","civilite_nom_prenom_contact":"Office de tourisme Saint Jean d'Arves ","adresse1_contact":"476 route de la Chal","adresse2_contact":"La Chal","adresse3_contact":"","cpostal_contact":"73530","ville_contact":"Saint-Jean-d'Arves","teldom_contact":"04 79 59 73 30","telbur_contact":"","fax_contact":"","portable_contact":"","email_contact":"info@sja73.com","siteweb_contact":"http:\/\/www.sja73.com","commentaire_contact":"","langue_contact":"","autre_moyen_com":[]},"51043":{"id_contact":"51043","type_contact":"GEST","categorie_contact":"PRESTATAIRE","societe_contact":"","fonction_contact":"","civilite_nom_prenom_contact":"Office de tourisme Saint Jean d'Arves ","adresse1_contact":"476 route de la Chal","adresse2_contact":"La Chal","adresse3_contact":"","cpostal_contact":"73530","ville_contact":"Saint-Jean-d'Arves","teldom_contact":"04 79 59 73 30","telbur_contact":"","fax_contact":"","portable_contact":"","email_contact":"info@sja73.com","siteweb_contact":"http:\/\/www.sja73.com","commentaire_contact":"","langue_contact":"","autre_moyen_com":[]},"51045":{"id_contact":"51045","type_contact":"GEST","categorie_contact":"PRESTATAIRE","societe_contact":"","fonction_contact":"","civilite_nom_prenom_contact":"Office de tourisme Saint Jean d'Arves ","adresse1_contact":"476 route de la Chal","adresse2_contact":"La Chal","adresse3_contact":"","cpostal_contact":"73530","ville_contact":"Saint-Jean-d'Arves","teldom_contact":"04 79 59 73 30","telbur_contact":"","fax_contact":"","portable_contact":"","email_contact":"info@sja73.com","siteweb_contact":"http:\/\/www.sja73.com","commentaire_contact":"","langue_contact":"","autre_moyen_com":[]},"51047":{"id_contact":"51047","type_contact":"GEST","categorie_contact":"PRESTATAIRE","societe_contact":"","fonction_contact":"","civilite_nom_prenom_contact":"Office de tourisme Saint Jean d'Arves ","adresse1_contact":"476 route de la Chal","adresse2_contact":"La Chal","adresse3_contact":"","cpostal_contact":"73530","ville_contact":"Saint-Jean-d'Arves","teldom_contact":"04 79 59 73 30","telbur_contact":"","fax_contact":"","portable_contact":"","email_contact":"info@sja73.com","siteweb_contact":"http:\/\/www.sja73.com","commentaire_contact":"","langue_contact":"","autre_moyen_com":[]},"51049":{"id_contact":"51049","type_contact":"GEST","categorie_contact":"PRESTATAIRE","societe_contact":"","fonction_contact":"","civilite_nom_prenom_contact":"Office de tourisme Saint Jean d'Arves ","adresse1_contact":"476 route de la Chal","adresse2_contact":"La Chal","adresse3_contact":"","cpostal_contact":"73530","ville_contact":"Saint-Jean-d'Arves","teldom_contact":"04 79 59 73 30","telbur_contact":"","fax_contact":"","portable_contact":"","email_contact":"info@sja73.com","siteweb_contact":"http:\/\/www.sja73.com","commentaire_contact":"","langue_contact":"","autre_moyen_com":[]},"51054":{"id_contact":"51054","type_contact":"GEST","categorie_contact":"PRESTATAIRE","societe_contact":"","fonction_contact":"","civilite_nom_prenom_contact":"Office de tourisme Saint Jean d'Arves ","adresse1_contact":"476 route de la Chal","adresse2_contact":"La Chal","adresse3_contact":"","cpostal_contact":"73530","ville_contact":"Saint-Jean-d'Arves","teldom_contact":"04 79 59 73 30","telbur_contact":"","fax_contact":"","portable_contact":"","email_contact":"info@sja73.com","siteweb_contact":"http:\/\/www.sja73.com","commentaire_contact":"","langue_contact":"","autre_moyen_com":[]},"51056":{"id_contact":"51056","type_contact":"GEST","categorie_contact":"PRESTATAIRE","societe_contact":"","fonction_contact":"","civilite_nom_prenom_contact":"Office de tourisme Saint Jean d'Arves ","adresse1_contact":"476 route de la Chal","adresse2_contact":"La Chal","adresse3_contact":"","cpostal_contact":"73530","ville_contact":"Saint-Jean-d'Arves","teldom_contact":"04 79 59 73 30","telbur_contact":"","fax_contact":"","portable_contact":"","email_contact":"info@sja73.com","siteweb_contact":"http:\/\/www.sja73.com","commentaire_contact":"","langue_contact":"","autre_moyen_com":[]},"51058":{"id_contact":"51058","type_contact":"GEST","categorie_contact":"PRESTATAIRE","societe_contact":"","fonction_contact":"","civilite_nom_prenom_contact":"Office de tourisme Saint Jean d'Arves ","adresse1_contact":"476 route de la Chal","adresse2_contact":"La Chal","adresse3_contact":"","cpostal_contact":"73530","ville_contact":"Saint-Jean-d'Arves","teldom_contact":"04 79 59 73 30","telbur_contact":"","fax_contact":"","portable_contact":"","email_contact":"info@sja73.com","siteweb_contact":"http:\/\/www.sja73.com","commentaire_contact":"","langue_contact":"","autre_moyen_com":[]},"51060":{"id_contact":"51060","type_contact":"GEST","categorie_contact":"PRESTATAIRE","societe_contact":"","fonction_contact":"","civilite_nom_prenom_contact":"Office de tourisme Saint Jean d'Arves ","adresse1_contact":"476 route de la Chal","adresse2_contact":"La Chal","adresse3_contact":"","cpostal_contact":"73530","ville_contact":"Saint-Jean-d'Arves","teldom_contact":"04 79 59 73 30","telbur_contact":"","fax_contact":"","portable_contact":"","email_contact":"info@sja73.com","siteweb_contact":"http:\/\/www.sja73.com","commentaire_contact":"","langue_contact":"","autre_moyen_com":[]},"51062":{"id_contact":"51062","type_contact":"GEST","categorie_contact":"PRESTATAIRE","societe_contact":"","fonction_contact":"","civilite_nom_prenom_contact":"Office de tourisme Saint Jean d'Arves ","adresse1_contact":"476 route de la Chal","adresse2_contact":"La Chal","adresse3_contact":"","cpostal_contact":"73530","ville_contact":"Saint-Jean-d'Arves","teldom_contact":"04 79 59 73 30","telbur_contact":"","fax_contact":"","portable_contact":"","email_contact":"info@sja73.com","siteweb_contact":"http:\/\/www.sja73.com","commentaire_contact":"","langue_contact":"","autre_moyen_com":[]},"51067":{"id_contact":"51067","type_contact":"GEST","categorie_contact":"PRESTATAIRE","societe_contact":"","fonction_contact":"","civilite_nom_prenom_contact":"Office de tourisme Saint Jean d'Arves ","adresse1_contact":"476 route de la Chal","adresse2_contact":"La Chal","adresse3_contact":"","cpostal_contact":"73530","ville_contact":"Saint-Jean-d'Arves","teldom_contact":"04 79 59 73 30","telbur_contact":"","fax_contact":"","portable_contact":"","email_contact":"info@sja73.com","siteweb_contact":"http:\/\/www.sja73.com","commentaire_contact":"","langue_contact":"","autre_moyen_com":[]},"51073":{"id_contact":"51073","type_contact":"GEST","categorie_contact":"PRESTATAIRE","societe_contact":"","fonction_contact":"","civilite_nom_prenom_contact":"Office de tourisme Saint Jean d'Arves ","adresse1_contact":"476 route de la Chal","adresse2_contact":"La Chal","adresse3_contact":"","cpostal_contact":"73530","ville_contact":"Saint-Jean-d'Arves","teldom_contact":"04 79 59 73 30","telbur_contact":"","fax_contact":"","portable_contact":"","email_contact":"info@sja73.com","siteweb_contact":"http:\/\/www.sja73.com","commentaire_contact":"","langue_contact":"","autre_moyen_com":[]},"51075":{"id_contact":"51075","type_contact":"GEST","categorie_contact":"PRESTATAIRE","societe_contact":"","fonction_contact":"","civilite_nom_prenom_contact":"Office de tourisme Saint Jean d'Arves ","adresse1_contact":"476 route de la Chal","adresse2_contact":"La Chal","adresse3_contact":"","cpostal_contact":"73530","ville_contact":"Saint-Jean-d'Arves","teldom_contact":"04 79 59 73 30","telbur_contact":"","fax_contact":"","portable_contact":"","email_contact":"info@sja73.com","siteweb_contact":"http:\/\/www.sja73.com","commentaire_contact":"","langue_contact":"","autre_moyen_com":[]},"51077":{"id_contact":"51077","type_contact":"GEST","categorie_contact":"PRESTATAIRE","societe_contact":"","fonction_contact":"","civilite_nom_prenom_contact":"Office de tourisme Saint Jean d'Arves ","adresse1_contact":"476 route de la Chal","adresse2_contact":"La Chal","adresse3_contact":"","cpostal_contact":"73530","ville_contact":"Saint-Jean-d'Arves","teldom_contact":"04 79 59 73 30","telbur_contact":"","fax_contact":"","portable_contact":"","email_contact":"info@sja73.com","siteweb_contact":"http:\/\/www.sja73.com","commentaire_contact":"","langue_contact":"","autre_moyen_com":[]}}},"Libelle":"Office de tourisme Saint Jean d'Arves","Nom":"Office de tourisme Saint Jean d'Arves ","Prenom":"","NomPrenom":"Office de tourisme Saint Jean d'Arves  ","CiviliteNomPrenom":"Office de tourisme Saint Jean d'Arves  ","Cle":"Y|72407","PrestataireParent":"","ContexteStat":"PRESTATAIRE-Y-72407","DateModificationIso":"2025-12-31T11:57:00+01:00","Type":"PRESTATAIRE","TypePrestataire":"Y","Adresse":{"LigneAdresse1":"","LigneAdresse2":"","LigneAdresse3":"","CodePostal":"","Ville":"","Cedex":"","Etat":"","Pays":""},"Email":"info@sja73.com","Telephone":"04 79 59 73 30","TelephoneBureau":"","Portable":"","SiteWeb":"","Fax":"","Id":"y-72407","Code":"Y|72407","Fichier":[],"Url":"","Localisation":{"GoogleMap":{"Latitude":"45.21391","Longitude":"6.26555"}},"ZoneGeo":"","LiensEtWidgetsParType":{"S":[{"Id":"17126","TypePrestataire":"Y","CodePrestataire":"72407","CodePrestation":"","CodeLibelle":"","Type":"S","Url":"https:\/\/www.instagram.com\/saintjeandarves\/","Defaut":"N","Langue":"","Nature":"URL","Import":"SITRA2","LibelleText":"","Theme":""},{"Id":"17127","TypePrestataire":"Y","CodePrestataire":"72407","CodePrestation":"","CodeLibelle":"","Type":"S","Url":"https:\/\/www.youtube.com\/watch?v=p3ANziHzLL0&t=34s&ab_channel=SaintJeand%27Arves-LesSybelles&fbclid=IwAR2iz615E536s5mS2j2RvPGjlnQFxvtHTQYtKvrUm82-HPzb2NJ0eSffs_M","Defaut":"N","Langue":"","Nature":"URL","Import":"SITRA2","LibelleText":"","Theme":""}],"A":[{"Id":"17128","TypePrestataire":"Y","CodePrestataire":"72407","CodePrestation":"","CodeLibelle":"","Type":"A","Url":"https:\/\/www.facebook.com\/saintjeandarves\/","Defaut":"N","Langue":"","Nature":"URL","Import":"SITRA2","LibelleText":"","Theme":""}],"IG":[{"Id":"17129","TypePrestataire":"Y","CodePrestataire":"72407","CodePrestation":"","CodeLibelle":"","Type":"IG","Url":"https:\/\/www.instagram.com\/saintjeandarves\/","Defaut":"N","Langue":"","Nature":"URL","Import":"SITRA2","LibelleText":"","Theme":""}]},"LiensEtWidgets":[{"Id":"17126","TypePrestataire":"Y","CodePrestataire":"72407","CodePrestation":"","CodeLibelle":"","Type":"S","Url":"https:\/\/www.instagram.com\/saintjeandarves\/","Defaut":"N","Langue":"","Nature":"URL","Import":"SITRA2","LibelleText":"","Theme":""},{"Id":"17127","TypePrestataire":"Y","CodePrestataire":"72407","CodePrestation":"","CodeLibelle":"","Type":"S","Url":"https:\/\/www.youtube.com\/watch?v=p3ANziHzLL0&t=34s&ab_channel=SaintJeand%27Arves-LesSybelles&fbclid=IwAR2iz615E536s5mS2j2RvPGjlnQFxvtHTQYtKvrUm82-HPzb2NJ0eSffs_M","Defaut":"N","Langue":"","Nature":"URL","Import":"SITRA2","LibelleText":"","Theme":""},{"Id":"17128","TypePrestataire":"Y","CodePrestataire":"72407","CodePrestation":"","CodeLibelle":"","Type":"A","Url":"https:\/\/www.facebook.com\/saintjeandarves\/","Defaut":"N","Langue":"","Nature":"URL","Import":"SITRA2","LibelleText":"","Theme":""},{"Id":"17129","TypePrestataire":"Y","CodePrestataire":"72407","CodePrestation":"","CodeLibelle":"","Type":"IG","Url":"https:\/\/www.instagram.com\/saintjeandarves\/","Defaut":"N","Langue":"","Nature":"URL","Import":"SITRA2","LibelleText":"","Theme":""}],"Criteres":{"P.environnements[171":"","P.environnements[178":"","P.environnements[193":"","P.3885[4009":"","P.3220[25629":"","P.3233[60439":"","P.3233[908439":"","P.3218[60729":"","P.3219[72808":"","P.3219[126557":"","P.3227[82852":"","P.3230[323078":"","P.3230[5532377":"","P.3230[6328304":"","P.3221[344174":"","P.3221[549303":"","P.3221[596327":"","P.6241[595160":"","P.VilleSitra[30471":"","P.VillageDeDepart[30471":""},"DateFinPublication":"","AffichageCoordonnees":[]},"listeCriteres":{"services":{"687":""},"prestations":{"animauxAcceptes":"","surchargeTourismesAdaptes":"","surchargeDescriptifHandicapMoteur":"","surchargeDescriptifHandicapAuditif":"","surchargeDescriptifHandicapVisuel":"","surchargeDescriptifHandicapMental":"","surchargeNombreFauteuilsRoulants":""},"languesParlees":{"1197":""},"114":{"418":""},"ouverturesComplementaires":{"4188":""},"typesManifestation":{"1958":"","1966":"","1973":"","1974":""},"98":{"2105":""},"6842":{"3717":""},"95":{"3871":""},"103":{"2064":"","2273":"","2284":""},"101":{"2205":"","2292":""},"portee":{"2352":""},"informationsFeteEtManifestation":{"nomLieu":"La Chal"},"CINTSITRA":{"11226":"","11435":""},"3220":{"25629":""},"3233":{"60439":"","908439":""},"3218":{"60729":""},"3219":{"72808":"","126557":""},"3227":{"82852":""},"3230":{"323078":"","5532377":"","6328304":""},"3221":{"344174":"","549303":"","596327":""},"6241":{"595160":""},"VilleSitra":{"30471":""},"VillageDeDepart":{"30471":""},"P.environnements":{"171":"","178":"","193":""},"P.3885":{"4009":""},"P.3220":{"25629":""},"P.3233":{"60439":"","908439":""},"P.3218":{"60729":""},"P.3219":{"72808":"","126557":""},"P.3227":{"82852":""},"P.3230":{"323078":"","5532377":"","6328304":""},"P.3221":{"344174":"","549303":"","596327":""},"P.6241":{"595160":""},"P.VilleSitra":{"30471":""},"P.VillageDeDepart":{"30471":""}},"dansCarnetVoyage":true,"Ouverture":[],"OuverturePasse":[]},"html":" \n \u003Cdiv id=\"CV-PRESTATION-Y-72407-5124473\" data-contexte-id=\"PRESTATION|Y|72407|5124473\" data-cle=\"Y|72407|5124473\" class=\"fiche-liste\"\u003E\n    \n\n    \u003C!-- partie photo --\u003E\n    \u003Cdiv class=\"photo\"\u003E\t\t\t\t\t\t\t\t\t\t\t\t\t\t\t\t\t\t\t\t\t\n        \u003Cdiv class=\"cadre_photo_principale\"\u003E\t\t\n        \n            \t\t\t\t\t\n                    \u003Ca href=\"beaufort-at-the-top.html?origine=carnet#media\"\u003E\n                        \u003Cimg class=\"photo_principale\" alt=\"Rencontre avec des \u00e9leveurs\" src=\"https:\/\/www.sja73.com\/medias\/images\/prestations\/multitailles\/320x240_63048-dscf0388_min.jpg\" itemprop=\"image\"\u003E\n                    \u003C\/a\u003E\t\t\t\t\t\t\n                \n                    \u003C\/div\u003E\t\t\t\t\t\t\t\t\t\t\t\t\t\t\t\t\t\t\t \t\t\n    \u003C\/div\u003E\n    \n    \u003C!-- partie nom prest --\u003E\n    \u003Cdiv class=\"nom\"\u003E\n        \u003Ch2\u003EBeaufort at the top\u003C\/h2\u003E\n        \n            \u003C\/div\u003E\n\n         \n    \u003C!-- partie adresse --\u003E\n    \u003Cdiv class=\"adresse\"\u003E\n    \n          \n    \u003C\/div\u003E\n    \n    \u003C!-- partie liens --\u003E\n    \u003Cdiv class=\"liens\"\u003E\n            \u003Ca class=\"btn-icon btn-view \" title=\"Read more \" href=\"beaufort-at-the-top.html?origine=carnet\"\u003E\u003C\/a\u003E\u003C!--\u003Ca class=\"btn-icon btn-view \" title=\"\" href=\"?origine=carnet#thaut\"\u003E\u003C\/a\u003E--\u003E\n      \u003Ca class=\"btn-icon btn-trash carnet_voyage_supprimer\" title=\"Remove to travel notes \" href=\"carnet-voyage?action=remove&fiche=Y|72407|5124473\"\u003E\u003C\/a\u003E\n    \u003C\/div\u003E\n\n\u003C\/div\u003E\n\n","icon":"https:\/\/static.ingenie.fr\/images\/carnetVoyageV3\/Y.png"},"fiche":"Y|72407|5124473","popup":"\u003Cdiv id=\"bloc_popup_ajout_fiche_carnet\"\u003E\n    \u003Cdiv class=\"info_popup_ajout_fiche_carnet\"\u003E\n        You have added this item to your travel notes :    \u003C\/div\u003E\n    \u003Cdiv class=\"prest_popup_ajout_fiche_carnet\"\u003E\n        Beaufort at the top    \u003C\/div\u003E\n    \u003Cdiv class=\"bloc_btn_ajout_fiche_carnet form_submit_div\"\u003E\n        \u003Cinput type=\"button\" value=\"Continue \" title=\"Continue \" name=\"btn_close\" class=\"btn_close_popup_carnet form_submit\" onclick=\"$.colorbox.close()\" \/\u003E\n        \u003Cinput type=\"button\" value=\"View my travel notes \" title=\"View my travel notes \" name=\"btn_panier\" class=\"btn_panier_popup_carnet form_submit\" onclick=\"if(typeof CarnetVoyage != 'undefined') {CarnetVoyage.voirCarnet();}\" \/\u003E\n    \u003C\/div\u003E\n    \u003Cdiv class=\"bloc_btn_ajout_fiche_carnet\"\u003E\n        \u003Cinput type=\"checkbox\" value=\"1\" name=\"desactiver_popup\" id=\"desactiver_popup\" \/\u003E\n        \u003Clabel for=\"desactiver_popup\"\u003EDo not show this message again \u003C\/label\u003E\n    \u003C\/div\u003E\n\u003C\/div\u003E","success":1}